{"id":69380,"date":"2025-11-26T08:15:57","date_gmt":"2025-11-26T10:12:38","guid":{"rendered":"https:\/\/dev.invicta.wp19.axome.cc\/produit\/estufa-de-pellets-nola-7-roja\/"},"modified":"2025-11-26T12:12:49","modified_gmt":"2025-11-26T11:12:49","slug":"estufa-pellets-nola-7-rojo","status":"publish","type":"product","link":"https:\/\/dev.invicta.wp19.axome.cc\/es\/produit\/estufa-pellets-nola-7-rojo\/","title":{"rendered":"Estufa de pellets Nola 7 roja"},"content":{"rendered":"","protected":false},"excerpt":{"rendered":"<p>En rojo, Nola 7 aporta un toque c\u00e1lido y din\u00e1mico a su hogar. De altas prestaciones y moderno, te permite programar f\u00e1cilmente tu confort t\u00e9rmico diario.<\/p>\n","protected":false},"featured_media":67962,"template":"","meta":{"_acf_changed":false},"product_brand":[],"product_cat":[2293,3057,2321,6451,6448,6456,6450,6506],"product_tag":[2301,2303,2317,6391,7048,6833],"plus_produit":[3155,6841,6553,2309,2312,2294,2296,2633],"class_list":{"1":"product","4":"has-post-thumbnail","6":"product_cat-ayuda-en-la-eleccion","7":"product_cat-estufas-de-pellets-es","8":"product_cat-estufas-de-pellets","9":"product_cat-estufas-de-pellet-autonomas","10":"product_cat-estufas-de-pellets-programables","11":"product_cat-estufas-de-pellets-contemporaneas","12":"product_cat-estufas-de-pellets-modernas","13":"product_cat-estufas-de-pellets-rojas","14":"product_tag-flamme-verte-7","15":"product_tag-eco-design-2022-es","16":"product_tag-ecoetiqueta-a","17":"product_tag-wi-fi-option","18":"product_tag-y-garantia-de-3-anos","19":"product_tag-y-garantie-extension-1an-esp","20":"pa_capacite-de-la-tremie-165-kg","21":"pa_consommation-0-67-1-68-2","22":"pa_depart-des-fumees-detras","23":"pa_indice-de-performance-123-es","24":"pa_surface-de-chauffe-de-25-a-85-m","25":"pa_volume-de-chauffe-de-65-a-210-m3","26":"plus_produit-control-remoto-suministrado-con-la-estufa","27":"plus_produit-extension-de-garantie-1-an-esp","28":"plus_produit-kit-wifi-opcional","29":"plus_produit-posibilidad-de-control-por-termostato-externo-no-incluido","30":"plus_produit-programacion-horaria","31":"plus_produit-regulacion-de-la-potencia-o-la-temperatura-ambiente","32":"plus_produit-salida-de-aire-caliente-por-ventilador","33":"plus_produit-stand-by-espera","35":"first","36":"instock","37":"purchasable","38":"product-type-simple"},"acf":[],"yoast_head":"<!-- This site is optimized with the Yoast SEO plugin v24.7 - https:\/\/yoast.com\/wordpress\/plugins\/seo\/ -->\n<title>Estufa de pellets Nola 7 roja - Invicta<\/title>\n<meta name=\"description\" content=\"En rojo, Nola 7 aporta un toque c\u00e1lido y din\u00e1mico a su hogar. De altas prestaciones y moderno, te permite programar f\u00e1cilmente tu confort t\u00e9rmico diario.\" \/>\n<meta name=\"robots\" content=\"index, follow, max-snippet:-1, max-image-preview:large, max-video-preview:-1\" \/>\n<link rel=\"canonical\" href=\"https:\/\/dev.invicta.wp19.axome.cc\/es\/produit\/estufa-pellets-nola-7-rojo\/\" \/>\n<meta property=\"og:locale\" content=\"es_ES\" \/>\n<meta property=\"og:type\" content=\"article\" \/>\n<meta property=\"og:title\" content=\"Estufa de pellets Nola 7 roja - Invicta\" \/>\n<meta property=\"og:description\" content=\"En rojo, Nola 7 aporta un toque c\u00e1lido y din\u00e1mico a su hogar. De altas prestaciones y moderno, te permite programar f\u00e1cilmente tu confort t\u00e9rmico diario.\" \/>\n<meta property=\"og:url\" content=\"https:\/\/dev.invicta.wp19.axome.cc\/es\/produit\/estufa-pellets-nola-7-rojo\/\" \/>\n<meta property=\"og:site_name\" content=\"Invicta\" \/>\n<meta property=\"article:modified_time\" content=\"2025-11-26T11:12:49+00:00\" \/>\n<meta property=\"og:image\" content=\"https:\/\/dev.invicta.wp19.axome.cc\/wp-content\/uploads\/2025\/06\/Nola-rouge-641877-feu-e1567696847786.jpg\" \/>\n\t<meta property=\"og:image:width\" content=\"546\" \/>\n\t<meta property=\"og:image:height\" content=\"857\" \/>\n\t<meta property=\"og:image:type\" content=\"image\/jpeg\" \/>\n<meta name=\"twitter:card\" content=\"summary_large_image\" \/>\n<script type=\"application\/ld+json\" class=\"yoast-schema-graph\">{\"@context\":\"https:\/\/schema.org\",\"@graph\":[{\"@type\":\"WebPage\",\"@id\":\"https:\/\/dev.invicta.wp19.axome.cc\/es\/produit\/estufa-pellets-nola-7-rojo\/\",\"url\":\"https:\/\/dev.invicta.wp19.axome.cc\/es\/produit\/estufa-pellets-nola-7-rojo\/\",\"name\":\"Estufa de pellets Nola 7 roja - Invicta\",\"isPartOf\":{\"@id\":\"https:\/\/dev.invicta.wp19.axome.cc\/es\/#website\"},\"primaryImageOfPage\":{\"@id\":\"https:\/\/dev.invicta.wp19.axome.cc\/es\/produit\/estufa-pellets-nola-7-rojo\/#primaryimage\"},\"image\":{\"@id\":\"https:\/\/dev.invicta.wp19.axome.cc\/es\/produit\/estufa-pellets-nola-7-rojo\/#primaryimage\"},\"thumbnailUrl\":\"https:\/\/dev.invicta.wp19.axome.cc\/wp-content\/uploads\/2025\/06\/Nola-rouge-641877-feu-e1567696847786.jpg\",\"datePublished\":\"2025-11-26T10:12:38+00:00\",\"dateModified\":\"2025-11-26T11:12:49+00:00\",\"description\":\"En rojo, Nola 7 aporta un toque c\u00e1lido y din\u00e1mico a su hogar. De altas prestaciones y moderno, te permite programar f\u00e1cilmente tu confort t\u00e9rmico diario.\",\"breadcrumb\":{\"@id\":\"https:\/\/dev.invicta.wp19.axome.cc\/es\/produit\/estufa-pellets-nola-7-rojo\/#breadcrumb\"},\"inLanguage\":\"es\",\"potentialAction\":[{\"@type\":\"ReadAction\",\"target\":[\"https:\/\/dev.invicta.wp19.axome.cc\/es\/produit\/estufa-pellets-nola-7-rojo\/\"]}]},{\"@type\":\"ImageObject\",\"inLanguage\":\"es\",\"@id\":\"https:\/\/dev.invicta.wp19.axome.cc\/es\/produit\/estufa-pellets-nola-7-rojo\/#primaryimage\",\"url\":\"https:\/\/dev.invicta.wp19.axome.cc\/wp-content\/uploads\/2025\/06\/Nola-rouge-641877-feu-e1567696847786.jpg\",\"contentUrl\":\"https:\/\/dev.invicta.wp19.axome.cc\/wp-content\/uploads\/2025\/06\/Nola-rouge-641877-feu-e1567696847786.jpg\",\"width\":546,\"height\":857,\"caption\":\"Po\u00eale \u00e0 Granul\u00e9s Nola 7 rouge - Po\u00eale \u00e0 Pellets\"},{\"@type\":\"BreadcrumbList\",\"@id\":\"https:\/\/dev.invicta.wp19.axome.cc\/es\/produit\/estufa-pellets-nola-7-rojo\/#breadcrumb\",\"itemListElement\":[{\"@type\":\"ListItem\",\"position\":1,\"name\":\"Inicio\",\"item\":\"https:\/\/dev.invicta.wp19.axome.cc\/es\/\"},{\"@type\":\"ListItem\",\"position\":2,\"name\":\"Productos\",\"item\":\"https:\/\/dev.invicta.wp19.axome.cc\/es\/shop\/\"},{\"@type\":\"ListItem\",\"position\":3,\"name\":\"Estufas de pellets\",\"item\":\"https:\/\/dev.invicta.wp19.axome.cc\/es\/categorie-produit\/estufas-de-pellets-es\/\"},{\"@type\":\"ListItem\",\"position\":4,\"name\":\"Estufas de pellets\",\"item\":\"https:\/\/dev.invicta.wp19.axome.cc\/es\/categorie-produit\/estufas-de-pellets-es\/estufas-de-pellets\/\"},{\"@type\":\"ListItem\",\"position\":5,\"name\":\"Estufa de pellets Nola 7 roja\"}]},{\"@type\":\"WebSite\",\"@id\":\"https:\/\/dev.invicta.wp19.axome.cc\/es\/#website\",\"url\":\"https:\/\/dev.invicta.wp19.axome.cc\/es\/\",\"name\":\"Invicta\",\"description\":\"Fabricant fran\u00e7ais, sp\u00e9cialiste europ\u00e9en du chauffage au bois : po\u00eales \u00e0 bois et \u00e0 granul\u00e9s, chemin\u00e9es, foyers et inserts\",\"publisher\":{\"@id\":\"https:\/\/dev.invicta.wp19.axome.cc\/es\/#organization\"},\"potentialAction\":[{\"@type\":\"SearchAction\",\"target\":{\"@type\":\"EntryPoint\",\"urlTemplate\":\"https:\/\/dev.invicta.wp19.axome.cc\/es\/?s={search_term_string}\"},\"query-input\":{\"@type\":\"PropertyValueSpecification\",\"valueRequired\":true,\"valueName\":\"search_term_string\"}}],\"inLanguage\":\"es\"},{\"@type\":\"Organization\",\"@id\":\"https:\/\/dev.invicta.wp19.axome.cc\/es\/#organization\",\"name\":\"Invicta\",\"url\":\"https:\/\/dev.invicta.wp19.axome.cc\/es\/\",\"logo\":{\"@type\":\"ImageObject\",\"inLanguage\":\"es\",\"@id\":\"https:\/\/dev.invicta.wp19.axome.cc\/es\/#\/schema\/logo\/image\/\",\"url\":\"https:\/\/www.invicta.fr\/wp-content\/uploads\/2019\/06\/INVICTALOGO_RVB.png\",\"contentUrl\":\"https:\/\/www.invicta.fr\/wp-content\/uploads\/2019\/06\/INVICTALOGO_RVB.png\",\"width\":1810,\"height\":1280,\"caption\":\"Invicta\"},\"image\":{\"@id\":\"https:\/\/dev.invicta.wp19.axome.cc\/es\/#\/schema\/logo\/image\/\"}}]}<\/script>\n<!-- \/ Yoast SEO plugin. -->","yoast_head_json":{"title":"Estufa de pellets Nola 7 roja - Invicta","description":"En rojo, Nola 7 aporta un toque c\u00e1lido y din\u00e1mico a su hogar. De altas prestaciones y moderno, te permite programar f\u00e1cilmente tu confort t\u00e9rmico diario.","robots":{"index":"index","follow":"follow","max-snippet":"max-snippet:-1","max-image-preview":"max-image-preview:large","max-video-preview":"max-video-preview:-1"},"canonical":"https:\/\/dev.invicta.wp19.axome.cc\/es\/produit\/estufa-pellets-nola-7-rojo\/","og_locale":"es_ES","og_type":"article","og_title":"Estufa de pellets Nola 7 roja - Invicta","og_description":"En rojo, Nola 7 aporta un toque c\u00e1lido y din\u00e1mico a su hogar. De altas prestaciones y moderno, te permite programar f\u00e1cilmente tu confort t\u00e9rmico diario.","og_url":"https:\/\/dev.invicta.wp19.axome.cc\/es\/produit\/estufa-pellets-nola-7-rojo\/","og_site_name":"Invicta","article_modified_time":"2025-11-26T11:12:49+00:00","og_image":[{"width":546,"height":857,"url":"https:\/\/dev.invicta.wp19.axome.cc\/wp-content\/uploads\/2025\/06\/Nola-rouge-641877-feu-e1567696847786.jpg","type":"image\/jpeg"}],"twitter_card":"summary_large_image","schema":{"@context":"https:\/\/schema.org","@graph":[{"@type":"WebPage","@id":"https:\/\/dev.invicta.wp19.axome.cc\/es\/produit\/estufa-pellets-nola-7-rojo\/","url":"https:\/\/dev.invicta.wp19.axome.cc\/es\/produit\/estufa-pellets-nola-7-rojo\/","name":"Estufa de pellets Nola 7 roja - Invicta","isPartOf":{"@id":"https:\/\/dev.invicta.wp19.axome.cc\/es\/#website"},"primaryImageOfPage":{"@id":"https:\/\/dev.invicta.wp19.axome.cc\/es\/produit\/estufa-pellets-nola-7-rojo\/#primaryimage"},"image":{"@id":"https:\/\/dev.invicta.wp19.axome.cc\/es\/produit\/estufa-pellets-nola-7-rojo\/#primaryimage"},"thumbnailUrl":"https:\/\/dev.invicta.wp19.axome.cc\/wp-content\/uploads\/2025\/06\/Nola-rouge-641877-feu-e1567696847786.jpg","datePublished":"2025-11-26T10:12:38+00:00","dateModified":"2025-11-26T11:12:49+00:00","description":"En rojo, Nola 7 aporta un toque c\u00e1lido y din\u00e1mico a su hogar. De altas prestaciones y moderno, te permite programar f\u00e1cilmente tu confort t\u00e9rmico diario.","breadcrumb":{"@id":"https:\/\/dev.invicta.wp19.axome.cc\/es\/produit\/estufa-pellets-nola-7-rojo\/#breadcrumb"},"inLanguage":"es","potentialAction":[{"@type":"ReadAction","target":["https:\/\/dev.invicta.wp19.axome.cc\/es\/produit\/estufa-pellets-nola-7-rojo\/"]}]},{"@type":"ImageObject","inLanguage":"es","@id":"https:\/\/dev.invicta.wp19.axome.cc\/es\/produit\/estufa-pellets-nola-7-rojo\/#primaryimage","url":"https:\/\/dev.invicta.wp19.axome.cc\/wp-content\/uploads\/2025\/06\/Nola-rouge-641877-feu-e1567696847786.jpg","contentUrl":"https:\/\/dev.invicta.wp19.axome.cc\/wp-content\/uploads\/2025\/06\/Nola-rouge-641877-feu-e1567696847786.jpg","width":546,"height":857,"caption":"Po\u00eale \u00e0 Granul\u00e9s Nola 7 rouge - Po\u00eale \u00e0 Pellets"},{"@type":"BreadcrumbList","@id":"https:\/\/dev.invicta.wp19.axome.cc\/es\/produit\/estufa-pellets-nola-7-rojo\/#breadcrumb","itemListElement":[{"@type":"ListItem","position":1,"name":"Inicio","item":"https:\/\/dev.invicta.wp19.axome.cc\/es\/"},{"@type":"ListItem","position":2,"name":"Productos","item":"https:\/\/dev.invicta.wp19.axome.cc\/es\/shop\/"},{"@type":"ListItem","position":3,"name":"Estufas de pellets","item":"https:\/\/dev.invicta.wp19.axome.cc\/es\/categorie-produit\/estufas-de-pellets-es\/"},{"@type":"ListItem","position":4,"name":"Estufas de pellets","item":"https:\/\/dev.invicta.wp19.axome.cc\/es\/categorie-produit\/estufas-de-pellets-es\/estufas-de-pellets\/"},{"@type":"ListItem","position":5,"name":"Estufa de pellets Nola 7 roja"}]},{"@type":"WebSite","@id":"https:\/\/dev.invicta.wp19.axome.cc\/es\/#website","url":"https:\/\/dev.invicta.wp19.axome.cc\/es\/","name":"Invicta","description":"Fabricant fran\u00e7ais, sp\u00e9cialiste europ\u00e9en du chauffage au bois : po\u00eales \u00e0 bois et \u00e0 granul\u00e9s, chemin\u00e9es, foyers et inserts","publisher":{"@id":"https:\/\/dev.invicta.wp19.axome.cc\/es\/#organization"},"potentialAction":[{"@type":"SearchAction","target":{"@type":"EntryPoint","urlTemplate":"https:\/\/dev.invicta.wp19.axome.cc\/es\/?s={search_term_string}"},"query-input":{"@type":"PropertyValueSpecification","valueRequired":true,"valueName":"search_term_string"}}],"inLanguage":"es"},{"@type":"Organization","@id":"https:\/\/dev.invicta.wp19.axome.cc\/es\/#organization","name":"Invicta","url":"https:\/\/dev.invicta.wp19.axome.cc\/es\/","logo":{"@type":"ImageObject","inLanguage":"es","@id":"https:\/\/dev.invicta.wp19.axome.cc\/es\/#\/schema\/logo\/image\/","url":"https:\/\/www.invicta.fr\/wp-content\/uploads\/2019\/06\/INVICTALOGO_RVB.png","contentUrl":"https:\/\/www.invicta.fr\/wp-content\/uploads\/2019\/06\/INVICTALOGO_RVB.png","width":1810,"height":1280,"caption":"Invicta"},"image":{"@id":"https:\/\/dev.invicta.wp19.axome.cc\/es\/#\/schema\/logo\/image\/"}}]}},"_links":{"self":[{"href":"https:\/\/dev.invicta.wp19.axome.cc\/es\/wp-json\/wp\/v2\/product\/69380","targetHints":{"allow":["GET"]}}],"collection":[{"href":"https:\/\/dev.invicta.wp19.axome.cc\/es\/wp-json\/wp\/v2\/product"}],"about":[{"href":"https:\/\/dev.invicta.wp19.axome.cc\/es\/wp-json\/wp\/v2\/types\/product"}],"wp:featuredmedia":[{"embeddable":true,"href":"https:\/\/dev.invicta.wp19.axome.cc\/es\/wp-json\/wp\/v2\/media\/67962"}],"wp:attachment":[{"href":"https:\/\/dev.invicta.wp19.axome.cc\/es\/wp-json\/wp\/v2\/media?parent=69380"}],"wp:term":[{"taxonomy":"product_brand","embeddable":true,"href":"https:\/\/dev.invicta.wp19.axome.cc\/es\/wp-json\/wp\/v2\/product_brand?post=69380"},{"taxonomy":"product_cat","embeddable":true,"href":"https:\/\/dev.invicta.wp19.axome.cc\/es\/wp-json\/wp\/v2\/product_cat?post=69380"},{"taxonomy":"product_tag","embeddable":true,"href":"https:\/\/dev.invicta.wp19.axome.cc\/es\/wp-json\/wp\/v2\/product_tag?post=69380"},{"taxonomy":"plus_produit","embeddable":true,"href":"https:\/\/dev.invicta.wp19.axome.cc\/es\/wp-json\/wp\/v2\/plus_produit?post=69380"}],"curies":[{"name":"wp","href":"https:\/\/api.w.org\/{rel}","templated":true}]}}