{"id":69494,"date":"2025-11-26T08:17:56","date_gmt":"2025-11-26T10:14:43","guid":{"rendered":"https:\/\/dev.invicta.wp19.axome.cc\/produit\/estufa-de-pellets-adrano-7-negra\/"},"modified":"2025-11-26T12:14:46","modified_gmt":"2025-11-26T11:14:46","slug":"estufa-pellets-adrano-7-negro","status":"publish","type":"product","link":"https:\/\/dev.invicta.wp19.axome.cc\/es\/produit\/estufa-pellets-adrano-7-negro\/","title":{"rendered":"Estufa de pellets Adrano 7 negra"},"content":{"rendered":"","protected":false},"excerpt":{"rendered":"<p>B\u00e1sica, sencilla. Con Adrano tiene las bases de una calefacci\u00f3n de pellets con buen rendimiento.<\/p>\n","protected":false},"featured_media":68626,"template":"","meta":{"_acf_changed":false},"product_brand":[],"product_cat":[2293,3057,2321,6451,6448,6456,6450,6676],"product_tag":[2303,2317,6391,7048,6833],"plus_produit":[6841,2524,6553,2309,2312,2294,2296,2633],"class_list":{"1":"product","4":"has-post-thumbnail","6":"product_cat-ayuda-en-la-eleccion","7":"product_cat-estufas-de-pellets-es","8":"product_cat-estufas-de-pellets","9":"product_cat-estufas-de-pellet-autonomas","10":"product_cat-estufas-de-pellets-programables","11":"product_cat-estufas-de-pellets-contemporaneas","12":"product_cat-estufas-de-pellets-modernas","13":"product_cat-pequenas-estufas-de-pellets","14":"product_tag-eco-design-2022-es","15":"product_tag-ecoetiqueta-a","16":"product_tag-wi-fi-option","17":"product_tag-y-garantia-de-3-anos","18":"product_tag-y-garantie-extension-1an-esp","19":"pa_autonomie-minimum-8-5-horas","20":"pa_capacite-de-la-tremie-15-kg-es","21":"pa_consommation-0-69-1-69-3","22":"pa_depart-des-fumees-detras","23":"pa_indice-de-performance-124-es","24":"pa_modulation-de-puissance-31-a-73-kw-es","25":"pa_surface-de-chauffe-de-25-a-85-m","26":"pa_volume-de-chauffe-de-65-a-210-m3","27":"plus_produit-extension-de-garantie-1-an-esp","28":"plus_produit-ideal-para-presupuestos-ajustados","29":"plus_produit-kit-wifi-opcional","30":"plus_produit-posibilidad-de-control-por-termostato-externo-no-incluido","31":"plus_produit-programacion-horaria","32":"plus_produit-regulacion-de-la-potencia-o-la-temperatura-ambiente","33":"plus_produit-salida-de-aire-caliente-por-ventilador","34":"plus_produit-stand-by-espera","36":"first","37":"instock","38":"purchasable","39":"product-type-simple"},"acf":[],"yoast_head":"<!-- This site is optimized with the Yoast SEO plugin v24.7 - https:\/\/yoast.com\/wordpress\/plugins\/seo\/ -->\n<title>Estufa de pellets Adrano 7 negra - Invicta<\/title>\n<meta name=\"description\" content=\"B\u00e1sica, sencilla. Con Adrano tiene las bases de una calefacci\u00f3n de pellets con buen rendimiento.\" \/>\n<meta name=\"robots\" content=\"index, follow, max-snippet:-1, max-image-preview:large, max-video-preview:-1\" \/>\n<link rel=\"canonical\" href=\"https:\/\/dev.invicta.wp19.axome.cc\/es\/produit\/estufa-pellets-adrano-7-negro\/\" \/>\n<meta property=\"og:locale\" content=\"es_ES\" \/>\n<meta property=\"og:type\" content=\"article\" \/>\n<meta property=\"og:title\" content=\"Estufa de pellets Adrano 7 negra - Invicta\" \/>\n<meta property=\"og:description\" content=\"B\u00e1sica, sencilla. Con Adrano tiene las bases de una calefacci\u00f3n de pellets con buen rendimiento.\" \/>\n<meta property=\"og:url\" content=\"https:\/\/dev.invicta.wp19.axome.cc\/es\/produit\/estufa-pellets-adrano-7-negro\/\" \/>\n<meta property=\"og:site_name\" content=\"Invicta\" \/>\n<meta property=\"article:modified_time\" content=\"2025-11-26T11:14:46+00:00\" \/>\n<meta property=\"og:image\" content=\"https:\/\/dev.invicta.wp19.axome.cc\/wp-content\/uploads\/2025\/06\/C-ADRANO7-NOIR-web.jpg\" \/>\n\t<meta property=\"og:image:width\" content=\"980\" \/>\n\t<meta property=\"og:image:height\" content=\"980\" \/>\n\t<meta property=\"og:image:type\" content=\"image\/jpeg\" \/>\n<meta name=\"twitter:card\" content=\"summary_large_image\" \/>\n<script type=\"application\/ld+json\" class=\"yoast-schema-graph\">{\"@context\":\"https:\/\/schema.org\",\"@graph\":[{\"@type\":\"WebPage\",\"@id\":\"https:\/\/dev.invicta.wp19.axome.cc\/es\/produit\/estufa-pellets-adrano-7-negro\/\",\"url\":\"https:\/\/dev.invicta.wp19.axome.cc\/es\/produit\/estufa-pellets-adrano-7-negro\/\",\"name\":\"Estufa de pellets Adrano 7 negra - Invicta\",\"isPartOf\":{\"@id\":\"https:\/\/dev.invicta.wp19.axome.cc\/es\/#website\"},\"primaryImageOfPage\":{\"@id\":\"https:\/\/dev.invicta.wp19.axome.cc\/es\/produit\/estufa-pellets-adrano-7-negro\/#primaryimage\"},\"image\":{\"@id\":\"https:\/\/dev.invicta.wp19.axome.cc\/es\/produit\/estufa-pellets-adrano-7-negro\/#primaryimage\"},\"thumbnailUrl\":\"https:\/\/dev.invicta.wp19.axome.cc\/wp-content\/uploads\/2025\/06\/C-ADRANO7-NOIR-web.jpg\",\"datePublished\":\"2025-11-26T10:14:43+00:00\",\"dateModified\":\"2025-11-26T11:14:46+00:00\",\"description\":\"B\u00e1sica, sencilla. Con Adrano tiene las bases de una calefacci\u00f3n de pellets con buen rendimiento.\",\"breadcrumb\":{\"@id\":\"https:\/\/dev.invicta.wp19.axome.cc\/es\/produit\/estufa-pellets-adrano-7-negro\/#breadcrumb\"},\"inLanguage\":\"es\",\"potentialAction\":[{\"@type\":\"ReadAction\",\"target\":[\"https:\/\/dev.invicta.wp19.axome.cc\/es\/produit\/estufa-pellets-adrano-7-negro\/\"]}]},{\"@type\":\"ImageObject\",\"inLanguage\":\"es\",\"@id\":\"https:\/\/dev.invicta.wp19.axome.cc\/es\/produit\/estufa-pellets-adrano-7-negro\/#primaryimage\",\"url\":\"https:\/\/dev.invicta.wp19.axome.cc\/wp-content\/uploads\/2025\/06\/C-ADRANO7-NOIR-web.jpg\",\"contentUrl\":\"https:\/\/dev.invicta.wp19.axome.cc\/wp-content\/uploads\/2025\/06\/C-ADRANO7-NOIR-web.jpg\",\"width\":980,\"height\":980,\"caption\":\"Po\u00eale \u00e0 granul\u00e9s Adrano 7 noir\"},{\"@type\":\"BreadcrumbList\",\"@id\":\"https:\/\/dev.invicta.wp19.axome.cc\/es\/produit\/estufa-pellets-adrano-7-negro\/#breadcrumb\",\"itemListElement\":[{\"@type\":\"ListItem\",\"position\":1,\"name\":\"Inicio\",\"item\":\"https:\/\/dev.invicta.wp19.axome.cc\/es\/\"},{\"@type\":\"ListItem\",\"position\":2,\"name\":\"Productos\",\"item\":\"https:\/\/dev.invicta.wp19.axome.cc\/es\/shop\/\"},{\"@type\":\"ListItem\",\"position\":3,\"name\":\"Estufas de pellets\",\"item\":\"https:\/\/dev.invicta.wp19.axome.cc\/es\/categorie-produit\/estufas-de-pellets-es\/\"},{\"@type\":\"ListItem\",\"position\":4,\"name\":\"Estufas de pellets\",\"item\":\"https:\/\/dev.invicta.wp19.axome.cc\/es\/categorie-produit\/estufas-de-pellets-es\/estufas-de-pellets\/\"},{\"@type\":\"ListItem\",\"position\":5,\"name\":\"Estufa de pellets Adrano 7 negra\"}]},{\"@type\":\"WebSite\",\"@id\":\"https:\/\/dev.invicta.wp19.axome.cc\/es\/#website\",\"url\":\"https:\/\/dev.invicta.wp19.axome.cc\/es\/\",\"name\":\"Invicta\",\"description\":\"Fabricant fran\u00e7ais, sp\u00e9cialiste europ\u00e9en du chauffage au bois : po\u00eales \u00e0 bois et \u00e0 granul\u00e9s, chemin\u00e9es, foyers et inserts\",\"publisher\":{\"@id\":\"https:\/\/dev.invicta.wp19.axome.cc\/es\/#organization\"},\"potentialAction\":[{\"@type\":\"SearchAction\",\"target\":{\"@type\":\"EntryPoint\",\"urlTemplate\":\"https:\/\/dev.invicta.wp19.axome.cc\/es\/?s={search_term_string}\"},\"query-input\":{\"@type\":\"PropertyValueSpecification\",\"valueRequired\":true,\"valueName\":\"search_term_string\"}}],\"inLanguage\":\"es\"},{\"@type\":\"Organization\",\"@id\":\"https:\/\/dev.invicta.wp19.axome.cc\/es\/#organization\",\"name\":\"Invicta\",\"url\":\"https:\/\/dev.invicta.wp19.axome.cc\/es\/\",\"logo\":{\"@type\":\"ImageObject\",\"inLanguage\":\"es\",\"@id\":\"https:\/\/dev.invicta.wp19.axome.cc\/es\/#\/schema\/logo\/image\/\",\"url\":\"https:\/\/www.invicta.fr\/wp-content\/uploads\/2019\/06\/INVICTALOGO_RVB.png\",\"contentUrl\":\"https:\/\/www.invicta.fr\/wp-content\/uploads\/2019\/06\/INVICTALOGO_RVB.png\",\"width\":1810,\"height\":1280,\"caption\":\"Invicta\"},\"image\":{\"@id\":\"https:\/\/dev.invicta.wp19.axome.cc\/es\/#\/schema\/logo\/image\/\"}}]}<\/script>\n<!-- \/ Yoast SEO plugin. -->","yoast_head_json":{"title":"Estufa de pellets Adrano 7 negra - Invicta","description":"B\u00e1sica, sencilla. Con Adrano tiene las bases de una calefacci\u00f3n de pellets con buen rendimiento.","robots":{"index":"index","follow":"follow","max-snippet":"max-snippet:-1","max-image-preview":"max-image-preview:large","max-video-preview":"max-video-preview:-1"},"canonical":"https:\/\/dev.invicta.wp19.axome.cc\/es\/produit\/estufa-pellets-adrano-7-negro\/","og_locale":"es_ES","og_type":"article","og_title":"Estufa de pellets Adrano 7 negra - Invicta","og_description":"B\u00e1sica, sencilla. Con Adrano tiene las bases de una calefacci\u00f3n de pellets con buen rendimiento.","og_url":"https:\/\/dev.invicta.wp19.axome.cc\/es\/produit\/estufa-pellets-adrano-7-negro\/","og_site_name":"Invicta","article_modified_time":"2025-11-26T11:14:46+00:00","og_image":[{"width":980,"height":980,"url":"https:\/\/dev.invicta.wp19.axome.cc\/wp-content\/uploads\/2025\/06\/C-ADRANO7-NOIR-web.jpg","type":"image\/jpeg"}],"twitter_card":"summary_large_image","schema":{"@context":"https:\/\/schema.org","@graph":[{"@type":"WebPage","@id":"https:\/\/dev.invicta.wp19.axome.cc\/es\/produit\/estufa-pellets-adrano-7-negro\/","url":"https:\/\/dev.invicta.wp19.axome.cc\/es\/produit\/estufa-pellets-adrano-7-negro\/","name":"Estufa de pellets Adrano 7 negra - Invicta","isPartOf":{"@id":"https:\/\/dev.invicta.wp19.axome.cc\/es\/#website"},"primaryImageOfPage":{"@id":"https:\/\/dev.invicta.wp19.axome.cc\/es\/produit\/estufa-pellets-adrano-7-negro\/#primaryimage"},"image":{"@id":"https:\/\/dev.invicta.wp19.axome.cc\/es\/produit\/estufa-pellets-adrano-7-negro\/#primaryimage"},"thumbnailUrl":"https:\/\/dev.invicta.wp19.axome.cc\/wp-content\/uploads\/2025\/06\/C-ADRANO7-NOIR-web.jpg","datePublished":"2025-11-26T10:14:43+00:00","dateModified":"2025-11-26T11:14:46+00:00","description":"B\u00e1sica, sencilla. Con Adrano tiene las bases de una calefacci\u00f3n de pellets con buen rendimiento.","breadcrumb":{"@id":"https:\/\/dev.invicta.wp19.axome.cc\/es\/produit\/estufa-pellets-adrano-7-negro\/#breadcrumb"},"inLanguage":"es","potentialAction":[{"@type":"ReadAction","target":["https:\/\/dev.invicta.wp19.axome.cc\/es\/produit\/estufa-pellets-adrano-7-negro\/"]}]},{"@type":"ImageObject","inLanguage":"es","@id":"https:\/\/dev.invicta.wp19.axome.cc\/es\/produit\/estufa-pellets-adrano-7-negro\/#primaryimage","url":"https:\/\/dev.invicta.wp19.axome.cc\/wp-content\/uploads\/2025\/06\/C-ADRANO7-NOIR-web.jpg","contentUrl":"https:\/\/dev.invicta.wp19.axome.cc\/wp-content\/uploads\/2025\/06\/C-ADRANO7-NOIR-web.jpg","width":980,"height":980,"caption":"Po\u00eale \u00e0 granul\u00e9s Adrano 7 noir"},{"@type":"BreadcrumbList","@id":"https:\/\/dev.invicta.wp19.axome.cc\/es\/produit\/estufa-pellets-adrano-7-negro\/#breadcrumb","itemListElement":[{"@type":"ListItem","position":1,"name":"Inicio","item":"https:\/\/dev.invicta.wp19.axome.cc\/es\/"},{"@type":"ListItem","position":2,"name":"Productos","item":"https:\/\/dev.invicta.wp19.axome.cc\/es\/shop\/"},{"@type":"ListItem","position":3,"name":"Estufas de pellets","item":"https:\/\/dev.invicta.wp19.axome.cc\/es\/categorie-produit\/estufas-de-pellets-es\/"},{"@type":"ListItem","position":4,"name":"Estufas de pellets","item":"https:\/\/dev.invicta.wp19.axome.cc\/es\/categorie-produit\/estufas-de-pellets-es\/estufas-de-pellets\/"},{"@type":"ListItem","position":5,"name":"Estufa de pellets Adrano 7 negra"}]},{"@type":"WebSite","@id":"https:\/\/dev.invicta.wp19.axome.cc\/es\/#website","url":"https:\/\/dev.invicta.wp19.axome.cc\/es\/","name":"Invicta","description":"Fabricant fran\u00e7ais, sp\u00e9cialiste europ\u00e9en du chauffage au bois : po\u00eales \u00e0 bois et \u00e0 granul\u00e9s, chemin\u00e9es, foyers et inserts","publisher":{"@id":"https:\/\/dev.invicta.wp19.axome.cc\/es\/#organization"},"potentialAction":[{"@type":"SearchAction","target":{"@type":"EntryPoint","urlTemplate":"https:\/\/dev.invicta.wp19.axome.cc\/es\/?s={search_term_string}"},"query-input":{"@type":"PropertyValueSpecification","valueRequired":true,"valueName":"search_term_string"}}],"inLanguage":"es"},{"@type":"Organization","@id":"https:\/\/dev.invicta.wp19.axome.cc\/es\/#organization","name":"Invicta","url":"https:\/\/dev.invicta.wp19.axome.cc\/es\/","logo":{"@type":"ImageObject","inLanguage":"es","@id":"https:\/\/dev.invicta.wp19.axome.cc\/es\/#\/schema\/logo\/image\/","url":"https:\/\/www.invicta.fr\/wp-content\/uploads\/2019\/06\/INVICTALOGO_RVB.png","contentUrl":"https:\/\/www.invicta.fr\/wp-content\/uploads\/2019\/06\/INVICTALOGO_RVB.png","width":1810,"height":1280,"caption":"Invicta"},"image":{"@id":"https:\/\/dev.invicta.wp19.axome.cc\/es\/#\/schema\/logo\/image\/"}}]}},"_links":{"self":[{"href":"https:\/\/dev.invicta.wp19.axome.cc\/es\/wp-json\/wp\/v2\/product\/69494","targetHints":{"allow":["GET"]}}],"collection":[{"href":"https:\/\/dev.invicta.wp19.axome.cc\/es\/wp-json\/wp\/v2\/product"}],"about":[{"href":"https:\/\/dev.invicta.wp19.axome.cc\/es\/wp-json\/wp\/v2\/types\/product"}],"wp:featuredmedia":[{"embeddable":true,"href":"https:\/\/dev.invicta.wp19.axome.cc\/es\/wp-json\/wp\/v2\/media\/68626"}],"wp:attachment":[{"href":"https:\/\/dev.invicta.wp19.axome.cc\/es\/wp-json\/wp\/v2\/media?parent=69494"}],"wp:term":[{"taxonomy":"product_brand","embeddable":true,"href":"https:\/\/dev.invicta.wp19.axome.cc\/es\/wp-json\/wp\/v2\/product_brand?post=69494"},{"taxonomy":"product_cat","embeddable":true,"href":"https:\/\/dev.invicta.wp19.axome.cc\/es\/wp-json\/wp\/v2\/product_cat?post=69494"},{"taxonomy":"product_tag","embeddable":true,"href":"https:\/\/dev.invicta.wp19.axome.cc\/es\/wp-json\/wp\/v2\/product_tag?post=69494"},{"taxonomy":"plus_produit","embeddable":true,"href":"https:\/\/dev.invicta.wp19.axome.cc\/es\/wp-json\/wp\/v2\/plus_produit?post=69494"}],"curies":[{"name":"wp","href":"https:\/\/api.w.org\/{rel}","templated":true}]}}