{"id":69615,"date":"2025-11-26T08:16:14","date_gmt":"2025-11-26T10:12:56","guid":{"rendered":"https:\/\/dev.invicta.wp19.axome.cc\/produit\/estufa-de-pellets-estanca-mira-8-wi-fi\/"},"modified":"2025-11-26T12:13:07","modified_gmt":"2025-11-26T11:13:07","slug":"estufa-de-pellets-estanca-mira-8-wi-fi","status":"publish","type":"product","link":"https:\/\/dev.invicta.wp19.axome.cc\/es\/produit\/estufa-de-pellets-estanca-mira-8-wi-fi\/","title":{"rendered":"Estufa de pellets estanca Mira 8 Wi-Fi"},"content":{"rendered":"","protected":false},"excerpt":{"rendered":"<p>Mira destaca por la elegancia de su original revestimiento negro. Esta estufa de dise\u00f1o original ofrece un sinf\u00edn de ventajas, entre ellas su dise\u00f1o estanco, pensado para su tranquilidad.<\/p>\n","protected":false},"featured_media":68917,"template":"","meta":{"_acf_changed":false},"product_brand":[],"product_cat":[2293,3057,3058,6452,6457,6451,6448,6614,6456,6450,6455,6453],"product_tag":[2303,2317,2607,6962,2843,6459,6460,7048,6833],"plus_produit":[2840,3188,6143,2597,6841,2318,2309,3187,2312,2294,2296,2633,6447],"class_list":{"1":"product","4":"has-post-thumbnail","6":"product_cat-ayuda-en-la-eleccion","7":"product_cat-estufas-de-pellets-es","8":"product_cat-estufas-de-pellets-estancas","9":"product_cat-estufas-de-pellets-de-8-kw","10":"product_cat-estufas-de-pellets-estancas-de-8-kw","11":"product_cat-estufas-de-pellet-autonomas","12":"product_cat-estufas-de-pellets-programables","13":"product_cat-diseno-de-estufas-de-pellets","14":"product_cat-estufas-de-pellets-contemporaneas","15":"product_cat-estufas-de-pellets-modernas","16":"product_cat-toma-de-pared-para-estufas-de-pellets","17":"product_cat-estufas-de-pellets-con-salida-de-aspiracion","18":"product_tag-eco-design-2022-es","19":"product_tag-ecoetiqueta-a","20":"product_tag-conectable-estanco","21":"product_tag-novedad","22":"product_tag-conectable","23":"product_tag-wifi-estandar","24":"product_tag-zona-3-ventosa","25":"product_tag-y-garantia-de-3-anos","26":"product_tag-y-garantie-extension-1an-esp","27":"pa_autonomie-minimum-9-horas","28":"pa_capacite-de-la-tremie-165-kg","29":"pa_consommation-0-69-1-77-2","30":"pa_depart-des-fumees-detras","31":"pa_modulation-de-puissance-31-a-8-kw","32":"pa_surface-de-chauffe-30-a-100-m-es","33":"pa_volume-de-chauffe-75-a-240-m-es","34":"plus_produit-conectable","35":"plus_produit-dictamen-tecnico-cstb-n-14-2-15-2130v5","36":"plus_produit-diseno-unico","37":"plus_produit-dispositivo-resistente-al-agua-compatible-con-rt2012","38":"plus_produit-extension-de-garantie-1-an-esp","39":"plus_produit-kit-de-control-de-la-combustion-kcc","40":"plus_produit-posibilidad-de-control-por-termostato-externo-no-incluido","41":"plus_produit-posible-instalacion-de-fachada-zona-3-ventosa","42":"plus_produit-programacion-horaria","43":"plus_produit-regulacion-de-la-potencia-o-la-temperatura-ambiente","44":"plus_produit-salida-de-aire-caliente-por-ventilador","45":"plus_produit-stand-by-espera","46":"plus_produit-wi-fi-incorporado","48":"first","49":"instock","50":"purchasable","51":"product-type-simple"},"acf":[],"yoast_head":"<!-- This site is optimized with the Yoast SEO plugin v24.7 - https:\/\/yoast.com\/wordpress\/plugins\/seo\/ -->\n<title>Estufa de pellets estanca Mira 8 Wi-Fi - Invicta<\/title>\n<meta name=\"description\" content=\"Mira destaca por la elegancia de su original revestimiento negro. Esta estufa de dise\u00f1o original ofrece un sinf\u00edn de ventajas, entre ellas su dise\u00f1o estanco, pensado para su tranquilidad.\" \/>\n<meta name=\"robots\" content=\"index, follow, max-snippet:-1, max-image-preview:large, max-video-preview:-1\" \/>\n<link rel=\"canonical\" href=\"https:\/\/dev.invicta.wp19.axome.cc\/es\/produit\/estufa-de-pellets-estanca-mira-8-wi-fi\/\" \/>\n<meta property=\"og:locale\" content=\"es_ES\" \/>\n<meta property=\"og:type\" content=\"article\" \/>\n<meta property=\"og:title\" content=\"Estufa de pellets estanca Mira 8 Wi-Fi - Invicta\" \/>\n<meta property=\"og:description\" content=\"Mira destaca por la elegancia de su original revestimiento negro. Esta estufa de dise\u00f1o original ofrece un sinf\u00edn de ventajas, entre ellas su dise\u00f1o estanco, pensado para su tranquilidad.\" \/>\n<meta property=\"og:url\" content=\"https:\/\/dev.invicta.wp19.axome.cc\/es\/produit\/estufa-de-pellets-estanca-mira-8-wi-fi\/\" \/>\n<meta property=\"og:site_name\" content=\"Invicta\" \/>\n<meta property=\"article:modified_time\" content=\"2025-11-26T11:13:07+00:00\" \/>\n<meta property=\"og:image\" content=\"https:\/\/dev.invicta.wp19.axome.cc\/wp-content\/uploads\/2025\/06\/A_MIRA_8_Etanche_Wi-Fi_noir_web.jpg\" \/>\n\t<meta property=\"og:image:width\" content=\"1161\" \/>\n\t<meta property=\"og:image:height\" content=\"900\" \/>\n\t<meta property=\"og:image:type\" content=\"image\/jpeg\" \/>\n<meta name=\"twitter:card\" content=\"summary_large_image\" \/>\n<script type=\"application\/ld+json\" class=\"yoast-schema-graph\">{\"@context\":\"https:\/\/schema.org\",\"@graph\":[{\"@type\":\"WebPage\",\"@id\":\"https:\/\/dev.invicta.wp19.axome.cc\/es\/produit\/estufa-de-pellets-estanca-mira-8-wi-fi\/\",\"url\":\"https:\/\/dev.invicta.wp19.axome.cc\/es\/produit\/estufa-de-pellets-estanca-mira-8-wi-fi\/\",\"name\":\"Estufa de pellets estanca Mira 8 Wi-Fi - Invicta\",\"isPartOf\":{\"@id\":\"https:\/\/dev.invicta.wp19.axome.cc\/es\/#website\"},\"primaryImageOfPage\":{\"@id\":\"https:\/\/dev.invicta.wp19.axome.cc\/es\/produit\/estufa-de-pellets-estanca-mira-8-wi-fi\/#primaryimage\"},\"image\":{\"@id\":\"https:\/\/dev.invicta.wp19.axome.cc\/es\/produit\/estufa-de-pellets-estanca-mira-8-wi-fi\/#primaryimage\"},\"thumbnailUrl\":\"https:\/\/dev.invicta.wp19.axome.cc\/wp-content\/uploads\/2025\/06\/A_MIRA_8_Etanche_Wi-Fi_noir_web.jpg\",\"datePublished\":\"2025-11-26T10:12:56+00:00\",\"dateModified\":\"2025-11-26T11:13:07+00:00\",\"description\":\"Mira destaca por la elegancia de su original revestimiento negro. Esta estufa de dise\u00f1o original ofrece un sinf\u00edn de ventajas, entre ellas su dise\u00f1o estanco, pensado para su tranquilidad.\",\"breadcrumb\":{\"@id\":\"https:\/\/dev.invicta.wp19.axome.cc\/es\/produit\/estufa-de-pellets-estanca-mira-8-wi-fi\/#breadcrumb\"},\"inLanguage\":\"es\",\"potentialAction\":[{\"@type\":\"ReadAction\",\"target\":[\"https:\/\/dev.invicta.wp19.axome.cc\/es\/produit\/estufa-de-pellets-estanca-mira-8-wi-fi\/\"]}]},{\"@type\":\"ImageObject\",\"inLanguage\":\"es\",\"@id\":\"https:\/\/dev.invicta.wp19.axome.cc\/es\/produit\/estufa-de-pellets-estanca-mira-8-wi-fi\/#primaryimage\",\"url\":\"https:\/\/dev.invicta.wp19.axome.cc\/wp-content\/uploads\/2025\/06\/A_MIRA_8_Etanche_Wi-Fi_noir_web.jpg\",\"contentUrl\":\"https:\/\/dev.invicta.wp19.axome.cc\/wp-content\/uploads\/2025\/06\/A_MIRA_8_Etanche_Wi-Fi_noir_web.jpg\",\"width\":1161,\"height\":900,\"caption\":\"Po\u00eale \u00e0 granul\u00e9s Etanche Mira 8 Wi-Fi \u2013 Po\u00eale \u00e0 pellets\"},{\"@type\":\"BreadcrumbList\",\"@id\":\"https:\/\/dev.invicta.wp19.axome.cc\/es\/produit\/estufa-de-pellets-estanca-mira-8-wi-fi\/#breadcrumb\",\"itemListElement\":[{\"@type\":\"ListItem\",\"position\":1,\"name\":\"Inicio\",\"item\":\"https:\/\/dev.invicta.wp19.axome.cc\/es\/\"},{\"@type\":\"ListItem\",\"position\":2,\"name\":\"Productos\",\"item\":\"https:\/\/dev.invicta.wp19.axome.cc\/es\/shop\/\"},{\"@type\":\"ListItem\",\"position\":3,\"name\":\"Estufas de pellets\",\"item\":\"https:\/\/dev.invicta.wp19.axome.cc\/es\/categorie-produit\/estufas-de-pellets-es\/\"},{\"@type\":\"ListItem\",\"position\":4,\"name\":\"Estufas de pellets estancas\",\"item\":\"https:\/\/dev.invicta.wp19.axome.cc\/es\/categorie-produit\/estufas-de-pellets-es\/estufas-de-pellets-estancas\/\"},{\"@type\":\"ListItem\",\"position\":5,\"name\":\"Estufa de pellets estanca Mira 8 Wi-Fi\"}]},{\"@type\":\"WebSite\",\"@id\":\"https:\/\/dev.invicta.wp19.axome.cc\/es\/#website\",\"url\":\"https:\/\/dev.invicta.wp19.axome.cc\/es\/\",\"name\":\"Invicta\",\"description\":\"Fabricant fran\u00e7ais, sp\u00e9cialiste europ\u00e9en du chauffage au bois : po\u00eales \u00e0 bois et \u00e0 granul\u00e9s, chemin\u00e9es, foyers et inserts\",\"publisher\":{\"@id\":\"https:\/\/dev.invicta.wp19.axome.cc\/es\/#organization\"},\"potentialAction\":[{\"@type\":\"SearchAction\",\"target\":{\"@type\":\"EntryPoint\",\"urlTemplate\":\"https:\/\/dev.invicta.wp19.axome.cc\/es\/?s={search_term_string}\"},\"query-input\":{\"@type\":\"PropertyValueSpecification\",\"valueRequired\":true,\"valueName\":\"search_term_string\"}}],\"inLanguage\":\"es\"},{\"@type\":\"Organization\",\"@id\":\"https:\/\/dev.invicta.wp19.axome.cc\/es\/#organization\",\"name\":\"Invicta\",\"url\":\"https:\/\/dev.invicta.wp19.axome.cc\/es\/\",\"logo\":{\"@type\":\"ImageObject\",\"inLanguage\":\"es\",\"@id\":\"https:\/\/dev.invicta.wp19.axome.cc\/es\/#\/schema\/logo\/image\/\",\"url\":\"https:\/\/www.invicta.fr\/wp-content\/uploads\/2019\/06\/INVICTALOGO_RVB.png\",\"contentUrl\":\"https:\/\/www.invicta.fr\/wp-content\/uploads\/2019\/06\/INVICTALOGO_RVB.png\",\"width\":1810,\"height\":1280,\"caption\":\"Invicta\"},\"image\":{\"@id\":\"https:\/\/dev.invicta.wp19.axome.cc\/es\/#\/schema\/logo\/image\/\"}}]}<\/script>\n<!-- \/ Yoast SEO plugin. -->","yoast_head_json":{"title":"Estufa de pellets estanca Mira 8 Wi-Fi - Invicta","description":"Mira destaca por la elegancia de su original revestimiento negro. Esta estufa de dise\u00f1o original ofrece un sinf\u00edn de ventajas, entre ellas su dise\u00f1o estanco, pensado para su tranquilidad.","robots":{"index":"index","follow":"follow","max-snippet":"max-snippet:-1","max-image-preview":"max-image-preview:large","max-video-preview":"max-video-preview:-1"},"canonical":"https:\/\/dev.invicta.wp19.axome.cc\/es\/produit\/estufa-de-pellets-estanca-mira-8-wi-fi\/","og_locale":"es_ES","og_type":"article","og_title":"Estufa de pellets estanca Mira 8 Wi-Fi - Invicta","og_description":"Mira destaca por la elegancia de su original revestimiento negro. Esta estufa de dise\u00f1o original ofrece un sinf\u00edn de ventajas, entre ellas su dise\u00f1o estanco, pensado para su tranquilidad.","og_url":"https:\/\/dev.invicta.wp19.axome.cc\/es\/produit\/estufa-de-pellets-estanca-mira-8-wi-fi\/","og_site_name":"Invicta","article_modified_time":"2025-11-26T11:13:07+00:00","og_image":[{"width":1161,"height":900,"url":"https:\/\/dev.invicta.wp19.axome.cc\/wp-content\/uploads\/2025\/06\/A_MIRA_8_Etanche_Wi-Fi_noir_web.jpg","type":"image\/jpeg"}],"twitter_card":"summary_large_image","schema":{"@context":"https:\/\/schema.org","@graph":[{"@type":"WebPage","@id":"https:\/\/dev.invicta.wp19.axome.cc\/es\/produit\/estufa-de-pellets-estanca-mira-8-wi-fi\/","url":"https:\/\/dev.invicta.wp19.axome.cc\/es\/produit\/estufa-de-pellets-estanca-mira-8-wi-fi\/","name":"Estufa de pellets estanca Mira 8 Wi-Fi - Invicta","isPartOf":{"@id":"https:\/\/dev.invicta.wp19.axome.cc\/es\/#website"},"primaryImageOfPage":{"@id":"https:\/\/dev.invicta.wp19.axome.cc\/es\/produit\/estufa-de-pellets-estanca-mira-8-wi-fi\/#primaryimage"},"image":{"@id":"https:\/\/dev.invicta.wp19.axome.cc\/es\/produit\/estufa-de-pellets-estanca-mira-8-wi-fi\/#primaryimage"},"thumbnailUrl":"https:\/\/dev.invicta.wp19.axome.cc\/wp-content\/uploads\/2025\/06\/A_MIRA_8_Etanche_Wi-Fi_noir_web.jpg","datePublished":"2025-11-26T10:12:56+00:00","dateModified":"2025-11-26T11:13:07+00:00","description":"Mira destaca por la elegancia de su original revestimiento negro. Esta estufa de dise\u00f1o original ofrece un sinf\u00edn de ventajas, entre ellas su dise\u00f1o estanco, pensado para su tranquilidad.","breadcrumb":{"@id":"https:\/\/dev.invicta.wp19.axome.cc\/es\/produit\/estufa-de-pellets-estanca-mira-8-wi-fi\/#breadcrumb"},"inLanguage":"es","potentialAction":[{"@type":"ReadAction","target":["https:\/\/dev.invicta.wp19.axome.cc\/es\/produit\/estufa-de-pellets-estanca-mira-8-wi-fi\/"]}]},{"@type":"ImageObject","inLanguage":"es","@id":"https:\/\/dev.invicta.wp19.axome.cc\/es\/produit\/estufa-de-pellets-estanca-mira-8-wi-fi\/#primaryimage","url":"https:\/\/dev.invicta.wp19.axome.cc\/wp-content\/uploads\/2025\/06\/A_MIRA_8_Etanche_Wi-Fi_noir_web.jpg","contentUrl":"https:\/\/dev.invicta.wp19.axome.cc\/wp-content\/uploads\/2025\/06\/A_MIRA_8_Etanche_Wi-Fi_noir_web.jpg","width":1161,"height":900,"caption":"Po\u00eale \u00e0 granul\u00e9s Etanche Mira 8 Wi-Fi \u2013 Po\u00eale \u00e0 pellets"},{"@type":"BreadcrumbList","@id":"https:\/\/dev.invicta.wp19.axome.cc\/es\/produit\/estufa-de-pellets-estanca-mira-8-wi-fi\/#breadcrumb","itemListElement":[{"@type":"ListItem","position":1,"name":"Inicio","item":"https:\/\/dev.invicta.wp19.axome.cc\/es\/"},{"@type":"ListItem","position":2,"name":"Productos","item":"https:\/\/dev.invicta.wp19.axome.cc\/es\/shop\/"},{"@type":"ListItem","position":3,"name":"Estufas de pellets","item":"https:\/\/dev.invicta.wp19.axome.cc\/es\/categorie-produit\/estufas-de-pellets-es\/"},{"@type":"ListItem","position":4,"name":"Estufas de pellets estancas","item":"https:\/\/dev.invicta.wp19.axome.cc\/es\/categorie-produit\/estufas-de-pellets-es\/estufas-de-pellets-estancas\/"},{"@type":"ListItem","position":5,"name":"Estufa de pellets estanca Mira 8 Wi-Fi"}]},{"@type":"WebSite","@id":"https:\/\/dev.invicta.wp19.axome.cc\/es\/#website","url":"https:\/\/dev.invicta.wp19.axome.cc\/es\/","name":"Invicta","description":"Fabricant fran\u00e7ais, sp\u00e9cialiste europ\u00e9en du chauffage au bois : po\u00eales \u00e0 bois et \u00e0 granul\u00e9s, chemin\u00e9es, foyers et inserts","publisher":{"@id":"https:\/\/dev.invicta.wp19.axome.cc\/es\/#organization"},"potentialAction":[{"@type":"SearchAction","target":{"@type":"EntryPoint","urlTemplate":"https:\/\/dev.invicta.wp19.axome.cc\/es\/?s={search_term_string}"},"query-input":{"@type":"PropertyValueSpecification","valueRequired":true,"valueName":"search_term_string"}}],"inLanguage":"es"},{"@type":"Organization","@id":"https:\/\/dev.invicta.wp19.axome.cc\/es\/#organization","name":"Invicta","url":"https:\/\/dev.invicta.wp19.axome.cc\/es\/","logo":{"@type":"ImageObject","inLanguage":"es","@id":"https:\/\/dev.invicta.wp19.axome.cc\/es\/#\/schema\/logo\/image\/","url":"https:\/\/www.invicta.fr\/wp-content\/uploads\/2019\/06\/INVICTALOGO_RVB.png","contentUrl":"https:\/\/www.invicta.fr\/wp-content\/uploads\/2019\/06\/INVICTALOGO_RVB.png","width":1810,"height":1280,"caption":"Invicta"},"image":{"@id":"https:\/\/dev.invicta.wp19.axome.cc\/es\/#\/schema\/logo\/image\/"}}]}},"_links":{"self":[{"href":"https:\/\/dev.invicta.wp19.axome.cc\/es\/wp-json\/wp\/v2\/product\/69615","targetHints":{"allow":["GET"]}}],"collection":[{"href":"https:\/\/dev.invicta.wp19.axome.cc\/es\/wp-json\/wp\/v2\/product"}],"about":[{"href":"https:\/\/dev.invicta.wp19.axome.cc\/es\/wp-json\/wp\/v2\/types\/product"}],"wp:featuredmedia":[{"embeddable":true,"href":"https:\/\/dev.invicta.wp19.axome.cc\/es\/wp-json\/wp\/v2\/media\/68917"}],"wp:attachment":[{"href":"https:\/\/dev.invicta.wp19.axome.cc\/es\/wp-json\/wp\/v2\/media?parent=69615"}],"wp:term":[{"taxonomy":"product_brand","embeddable":true,"href":"https:\/\/dev.invicta.wp19.axome.cc\/es\/wp-json\/wp\/v2\/product_brand?post=69615"},{"taxonomy":"product_cat","embeddable":true,"href":"https:\/\/dev.invicta.wp19.axome.cc\/es\/wp-json\/wp\/v2\/product_cat?post=69615"},{"taxonomy":"product_tag","embeddable":true,"href":"https:\/\/dev.invicta.wp19.axome.cc\/es\/wp-json\/wp\/v2\/product_tag?post=69615"},{"taxonomy":"plus_produit","embeddable":true,"href":"https:\/\/dev.invicta.wp19.axome.cc\/es\/wp-json\/wp\/v2\/plus_produit?post=69615"}],"curies":[{"name":"wp","href":"https:\/\/api.w.org\/{rel}","templated":true}]}}