{"id":1998,"date":"2019-07-23T11:37:29","date_gmt":"2019-07-23T09:37:29","guid":{"rendered":"https:\/\/dev.invicta.wp19.axome.cc\/?page_id=1998"},"modified":"2024-11-12T18:30:13","modified_gmt":"2024-11-12T17:30:13","slug":"mentions-legales","status":"publish","type":"page","link":"https:\/\/dev.invicta.wp19.axome.cc\/fr\/mentions-legales\/","title":{"rendered":"Mentions L\u00e9gales"},"content":{"rendered":"<p>Le site internet dev.invicta.wp19.axome.cc est \u00e9dit\u00e9 par la soci\u00e9t\u00e9 INVICTA GROUP, dont le nom commercial est Invicta Group, ci-apr\u00e8s \u00ab <strong>Invicta<\/strong> \u00bb, soci\u00e9t\u00e9 par actions simplifi\u00e9e, au capital social de 4 866 450,00 euros, immatricul\u00e9e au Registre du Commerce et des Soci\u00e9t\u00e9s de Sedan, sous le num\u00e9ro 785 520 180 R.C.S. SEDAN, dont le num\u00e9ro de TVA intracommunautaire est FR66785520180.<\/p>\n<p>Son si\u00e8ge social est situ\u00e9 Zone Industrielle Lieudit La Gravette, 08350 DONCHERY.<\/p>\n<p>Le Directeur de la publication est Monsieur Lionel Lascaux, en qualit\u00e9 de repr\u00e9sentant l\u00e9gal d\u2019Invicta. \u00a0\u00a0<\/p>\n<p>Le site internet est h\u00e9berg\u00e9 par la soci\u00e9t\u00e9 chez OVH, dont le si\u00e8ge social est situ\u00e9 2 rue de Kellermann, 59100, Roubaix.<\/p>\n<p>Invicta est sp\u00e9cialis\u00e9e dans le secteur d\u2019activit\u00e9 de la fabrication artisanale de chauffages au bois innovants (<em>po\u00eales, chemin\u00e9es et inserts, etc<\/em>), barbecue, poterie culinaire, d\u00e9coration et mobilier.<\/p>\n<h2>\u00a0<\/h2>\n<h2><strong>Cookies <\/strong><\/h2>\n<p>Lors de votre consultation du site internet, Invicta utilise des cookies pour faire fonctionner le site, optimiser la navigation et qui permettent de personnaliser le contenu. \u00c0 tout moment, vous pouvez modifier ou retirer votre consentement lors de votre navigation sur le site internet depuis le centre de gestion des pr\u00e9f\u00e9rences.<\/p>\n<h2>\u00a0<\/h2>\n<h2><strong>Donn\u00e9es personnelles <\/strong><\/h2>\n<p>Vos donn\u00e9es personnelles sont trait\u00e9es par Invicta en qualit\u00e9 de responsable de traitement pour les finalit\u00e9s suivantes\u00a0: fonctionnement du site internet, statistiques, contacter Invicta via les formulaires, demandes de devis, mises en service et r\u00e9paration et\/ou d\u00e9pannage, partage sur les r\u00e9seaux sociaux, comptabilit\u00e9, fournisseurs, demandes d\u2019exercices des droits.<\/p>\n<p>Vous disposez sur vos donn\u00e9es personnelles des droits suivants\u00a0: acc\u00e8s, rectification, effacement, portabilit\u00e9, limitation, opposition notamment au traitement \u00e0 des fins de prospection commerciale.<\/p>\n<p>Pour plus d\u2019information, vous pouvez consulter notre <a rel=\"noopener\" href=\"https:\/\/dev.invicta.wp19.axome.cc\/fr\/politique-de-confidentialite\/\" target=\"_blank\"><u>Politique de confidentialit\u00e9 et de cookies<\/u>.<\/a><\/p>\n<h2>\u00a0<\/h2>\n<h2><strong>Propri\u00e9t\u00e9 intellectuelle<\/strong><\/h2>\n<p>Invicta est titulaire exclusif des droits de propri\u00e9t\u00e9 intellectuelle relatifs \u00e0 son site internet et \u00e0 son contenu en ce compris\u00a0: les marques, logos, noms de domaines, chartes graphiques, textes, illustrations, photographies, bases de donn\u00e9es, images et vid\u00e9os, qu\u2019ils soient visuels ou sonores.<\/p>\n<p>Toute reproduction, repr\u00e9sentation, diffusion, modification, adaptation, traduction, publication, exploitation de tout ou partie du contenu du site internet ou des \u00e9l\u00e9ments qui le composent est interdite sans l\u2019accord pr\u00e9alable expr\u00e8s d\u2019Invicta.<\/p>\n<p><strong>Photographies et informations produits<br \/><\/strong><\/p>\n<p>Mod\u00e8les d\u00e9pos\u00e9s. Tous droits r\u00e9serv\u00e9s. Site internet non contractuel. Suggestions de pr\u00e9sentation. Dimensions et poids indicatifs. INVICTA se r\u00e9serve le droit de modifier ses mod\u00e8les sans pr\u00e9avis.<\/p>\n<p>Malgr\u00e9 le soin apport\u00e9 au traitement des informations, INVICTA GROUP SASU d\u00e9cline toute responsabilit\u00e9 concernant les erreurs ou omissions portant sur les informations diffus\u00e9es sur ce site. INVICTA GROUP SASU ne peut \u00eatre tenue responsable de l&#8217;interpr\u00e9tation des informations contenues dans ce site, ni des cons\u00e9quences de leur utilisation. INVICTA GROUP se r\u00e9serve le droit de modifier ses mod\u00e8les sans pr\u00e9avis. Dimensions et poids indicatifs. Photos non contractuelles. Suggestions de pr\u00e9sentation.<\/p>\n<h2>\u00a0<\/h2>\n<h2><strong>Loi anti-gaspillage<\/strong><\/h2>\n<p><img decoding=\"async\" class=\"alignnone wp-image-59749\" src=\"https:\/\/dev.invicta.wp19.axome.cc\/wp-content\/uploads\/2023\/12\/LoiAGEC.png\" alt=\"\" width=\"183\" height=\"150\" \/>En conformit\u00e9 avec les obligations r\u00e9glementaires qui lui incombent en application des articles L541\u201310 et suivants du Code de l\u2019environnement, dite loi AGEC (Lutte contre le Gaspillage Alimentaire et l\u2019Economie Circulaire), INVICTA GROUP est adh\u00e9rent \u00e0 plusieurs \u00e9co-organismes pour la :<\/p>\n<ul>\n<li><strong>REP EMBM (Num\u00e9ro unique : FR211825_01SOKO)<\/strong> lui permettant de d\u00e9clarer et payer une \u00e9co-contribution sur ses emballages m\u00e9nagers,<\/li>\n<li><strong>REP ABJ (Num\u00e9ro unique : FR218287_14EOCV)<\/strong> lui permettant de d\u00e9clarer et payer une \u00e9co-contribution sur les articles de bricolage et de jardin,<\/li>\n<li><strong>REP PCMB (Num\u00e9ro unique : FR218287_04TLLJ)<\/strong> lui permettant de d\u00e9clarer et payer une \u00e9co-contribution sur les Produits et mat\u00e9riaux de construction du secteur du b\u00e2timent,<\/li>\n<li><strong>REP EEE (Num\u00e9ro unique : FR022930_050J4T)<\/strong> lui permettant de d\u00e9clarer et payer une \u00e9co-contribution sur les \u00c9quipements \u00e9lectriques et \u00e9lectroniques.<\/li>\n<\/ul>\n<h2>\u00a0<\/h2>\n<h2><strong>Conception et production<\/strong><\/h2>\n<p>R\u00e9alis\u00e9 par <a rel=\"noopener\" href=\"https:\/\/www.axome.com\/expertises\/transformez-votre-presence-en-ligne-avec-un-site-wordpress\" target=\"_blank\">Axome agence WordPress<\/a><\/p><p><\/p><p><\/p>","protected":false},"excerpt":{"rendered":"<p>Le site internet dev.invicta.wp19.axome.cc est \u00e9dit\u00e9 par la soci\u00e9t\u00e9 INVICTA GROUP, dont le nom commercial est Invicta Group, ci-apr\u00e8s \u00ab Invicta \u00bb, soci\u00e9t\u00e9 par actions simplifi\u00e9e, au capital social de 4 866 450,00 euros, immatricul\u00e9e au Registre du Commerce et des Soci\u00e9t\u00e9s de Sedan, sous le num\u00e9ro 785 520 180 R.C.S. SEDAN, dont le num\u00e9ro [&hellip;]<\/p>\n","protected":false},"author":225,"featured_media":0,"parent":0,"menu_order":0,"comment_status":"closed","ping_status":"closed","template":"","meta":{"_acf_changed":false,"footnotes":""},"class_list":{"1":"page"},"acf":[],"yoast_head":"<!-- This site is optimized with the Yoast SEO plugin v24.7 - https:\/\/yoast.com\/wordpress\/plugins\/seo\/ -->\n<title>Mentions L\u00e9gales - Invicta<\/title>\n<meta name=\"description\" content=\"Le site internet dev.invicta.wp19.axome.cc est \u00e9dit\u00e9 par la soci\u00e9t\u00e9 INVICTA GROUP, dont le nom commercial est Invicta Group, ci-apr\u00e8s \u00ab Invicta \u00bb, soci\u00e9t\u00e9\" \/>\n<meta name=\"robots\" content=\"index, follow, max-snippet:-1, max-image-preview:large, max-video-preview:-1\" \/>\n<link rel=\"canonical\" href=\"https:\/\/dev.invicta.wp19.axome.cc\/fr\/mentions-legales\/\" \/>\n<meta property=\"og:locale\" content=\"fr_FR\" \/>\n<meta property=\"og:type\" content=\"article\" \/>\n<meta property=\"og:title\" content=\"Mentions L\u00e9gales - Invicta\" \/>\n<meta property=\"og:description\" content=\"Le site internet dev.invicta.wp19.axome.cc est \u00e9dit\u00e9 par la soci\u00e9t\u00e9 INVICTA GROUP, dont le nom commercial est Invicta Group, ci-apr\u00e8s \u00ab Invicta \u00bb, soci\u00e9t\u00e9\" \/>\n<meta property=\"og:url\" content=\"https:\/\/dev.invicta.wp19.axome.cc\/fr\/mentions-legales\/\" \/>\n<meta property=\"og:site_name\" content=\"Invicta\" \/>\n<meta property=\"article:modified_time\" content=\"2024-11-12T17:30:13+00:00\" \/>\n<meta property=\"og:image\" content=\"https:\/\/dev.invicta.wp19.axome.cc\/wp-content\/uploads\/2023\/12\/LoiAGEC.png\" \/>\n<meta name=\"twitter:card\" content=\"summary_large_image\" \/>\n<meta name=\"twitter:label1\" content=\"Dur\u00e9e de lecture estim\u00e9e\" \/>\n\t<meta name=\"twitter:data1\" content=\"3 minutes\" \/>\n<script type=\"application\/ld+json\" class=\"yoast-schema-graph\">{\"@context\":\"https:\/\/schema.org\",\"@graph\":[{\"@type\":\"WebPage\",\"@id\":\"https:\/\/dev.invicta.wp19.axome.cc\/fr\/mentions-legales\/\",\"url\":\"https:\/\/dev.invicta.wp19.axome.cc\/fr\/mentions-legales\/\",\"name\":\"Mentions L\u00e9gales - Invicta\",\"isPartOf\":{\"@id\":\"https:\/\/dev.invicta.wp19.axome.cc\/fr\/#website\"},\"primaryImageOfPage\":{\"@id\":\"https:\/\/dev.invicta.wp19.axome.cc\/fr\/mentions-legales\/#primaryimage\"},\"image\":{\"@id\":\"https:\/\/dev.invicta.wp19.axome.cc\/fr\/mentions-legales\/#primaryimage\"},\"thumbnailUrl\":\"https:\/\/dev.invicta.wp19.axome.cc\/wp-content\/uploads\/2023\/12\/LoiAGEC.png\",\"datePublished\":\"2019-07-23T09:37:29+00:00\",\"dateModified\":\"2024-11-12T17:30:13+00:00\",\"description\":\"Le site internet dev.invicta.wp19.axome.cc est \u00e9dit\u00e9 par la soci\u00e9t\u00e9 INVICTA GROUP, dont le nom commercial est Invicta Group, ci-apr\u00e8s \u00ab Invicta \u00bb, soci\u00e9t\u00e9\",\"breadcrumb\":{\"@id\":\"https:\/\/dev.invicta.wp19.axome.cc\/fr\/mentions-legales\/#breadcrumb\"},\"inLanguage\":\"fr-FR\",\"potentialAction\":[{\"@type\":\"ReadAction\",\"target\":[\"https:\/\/dev.invicta.wp19.axome.cc\/fr\/mentions-legales\/\"]}]},{\"@type\":\"ImageObject\",\"inLanguage\":\"fr-FR\",\"@id\":\"https:\/\/dev.invicta.wp19.axome.cc\/fr\/mentions-legales\/#primaryimage\",\"url\":\"https:\/\/dev.invicta.wp19.axome.cc\/wp-content\/uploads\/2023\/12\/LoiAGEC.png\",\"contentUrl\":\"https:\/\/dev.invicta.wp19.axome.cc\/wp-content\/uploads\/2023\/12\/LoiAGEC.png\"},{\"@type\":\"BreadcrumbList\",\"@id\":\"https:\/\/dev.invicta.wp19.axome.cc\/fr\/mentions-legales\/#breadcrumb\",\"itemListElement\":[{\"@type\":\"ListItem\",\"position\":1,\"name\":\"Accueil\",\"item\":\"https:\/\/dev.invicta.wp19.axome.cc\/fr\/\"},{\"@type\":\"ListItem\",\"position\":2,\"name\":\"Mentions L\u00e9gales\"}]},{\"@type\":\"WebSite\",\"@id\":\"https:\/\/dev.invicta.wp19.axome.cc\/fr\/#website\",\"url\":\"https:\/\/dev.invicta.wp19.axome.cc\/fr\/\",\"name\":\"Invicta\",\"description\":\"Fabricant fran\u00e7ais, sp\u00e9cialiste europ\u00e9en du chauffage au bois : po\u00eales \u00e0 bois et \u00e0 granul\u00e9s, chemin\u00e9es, foyers et inserts\",\"publisher\":{\"@id\":\"https:\/\/dev.invicta.wp19.axome.cc\/fr\/#organization\"},\"potentialAction\":[{\"@type\":\"SearchAction\",\"target\":{\"@type\":\"EntryPoint\",\"urlTemplate\":\"https:\/\/dev.invicta.wp19.axome.cc\/fr\/?s={search_term_string}\"},\"query-input\":{\"@type\":\"PropertyValueSpecification\",\"valueRequired\":true,\"valueName\":\"search_term_string\"}}],\"inLanguage\":\"fr-FR\"},{\"@type\":\"Organization\",\"@id\":\"https:\/\/dev.invicta.wp19.axome.cc\/fr\/#organization\",\"name\":\"Invicta\",\"url\":\"https:\/\/dev.invicta.wp19.axome.cc\/fr\/\",\"logo\":{\"@type\":\"ImageObject\",\"inLanguage\":\"fr-FR\",\"@id\":\"https:\/\/dev.invicta.wp19.axome.cc\/fr\/#\/schema\/logo\/image\/\",\"url\":\"https:\/\/www.invicta.fr\/wp-content\/uploads\/2019\/06\/INVICTALOGO_RVB.png\",\"contentUrl\":\"https:\/\/www.invicta.fr\/wp-content\/uploads\/2019\/06\/INVICTALOGO_RVB.png\",\"width\":1810,\"height\":1280,\"caption\":\"Invicta\"},\"image\":{\"@id\":\"https:\/\/dev.invicta.wp19.axome.cc\/fr\/#\/schema\/logo\/image\/\"}}]}<\/script>\n<!-- \/ Yoast SEO plugin. -->","yoast_head_json":{"title":"Mentions L\u00e9gales - Invicta","description":"Le site internet dev.invicta.wp19.axome.cc est \u00e9dit\u00e9 par la soci\u00e9t\u00e9 INVICTA GROUP, dont le nom commercial est Invicta Group, ci-apr\u00e8s \u00ab Invicta \u00bb, soci\u00e9t\u00e9","robots":{"index":"index","follow":"follow","max-snippet":"max-snippet:-1","max-image-preview":"max-image-preview:large","max-video-preview":"max-video-preview:-1"},"canonical":"https:\/\/dev.invicta.wp19.axome.cc\/fr\/mentions-legales\/","og_locale":"fr_FR","og_type":"article","og_title":"Mentions L\u00e9gales - Invicta","og_description":"Le site internet dev.invicta.wp19.axome.cc est \u00e9dit\u00e9 par la soci\u00e9t\u00e9 INVICTA GROUP, dont le nom commercial est Invicta Group, ci-apr\u00e8s \u00ab Invicta \u00bb, soci\u00e9t\u00e9","og_url":"https:\/\/dev.invicta.wp19.axome.cc\/fr\/mentions-legales\/","og_site_name":"Invicta","article_modified_time":"2024-11-12T17:30:13+00:00","og_image":[{"url":"https:\/\/dev.invicta.wp19.axome.cc\/wp-content\/uploads\/2023\/12\/LoiAGEC.png","type":"","width":"","height":""}],"twitter_card":"summary_large_image","twitter_misc":{"Dur\u00e9e de lecture estim\u00e9e":"3 minutes"},"schema":{"@context":"https:\/\/schema.org","@graph":[{"@type":"WebPage","@id":"https:\/\/dev.invicta.wp19.axome.cc\/fr\/mentions-legales\/","url":"https:\/\/dev.invicta.wp19.axome.cc\/fr\/mentions-legales\/","name":"Mentions L\u00e9gales - Invicta","isPartOf":{"@id":"https:\/\/dev.invicta.wp19.axome.cc\/fr\/#website"},"primaryImageOfPage":{"@id":"https:\/\/dev.invicta.wp19.axome.cc\/fr\/mentions-legales\/#primaryimage"},"image":{"@id":"https:\/\/dev.invicta.wp19.axome.cc\/fr\/mentions-legales\/#primaryimage"},"thumbnailUrl":"https:\/\/dev.invicta.wp19.axome.cc\/wp-content\/uploads\/2023\/12\/LoiAGEC.png","datePublished":"2019-07-23T09:37:29+00:00","dateModified":"2024-11-12T17:30:13+00:00","description":"Le site internet dev.invicta.wp19.axome.cc est \u00e9dit\u00e9 par la soci\u00e9t\u00e9 INVICTA GROUP, dont le nom commercial est Invicta Group, ci-apr\u00e8s \u00ab Invicta \u00bb, soci\u00e9t\u00e9","breadcrumb":{"@id":"https:\/\/dev.invicta.wp19.axome.cc\/fr\/mentions-legales\/#breadcrumb"},"inLanguage":"fr-FR","potentialAction":[{"@type":"ReadAction","target":["https:\/\/dev.invicta.wp19.axome.cc\/fr\/mentions-legales\/"]}]},{"@type":"ImageObject","inLanguage":"fr-FR","@id":"https:\/\/dev.invicta.wp19.axome.cc\/fr\/mentions-legales\/#primaryimage","url":"https:\/\/dev.invicta.wp19.axome.cc\/wp-content\/uploads\/2023\/12\/LoiAGEC.png","contentUrl":"https:\/\/dev.invicta.wp19.axome.cc\/wp-content\/uploads\/2023\/12\/LoiAGEC.png"},{"@type":"BreadcrumbList","@id":"https:\/\/dev.invicta.wp19.axome.cc\/fr\/mentions-legales\/#breadcrumb","itemListElement":[{"@type":"ListItem","position":1,"name":"Accueil","item":"https:\/\/dev.invicta.wp19.axome.cc\/fr\/"},{"@type":"ListItem","position":2,"name":"Mentions L\u00e9gales"}]},{"@type":"WebSite","@id":"https:\/\/dev.invicta.wp19.axome.cc\/fr\/#website","url":"https:\/\/dev.invicta.wp19.axome.cc\/fr\/","name":"Invicta","description":"Fabricant fran\u00e7ais, sp\u00e9cialiste europ\u00e9en du chauffage au bois : po\u00eales \u00e0 bois et \u00e0 granul\u00e9s, chemin\u00e9es, foyers et inserts","publisher":{"@id":"https:\/\/dev.invicta.wp19.axome.cc\/fr\/#organization"},"potentialAction":[{"@type":"SearchAction","target":{"@type":"EntryPoint","urlTemplate":"https:\/\/dev.invicta.wp19.axome.cc\/fr\/?s={search_term_string}"},"query-input":{"@type":"PropertyValueSpecification","valueRequired":true,"valueName":"search_term_string"}}],"inLanguage":"fr-FR"},{"@type":"Organization","@id":"https:\/\/dev.invicta.wp19.axome.cc\/fr\/#organization","name":"Invicta","url":"https:\/\/dev.invicta.wp19.axome.cc\/fr\/","logo":{"@type":"ImageObject","inLanguage":"fr-FR","@id":"https:\/\/dev.invicta.wp19.axome.cc\/fr\/#\/schema\/logo\/image\/","url":"https:\/\/www.invicta.fr\/wp-content\/uploads\/2019\/06\/INVICTALOGO_RVB.png","contentUrl":"https:\/\/www.invicta.fr\/wp-content\/uploads\/2019\/06\/INVICTALOGO_RVB.png","width":1810,"height":1280,"caption":"Invicta"},"image":{"@id":"https:\/\/dev.invicta.wp19.axome.cc\/fr\/#\/schema\/logo\/image\/"}}]}},"_links":{"self":[{"href":"https:\/\/dev.invicta.wp19.axome.cc\/fr\/wp-json\/wp\/v2\/pages\/1998","targetHints":{"allow":["GET"]}}],"collection":[{"href":"https:\/\/dev.invicta.wp19.axome.cc\/fr\/wp-json\/wp\/v2\/pages"}],"about":[{"href":"https:\/\/dev.invicta.wp19.axome.cc\/fr\/wp-json\/wp\/v2\/types\/page"}],"author":[{"embeddable":true,"href":"https:\/\/dev.invicta.wp19.axome.cc\/fr\/wp-json\/wp\/v2\/users\/225"}],"replies":[{"embeddable":true,"href":"https:\/\/dev.invicta.wp19.axome.cc\/fr\/wp-json\/wp\/v2\/comments?post=1998"}],"version-history":[{"count":10,"href":"https:\/\/dev.invicta.wp19.axome.cc\/fr\/wp-json\/wp\/v2\/pages\/1998\/revisions"}],"predecessor-version":[{"id":63631,"href":"https:\/\/dev.invicta.wp19.axome.cc\/fr\/wp-json\/wp\/v2\/pages\/1998\/revisions\/63631"}],"wp:attachment":[{"href":"https:\/\/dev.invicta.wp19.axome.cc\/fr\/wp-json\/wp\/v2\/media?parent=1998"}],"curies":[{"name":"wp","href":"https:\/\/api.w.org\/{rel}","templated":true}]}}