{"id":67604,"date":"2025-06-16T17:53:53","date_gmt":"2025-06-16T15:53:53","guid":{"rendered":"https:\/\/dev.invicta.wp19.axome.cc\/produit\/poele-a-bois-en-fonte-ikari\/"},"modified":"2025-06-16T17:53:53","modified_gmt":"2025-06-16T15:53:53","slug":"poele-fonte-ikari","status":"publish","type":"product","link":"https:\/\/dev.invicta.wp19.axome.cc\/fr\/produit\/poele-fonte-ikari\/","title":{"rendered":"Po\u00eale \u00e0 Bois en Fonte IKARI"},"content":{"rendered":"<p>D\u2019inspiration japonaise, le design du po\u00eale \u00e0 bois en fonte Ikari repose sur l\u2019harmonie de sa forme elliptique et de sa grande porte vitr\u00e9e. D\u2019un point de vue technique, le syst\u00e8me de post-combustion g\u00e9n\u00e8re de hautes performances \u00e9nerg\u00e9tiques et environnementales. Design : B. Dequet<\/p>\n","protected":false},"excerpt":{"rendered":"<p>D\u2019inspiration japonaise, le design du po\u00eale \u00e0 bois en fonte Ikari repose sur l\u2019harmonie de sa forme elliptique et de sa grande porte vitr\u00e9e. D\u2019un point de vue technique, le syst\u00e8me de post-combustion g\u00e9n\u00e8re de hautes performances \u00e9nerg\u00e9tiques et environnementales. Design : B. Dequet<\/p>\n","protected":false},"featured_media":67605,"template":"","meta":{"_acf_changed":false},"product_brand":[],"product_cat":[],"product_tag":[57,7095,58,7096,59,7107,7093,51,53,7094,6826],"plus_produit":[6930,612,131,6834,1919,129,141,130],"class_list":{"1":"product","4":"has-post-thumbnail","6":"product_tag-flamme-verte","7":"product_tag-1-flamme-verte-7","8":"product_tag-eco-design-2022","9":"product_tag-2-eco-design-2022","10":"product_tag-a-ecolabel","11":"product_tag-combustion-prolongee","12":"product_tag-flamme-verte-2","13":"product_tag-fonte-100","14":"product_tag-post-combustion","15":"product_tag-vitre-propre","16":"product_tag-garantie-extension-3-ans","17":"pa_combustible-recommande-50-2","18":"pa_depart-des-fumees-arriere","19":"pa_depart-des-fumees-dessus","20":"pa_designer-deq","21":"pa_diametre-de-buse-150-mm","22":"pa_indice-de-performance-100-00","23":"pa_surface-de-chauffe-50-00-110-00","24":"pa_taux-de-co-0-1000","25":"pa_volume-de-chauffe-min-125-00-max-275-00","26":"plus_produit-100-fonte","27":"plus_produit-air-secondaire-reglable","28":"plus_produit-combustion-prolongee-8-heures","29":"plus_produit-extension-de-garantie-3-ans","30":"plus_produit-origine-france-garantie","31":"plus_produit-systeme-de-post-combustion","32":"plus_produit-vitre-exterieure-grand-angle","33":"plus_produit-vitre-propre","35":"first","36":"instock","37":"purchasable","38":"product-type-simple"},"acf":[],"yoast_head":"<!-- This site is optimized with the Yoast SEO plugin v24.7 - https:\/\/yoast.com\/wordpress\/plugins\/seo\/ -->\n<title>Po\u00eale \u00e0 Bois en Fonte IKARI - Invicta<\/title>\n<meta name=\"description\" content=\"D\u2019inspiration japonaise, le design du po\u00eale \u00e0 bois en fonte Ikari repose sur l\u2019harmonie de sa forme elliptique et de sa grande porte vitr\u00e9e. D\u2019un point de\" \/>\n<meta name=\"robots\" content=\"index, follow, max-snippet:-1, max-image-preview:large, max-video-preview:-1\" \/>\n<link rel=\"canonical\" href=\"https:\/\/dev.invicta.wp19.axome.cc\/fr\/produit\/poele-fonte-ikari\/\" \/>\n<meta property=\"og:locale\" content=\"fr_FR\" \/>\n<meta property=\"og:type\" content=\"article\" \/>\n<meta property=\"og:title\" content=\"Po\u00eale \u00e0 Bois en Fonte IKARI - Invicta\" \/>\n<meta property=\"og:description\" content=\"D\u2019inspiration japonaise, le design du po\u00eale \u00e0 bois en fonte Ikari repose sur l\u2019harmonie de sa forme elliptique et de sa grande porte vitr\u00e9e. D\u2019un point de\" \/>\n<meta property=\"og:url\" content=\"https:\/\/dev.invicta.wp19.axome.cc\/fr\/produit\/poele-fonte-ikari\/\" \/>\n<meta property=\"og:site_name\" content=\"Invicta\" \/>\n<meta property=\"og:image\" content=\"https:\/\/dev.invicta.wp19.axome.cc\/wp-content\/uploads\/2025\/06\/IKARI.jpg\" \/>\n\t<meta property=\"og:image:width\" content=\"916\" \/>\n\t<meta property=\"og:image:height\" content=\"1000\" \/>\n\t<meta property=\"og:image:type\" content=\"image\/jpeg\" \/>\n<meta name=\"twitter:card\" content=\"summary_large_image\" \/>\n<script type=\"application\/ld+json\" class=\"yoast-schema-graph\">{\"@context\":\"https:\/\/schema.org\",\"@graph\":[{\"@type\":\"WebPage\",\"@id\":\"https:\/\/dev.invicta.wp19.axome.cc\/fr\/produit\/poele-fonte-ikari\/\",\"url\":\"https:\/\/dev.invicta.wp19.axome.cc\/fr\/produit\/poele-fonte-ikari\/\",\"name\":\"Po\u00eale \u00e0 Bois en Fonte IKARI - Invicta\",\"isPartOf\":{\"@id\":\"https:\/\/dev.invicta.wp19.axome.cc\/fr\/#website\"},\"primaryImageOfPage\":{\"@id\":\"https:\/\/dev.invicta.wp19.axome.cc\/fr\/produit\/poele-fonte-ikari\/#primaryimage\"},\"image\":{\"@id\":\"https:\/\/dev.invicta.wp19.axome.cc\/fr\/produit\/poele-fonte-ikari\/#primaryimage\"},\"thumbnailUrl\":\"https:\/\/dev.invicta.wp19.axome.cc\/wp-content\/uploads\/2025\/06\/IKARI.jpg\",\"datePublished\":\"2025-06-16T15:53:53+00:00\",\"description\":\"D\u2019inspiration japonaise, le design du po\u00eale \u00e0 bois en fonte Ikari repose sur l\u2019harmonie de sa forme elliptique et de sa grande porte vitr\u00e9e. D\u2019un point de\",\"breadcrumb\":{\"@id\":\"https:\/\/dev.invicta.wp19.axome.cc\/fr\/produit\/poele-fonte-ikari\/#breadcrumb\"},\"inLanguage\":\"fr-FR\",\"potentialAction\":[{\"@type\":\"ReadAction\",\"target\":[\"https:\/\/dev.invicta.wp19.axome.cc\/fr\/produit\/poele-fonte-ikari\/\"]}]},{\"@type\":\"ImageObject\",\"inLanguage\":\"fr-FR\",\"@id\":\"https:\/\/dev.invicta.wp19.axome.cc\/fr\/produit\/poele-fonte-ikari\/#primaryimage\",\"url\":\"https:\/\/dev.invicta.wp19.axome.cc\/wp-content\/uploads\/2025\/06\/IKARI.jpg\",\"contentUrl\":\"https:\/\/dev.invicta.wp19.axome.cc\/wp-content\/uploads\/2025\/06\/IKARI.jpg\",\"width\":916,\"height\":1000,\"caption\":\"Po\u00eale \u00e0 Bois en Fonte IKARI\"},{\"@type\":\"BreadcrumbList\",\"@id\":\"https:\/\/dev.invicta.wp19.axome.cc\/fr\/produit\/poele-fonte-ikari\/#breadcrumb\",\"itemListElement\":[{\"@type\":\"ListItem\",\"position\":1,\"name\":\"Accueil\",\"item\":\"https:\/\/dev.invicta.wp19.axome.cc\/fr\/\"},{\"@type\":\"ListItem\",\"position\":2,\"name\":\"Produits\",\"item\":\"https:\/\/dev.invicta.wp19.axome.cc\/fr\/shop\/\"},{\"@type\":\"ListItem\",\"position\":3,\"name\":\"Po\u00eale \u00e0 Bois en Fonte IKARI\"}]},{\"@type\":\"WebSite\",\"@id\":\"https:\/\/dev.invicta.wp19.axome.cc\/fr\/#website\",\"url\":\"https:\/\/dev.invicta.wp19.axome.cc\/fr\/\",\"name\":\"Invicta\",\"description\":\"Fabricant fran\u00e7ais, sp\u00e9cialiste europ\u00e9en du chauffage au bois : po\u00eales \u00e0 bois et \u00e0 granul\u00e9s, chemin\u00e9es, foyers et inserts\",\"publisher\":{\"@id\":\"https:\/\/dev.invicta.wp19.axome.cc\/fr\/#organization\"},\"potentialAction\":[{\"@type\":\"SearchAction\",\"target\":{\"@type\":\"EntryPoint\",\"urlTemplate\":\"https:\/\/dev.invicta.wp19.axome.cc\/fr\/?s={search_term_string}\"},\"query-input\":{\"@type\":\"PropertyValueSpecification\",\"valueRequired\":true,\"valueName\":\"search_term_string\"}}],\"inLanguage\":\"fr-FR\"},{\"@type\":\"Organization\",\"@id\":\"https:\/\/dev.invicta.wp19.axome.cc\/fr\/#organization\",\"name\":\"Invicta\",\"url\":\"https:\/\/dev.invicta.wp19.axome.cc\/fr\/\",\"logo\":{\"@type\":\"ImageObject\",\"inLanguage\":\"fr-FR\",\"@id\":\"https:\/\/dev.invicta.wp19.axome.cc\/fr\/#\/schema\/logo\/image\/\",\"url\":\"https:\/\/www.invicta.fr\/wp-content\/uploads\/2019\/06\/INVICTALOGO_RVB.png\",\"contentUrl\":\"https:\/\/www.invicta.fr\/wp-content\/uploads\/2019\/06\/INVICTALOGO_RVB.png\",\"width\":1810,\"height\":1280,\"caption\":\"Invicta\"},\"image\":{\"@id\":\"https:\/\/dev.invicta.wp19.axome.cc\/fr\/#\/schema\/logo\/image\/\"}}]}<\/script>\n<!-- \/ Yoast SEO plugin. -->","yoast_head_json":{"title":"Po\u00eale \u00e0 Bois en Fonte IKARI - Invicta","description":"D\u2019inspiration japonaise, le design du po\u00eale \u00e0 bois en fonte Ikari repose sur l\u2019harmonie de sa forme elliptique et de sa grande porte vitr\u00e9e. D\u2019un point de","robots":{"index":"index","follow":"follow","max-snippet":"max-snippet:-1","max-image-preview":"max-image-preview:large","max-video-preview":"max-video-preview:-1"},"canonical":"https:\/\/dev.invicta.wp19.axome.cc\/fr\/produit\/poele-fonte-ikari\/","og_locale":"fr_FR","og_type":"article","og_title":"Po\u00eale \u00e0 Bois en Fonte IKARI - Invicta","og_description":"D\u2019inspiration japonaise, le design du po\u00eale \u00e0 bois en fonte Ikari repose sur l\u2019harmonie de sa forme elliptique et de sa grande porte vitr\u00e9e. D\u2019un point de","og_url":"https:\/\/dev.invicta.wp19.axome.cc\/fr\/produit\/poele-fonte-ikari\/","og_site_name":"Invicta","og_image":[{"width":916,"height":1000,"url":"https:\/\/dev.invicta.wp19.axome.cc\/wp-content\/uploads\/2025\/06\/IKARI.jpg","type":"image\/jpeg"}],"twitter_card":"summary_large_image","schema":{"@context":"https:\/\/schema.org","@graph":[{"@type":"WebPage","@id":"https:\/\/dev.invicta.wp19.axome.cc\/fr\/produit\/poele-fonte-ikari\/","url":"https:\/\/dev.invicta.wp19.axome.cc\/fr\/produit\/poele-fonte-ikari\/","name":"Po\u00eale \u00e0 Bois en Fonte IKARI - Invicta","isPartOf":{"@id":"https:\/\/dev.invicta.wp19.axome.cc\/fr\/#website"},"primaryImageOfPage":{"@id":"https:\/\/dev.invicta.wp19.axome.cc\/fr\/produit\/poele-fonte-ikari\/#primaryimage"},"image":{"@id":"https:\/\/dev.invicta.wp19.axome.cc\/fr\/produit\/poele-fonte-ikari\/#primaryimage"},"thumbnailUrl":"https:\/\/dev.invicta.wp19.axome.cc\/wp-content\/uploads\/2025\/06\/IKARI.jpg","datePublished":"2025-06-16T15:53:53+00:00","description":"D\u2019inspiration japonaise, le design du po\u00eale \u00e0 bois en fonte Ikari repose sur l\u2019harmonie de sa forme elliptique et de sa grande porte vitr\u00e9e. D\u2019un point de","breadcrumb":{"@id":"https:\/\/dev.invicta.wp19.axome.cc\/fr\/produit\/poele-fonte-ikari\/#breadcrumb"},"inLanguage":"fr-FR","potentialAction":[{"@type":"ReadAction","target":["https:\/\/dev.invicta.wp19.axome.cc\/fr\/produit\/poele-fonte-ikari\/"]}]},{"@type":"ImageObject","inLanguage":"fr-FR","@id":"https:\/\/dev.invicta.wp19.axome.cc\/fr\/produit\/poele-fonte-ikari\/#primaryimage","url":"https:\/\/dev.invicta.wp19.axome.cc\/wp-content\/uploads\/2025\/06\/IKARI.jpg","contentUrl":"https:\/\/dev.invicta.wp19.axome.cc\/wp-content\/uploads\/2025\/06\/IKARI.jpg","width":916,"height":1000,"caption":"Po\u00eale \u00e0 Bois en Fonte IKARI"},{"@type":"BreadcrumbList","@id":"https:\/\/dev.invicta.wp19.axome.cc\/fr\/produit\/poele-fonte-ikari\/#breadcrumb","itemListElement":[{"@type":"ListItem","position":1,"name":"Accueil","item":"https:\/\/dev.invicta.wp19.axome.cc\/fr\/"},{"@type":"ListItem","position":2,"name":"Produits","item":"https:\/\/dev.invicta.wp19.axome.cc\/fr\/shop\/"},{"@type":"ListItem","position":3,"name":"Po\u00eale \u00e0 Bois en Fonte IKARI"}]},{"@type":"WebSite","@id":"https:\/\/dev.invicta.wp19.axome.cc\/fr\/#website","url":"https:\/\/dev.invicta.wp19.axome.cc\/fr\/","name":"Invicta","description":"Fabricant fran\u00e7ais, sp\u00e9cialiste europ\u00e9en du chauffage au bois : po\u00eales \u00e0 bois et \u00e0 granul\u00e9s, chemin\u00e9es, foyers et inserts","publisher":{"@id":"https:\/\/dev.invicta.wp19.axome.cc\/fr\/#organization"},"potentialAction":[{"@type":"SearchAction","target":{"@type":"EntryPoint","urlTemplate":"https:\/\/dev.invicta.wp19.axome.cc\/fr\/?s={search_term_string}"},"query-input":{"@type":"PropertyValueSpecification","valueRequired":true,"valueName":"search_term_string"}}],"inLanguage":"fr-FR"},{"@type":"Organization","@id":"https:\/\/dev.invicta.wp19.axome.cc\/fr\/#organization","name":"Invicta","url":"https:\/\/dev.invicta.wp19.axome.cc\/fr\/","logo":{"@type":"ImageObject","inLanguage":"fr-FR","@id":"https:\/\/dev.invicta.wp19.axome.cc\/fr\/#\/schema\/logo\/image\/","url":"https:\/\/www.invicta.fr\/wp-content\/uploads\/2019\/06\/INVICTALOGO_RVB.png","contentUrl":"https:\/\/www.invicta.fr\/wp-content\/uploads\/2019\/06\/INVICTALOGO_RVB.png","width":1810,"height":1280,"caption":"Invicta"},"image":{"@id":"https:\/\/dev.invicta.wp19.axome.cc\/fr\/#\/schema\/logo\/image\/"}}]}},"_links":{"self":[{"href":"https:\/\/dev.invicta.wp19.axome.cc\/fr\/wp-json\/wp\/v2\/product\/67604","targetHints":{"allow":["GET"]}}],"collection":[{"href":"https:\/\/dev.invicta.wp19.axome.cc\/fr\/wp-json\/wp\/v2\/product"}],"about":[{"href":"https:\/\/dev.invicta.wp19.axome.cc\/fr\/wp-json\/wp\/v2\/types\/product"}],"wp:featuredmedia":[{"embeddable":true,"href":"https:\/\/dev.invicta.wp19.axome.cc\/fr\/wp-json\/wp\/v2\/media\/67605"}],"wp:attachment":[{"href":"https:\/\/dev.invicta.wp19.axome.cc\/fr\/wp-json\/wp\/v2\/media?parent=67604"}],"wp:term":[{"taxonomy":"product_brand","embeddable":true,"href":"https:\/\/dev.invicta.wp19.axome.cc\/fr\/wp-json\/wp\/v2\/product_brand?post=67604"},{"taxonomy":"product_cat","embeddable":true,"href":"https:\/\/dev.invicta.wp19.axome.cc\/fr\/wp-json\/wp\/v2\/product_cat?post=67604"},{"taxonomy":"product_tag","embeddable":true,"href":"https:\/\/dev.invicta.wp19.axome.cc\/fr\/wp-json\/wp\/v2\/product_tag?post=67604"},{"taxonomy":"plus_produit","embeddable":true,"href":"https:\/\/dev.invicta.wp19.axome.cc\/fr\/wp-json\/wp\/v2\/plus_produit?post=67604"}],"curies":[{"name":"wp","href":"https:\/\/api.w.org\/{rel}","templated":true}]}}