{"id":67619,"date":"2025-06-16T17:54:04","date_gmt":"2025-06-16T15:54:04","guid":{"rendered":"https:\/\/dev.invicta.wp19.axome.cc\/produit\/poele-a-bois-en-acier-foresta-lilium-9-blanc\/"},"modified":"2025-06-16T17:54:05","modified_gmt":"2025-06-16T15:54:05","slug":"poele-a-bois-en-acier-foresta-lilium-9-blanc","status":"publish","type":"product","link":"https:\/\/dev.invicta.wp19.axome.cc\/fr\/produit\/poele-a-bois-en-acier-foresta-lilium-9-blanc\/","title":{"rendered":"Po\u00eale \u00e0 Bois en acier FORESTA LILIUM 9 blanc"},"content":{"rendered":"<p>En \u00e9quilibre entre tradition et modernit\u00e9, ce po\u00eale \u00e0 bois aux lignes actuelles habille son corps d&#8217;acier noir de c\u00e9ramique blanche ou grise; Convection forc\u00e9e avec kit de ventilation int\u00e9gr\u00e9.<\/p>\n","protected":false},"excerpt":{"rendered":"<p>En \u00e9quilibre entre tradition et modernit\u00e9, ce po\u00eale \u00e0 bois aux lignes actuelles habille son corps d&#8217;acier noir de c\u00e9ramique blanche ou grise; Convection forc\u00e9e avec kit de ventilation int\u00e9gr\u00e9.<\/p>\n","protected":false},"featured_media":67620,"template":"","meta":{"_acf_changed":false},"product_brand":[],"product_cat":[],"product_tag":[57,7095,58,7096,64,7093,6933,52,53,73,55,6826],"plus_produit":[7147,144,7148,6834,7149,1983,129,7150],"class_list":{"1":"product","4":"has-post-thumbnail","6":"product_tag-flamme-verte","7":"product_tag-1-flamme-verte-7","8":"product_tag-eco-design-2022","9":"product_tag-2-eco-design-2022","10":"product_tag-a-ecolabel-2","11":"product_tag-flamme-verte-2","12":"product_tag-habillage-foyer-en-vermiculite","13":"product_tag-habillage-vermiculite","14":"product_tag-post-combustion","15":"product_tag-raccordable-2","16":"product_tag-raccordable","17":"product_tag-garantie-extension-3-ans","18":"pa_combustible-recommande-7946","19":"pa_depart-des-fumees-dessus","20":"pa_diametre-de-buse-150-mm","21":"pa_indice-de-performance-115-00","22":"pa_surface-de-chauffe-50-00-110-00","23":"pa_volume-de-chauffe-min-125-00-max-275-00","24":"plus_produit-accessoires-optionnels-foresta-9","25":"plus_produit-appareil-etanche-compatible-rt2012","26":"plus_produit-esthetique-moderne","27":"plus_produit-extension-de-garantie-3-ans","28":"plus_produit-materiaux-performants","29":"plus_produit-raccordable","30":"plus_produit-systeme-de-post-combustion","31":"plus_produit-ventilation-forcee","33":"first","34":"instock","35":"product-type-simple"},"acf":[],"yoast_head":"<!-- This site is optimized with the Yoast SEO plugin v24.7 - https:\/\/yoast.com\/wordpress\/plugins\/seo\/ -->\n<title>Po\u00eale \u00e0 Bois en acier FORESTA LILIUM 9 blanc - Invicta<\/title>\n<meta name=\"description\" content=\"En \u00e9quilibre entre tradition et modernit\u00e9, ce po\u00eale \u00e0 bois aux lignes actuelles habille son corps d&#039;acier noir de c\u00e9ramique blanche ou grise; Convection\" \/>\n<meta name=\"robots\" content=\"index, follow, max-snippet:-1, max-image-preview:large, max-video-preview:-1\" \/>\n<link rel=\"canonical\" href=\"https:\/\/dev.invicta.wp19.axome.cc\/fr\/produit\/poele-a-bois-en-acier-foresta-lilium-9-blanc\/\" \/>\n<meta property=\"og:locale\" content=\"fr_FR\" \/>\n<meta property=\"og:type\" content=\"article\" \/>\n<meta property=\"og:title\" content=\"Po\u00eale \u00e0 Bois en acier FORESTA LILIUM 9 blanc - Invicta\" \/>\n<meta property=\"og:description\" content=\"En \u00e9quilibre entre tradition et modernit\u00e9, ce po\u00eale \u00e0 bois aux lignes actuelles habille son corps d&#039;acier noir de c\u00e9ramique blanche ou grise; Convection\" \/>\n<meta property=\"og:url\" content=\"https:\/\/dev.invicta.wp19.axome.cc\/fr\/produit\/poele-a-bois-en-acier-foresta-lilium-9-blanc\/\" \/>\n<meta property=\"og:site_name\" content=\"Invicta\" \/>\n<meta property=\"article:modified_time\" content=\"2025-06-16T15:54:05+00:00\" \/>\n<meta property=\"og:image\" content=\"https:\/\/dev.invicta.wp19.axome.cc\/wp-content\/uploads\/2025\/06\/A-FORESTA-LILIUM-blanc-web.jpg\" \/>\n\t<meta property=\"og:image:width\" content=\"1000\" \/>\n\t<meta property=\"og:image:height\" content=\"740\" \/>\n\t<meta property=\"og:image:type\" content=\"image\/jpeg\" \/>\n<meta name=\"twitter:card\" content=\"summary_large_image\" \/>\n<script type=\"application\/ld+json\" class=\"yoast-schema-graph\">{\"@context\":\"https:\/\/schema.org\",\"@graph\":[{\"@type\":\"WebPage\",\"@id\":\"https:\/\/dev.invicta.wp19.axome.cc\/fr\/produit\/poele-a-bois-en-acier-foresta-lilium-9-blanc\/\",\"url\":\"https:\/\/dev.invicta.wp19.axome.cc\/fr\/produit\/poele-a-bois-en-acier-foresta-lilium-9-blanc\/\",\"name\":\"Po\u00eale \u00e0 Bois en acier FORESTA LILIUM 9 blanc - Invicta\",\"isPartOf\":{\"@id\":\"https:\/\/dev.invicta.wp19.axome.cc\/fr\/#website\"},\"primaryImageOfPage\":{\"@id\":\"https:\/\/dev.invicta.wp19.axome.cc\/fr\/produit\/poele-a-bois-en-acier-foresta-lilium-9-blanc\/#primaryimage\"},\"image\":{\"@id\":\"https:\/\/dev.invicta.wp19.axome.cc\/fr\/produit\/poele-a-bois-en-acier-foresta-lilium-9-blanc\/#primaryimage\"},\"thumbnailUrl\":\"https:\/\/dev.invicta.wp19.axome.cc\/wp-content\/uploads\/2025\/06\/A-FORESTA-LILIUM-blanc-web.jpg\",\"datePublished\":\"2025-06-16T15:54:04+00:00\",\"dateModified\":\"2025-06-16T15:54:05+00:00\",\"description\":\"En \u00e9quilibre entre tradition et modernit\u00e9, ce po\u00eale \u00e0 bois aux lignes actuelles habille son corps d'acier noir de c\u00e9ramique blanche ou grise; Convection\",\"breadcrumb\":{\"@id\":\"https:\/\/dev.invicta.wp19.axome.cc\/fr\/produit\/poele-a-bois-en-acier-foresta-lilium-9-blanc\/#breadcrumb\"},\"inLanguage\":\"fr-FR\",\"potentialAction\":[{\"@type\":\"ReadAction\",\"target\":[\"https:\/\/dev.invicta.wp19.axome.cc\/fr\/produit\/poele-a-bois-en-acier-foresta-lilium-9-blanc\/\"]}]},{\"@type\":\"ImageObject\",\"inLanguage\":\"fr-FR\",\"@id\":\"https:\/\/dev.invicta.wp19.axome.cc\/fr\/produit\/poele-a-bois-en-acier-foresta-lilium-9-blanc\/#primaryimage\",\"url\":\"https:\/\/dev.invicta.wp19.axome.cc\/wp-content\/uploads\/2025\/06\/A-FORESTA-LILIUM-blanc-web.jpg\",\"contentUrl\":\"https:\/\/dev.invicta.wp19.axome.cc\/wp-content\/uploads\/2025\/06\/A-FORESTA-LILIUM-blanc-web.jpg\",\"width\":1000,\"height\":740,\"caption\":\"Po\u00eale \u00e0 Bois en acier FORESTA LILIUM 12 avec ventilation forc\u00e9e\"},{\"@type\":\"BreadcrumbList\",\"@id\":\"https:\/\/dev.invicta.wp19.axome.cc\/fr\/produit\/poele-a-bois-en-acier-foresta-lilium-9-blanc\/#breadcrumb\",\"itemListElement\":[{\"@type\":\"ListItem\",\"position\":1,\"name\":\"Accueil\",\"item\":\"https:\/\/dev.invicta.wp19.axome.cc\/fr\/\"},{\"@type\":\"ListItem\",\"position\":2,\"name\":\"Produits\",\"item\":\"https:\/\/dev.invicta.wp19.axome.cc\/fr\/shop\/\"},{\"@type\":\"ListItem\",\"position\":3,\"name\":\"Po\u00eale \u00e0 Bois en acier FORESTA LILIUM 9 blanc\"}]},{\"@type\":\"WebSite\",\"@id\":\"https:\/\/dev.invicta.wp19.axome.cc\/fr\/#website\",\"url\":\"https:\/\/dev.invicta.wp19.axome.cc\/fr\/\",\"name\":\"Invicta\",\"description\":\"Fabricant fran\u00e7ais, sp\u00e9cialiste europ\u00e9en du chauffage au bois : po\u00eales \u00e0 bois et \u00e0 granul\u00e9s, chemin\u00e9es, foyers et inserts\",\"publisher\":{\"@id\":\"https:\/\/dev.invicta.wp19.axome.cc\/fr\/#organization\"},\"potentialAction\":[{\"@type\":\"SearchAction\",\"target\":{\"@type\":\"EntryPoint\",\"urlTemplate\":\"https:\/\/dev.invicta.wp19.axome.cc\/fr\/?s={search_term_string}\"},\"query-input\":{\"@type\":\"PropertyValueSpecification\",\"valueRequired\":true,\"valueName\":\"search_term_string\"}}],\"inLanguage\":\"fr-FR\"},{\"@type\":\"Organization\",\"@id\":\"https:\/\/dev.invicta.wp19.axome.cc\/fr\/#organization\",\"name\":\"Invicta\",\"url\":\"https:\/\/dev.invicta.wp19.axome.cc\/fr\/\",\"logo\":{\"@type\":\"ImageObject\",\"inLanguage\":\"fr-FR\",\"@id\":\"https:\/\/dev.invicta.wp19.axome.cc\/fr\/#\/schema\/logo\/image\/\",\"url\":\"https:\/\/www.invicta.fr\/wp-content\/uploads\/2019\/06\/INVICTALOGO_RVB.png\",\"contentUrl\":\"https:\/\/www.invicta.fr\/wp-content\/uploads\/2019\/06\/INVICTALOGO_RVB.png\",\"width\":1810,\"height\":1280,\"caption\":\"Invicta\"},\"image\":{\"@id\":\"https:\/\/dev.invicta.wp19.axome.cc\/fr\/#\/schema\/logo\/image\/\"}}]}<\/script>\n<!-- \/ Yoast SEO plugin. -->","yoast_head_json":{"title":"Po\u00eale \u00e0 Bois en acier FORESTA LILIUM 9 blanc - Invicta","description":"En \u00e9quilibre entre tradition et modernit\u00e9, ce po\u00eale \u00e0 bois aux lignes actuelles habille son corps d'acier noir de c\u00e9ramique blanche ou grise; Convection","robots":{"index":"index","follow":"follow","max-snippet":"max-snippet:-1","max-image-preview":"max-image-preview:large","max-video-preview":"max-video-preview:-1"},"canonical":"https:\/\/dev.invicta.wp19.axome.cc\/fr\/produit\/poele-a-bois-en-acier-foresta-lilium-9-blanc\/","og_locale":"fr_FR","og_type":"article","og_title":"Po\u00eale \u00e0 Bois en acier FORESTA LILIUM 9 blanc - Invicta","og_description":"En \u00e9quilibre entre tradition et modernit\u00e9, ce po\u00eale \u00e0 bois aux lignes actuelles habille son corps d'acier noir de c\u00e9ramique blanche ou grise; Convection","og_url":"https:\/\/dev.invicta.wp19.axome.cc\/fr\/produit\/poele-a-bois-en-acier-foresta-lilium-9-blanc\/","og_site_name":"Invicta","article_modified_time":"2025-06-16T15:54:05+00:00","og_image":[{"width":1000,"height":740,"url":"https:\/\/dev.invicta.wp19.axome.cc\/wp-content\/uploads\/2025\/06\/A-FORESTA-LILIUM-blanc-web.jpg","type":"image\/jpeg"}],"twitter_card":"summary_large_image","schema":{"@context":"https:\/\/schema.org","@graph":[{"@type":"WebPage","@id":"https:\/\/dev.invicta.wp19.axome.cc\/fr\/produit\/poele-a-bois-en-acier-foresta-lilium-9-blanc\/","url":"https:\/\/dev.invicta.wp19.axome.cc\/fr\/produit\/poele-a-bois-en-acier-foresta-lilium-9-blanc\/","name":"Po\u00eale \u00e0 Bois en acier FORESTA LILIUM 9 blanc - Invicta","isPartOf":{"@id":"https:\/\/dev.invicta.wp19.axome.cc\/fr\/#website"},"primaryImageOfPage":{"@id":"https:\/\/dev.invicta.wp19.axome.cc\/fr\/produit\/poele-a-bois-en-acier-foresta-lilium-9-blanc\/#primaryimage"},"image":{"@id":"https:\/\/dev.invicta.wp19.axome.cc\/fr\/produit\/poele-a-bois-en-acier-foresta-lilium-9-blanc\/#primaryimage"},"thumbnailUrl":"https:\/\/dev.invicta.wp19.axome.cc\/wp-content\/uploads\/2025\/06\/A-FORESTA-LILIUM-blanc-web.jpg","datePublished":"2025-06-16T15:54:04+00:00","dateModified":"2025-06-16T15:54:05+00:00","description":"En \u00e9quilibre entre tradition et modernit\u00e9, ce po\u00eale \u00e0 bois aux lignes actuelles habille son corps d'acier noir de c\u00e9ramique blanche ou grise; Convection","breadcrumb":{"@id":"https:\/\/dev.invicta.wp19.axome.cc\/fr\/produit\/poele-a-bois-en-acier-foresta-lilium-9-blanc\/#breadcrumb"},"inLanguage":"fr-FR","potentialAction":[{"@type":"ReadAction","target":["https:\/\/dev.invicta.wp19.axome.cc\/fr\/produit\/poele-a-bois-en-acier-foresta-lilium-9-blanc\/"]}]},{"@type":"ImageObject","inLanguage":"fr-FR","@id":"https:\/\/dev.invicta.wp19.axome.cc\/fr\/produit\/poele-a-bois-en-acier-foresta-lilium-9-blanc\/#primaryimage","url":"https:\/\/dev.invicta.wp19.axome.cc\/wp-content\/uploads\/2025\/06\/A-FORESTA-LILIUM-blanc-web.jpg","contentUrl":"https:\/\/dev.invicta.wp19.axome.cc\/wp-content\/uploads\/2025\/06\/A-FORESTA-LILIUM-blanc-web.jpg","width":1000,"height":740,"caption":"Po\u00eale \u00e0 Bois en acier FORESTA LILIUM 12 avec ventilation forc\u00e9e"},{"@type":"BreadcrumbList","@id":"https:\/\/dev.invicta.wp19.axome.cc\/fr\/produit\/poele-a-bois-en-acier-foresta-lilium-9-blanc\/#breadcrumb","itemListElement":[{"@type":"ListItem","position":1,"name":"Accueil","item":"https:\/\/dev.invicta.wp19.axome.cc\/fr\/"},{"@type":"ListItem","position":2,"name":"Produits","item":"https:\/\/dev.invicta.wp19.axome.cc\/fr\/shop\/"},{"@type":"ListItem","position":3,"name":"Po\u00eale \u00e0 Bois en acier FORESTA LILIUM 9 blanc"}]},{"@type":"WebSite","@id":"https:\/\/dev.invicta.wp19.axome.cc\/fr\/#website","url":"https:\/\/dev.invicta.wp19.axome.cc\/fr\/","name":"Invicta","description":"Fabricant fran\u00e7ais, sp\u00e9cialiste europ\u00e9en du chauffage au bois : po\u00eales \u00e0 bois et \u00e0 granul\u00e9s, chemin\u00e9es, foyers et inserts","publisher":{"@id":"https:\/\/dev.invicta.wp19.axome.cc\/fr\/#organization"},"potentialAction":[{"@type":"SearchAction","target":{"@type":"EntryPoint","urlTemplate":"https:\/\/dev.invicta.wp19.axome.cc\/fr\/?s={search_term_string}"},"query-input":{"@type":"PropertyValueSpecification","valueRequired":true,"valueName":"search_term_string"}}],"inLanguage":"fr-FR"},{"@type":"Organization","@id":"https:\/\/dev.invicta.wp19.axome.cc\/fr\/#organization","name":"Invicta","url":"https:\/\/dev.invicta.wp19.axome.cc\/fr\/","logo":{"@type":"ImageObject","inLanguage":"fr-FR","@id":"https:\/\/dev.invicta.wp19.axome.cc\/fr\/#\/schema\/logo\/image\/","url":"https:\/\/www.invicta.fr\/wp-content\/uploads\/2019\/06\/INVICTALOGO_RVB.png","contentUrl":"https:\/\/www.invicta.fr\/wp-content\/uploads\/2019\/06\/INVICTALOGO_RVB.png","width":1810,"height":1280,"caption":"Invicta"},"image":{"@id":"https:\/\/dev.invicta.wp19.axome.cc\/fr\/#\/schema\/logo\/image\/"}}]}},"_links":{"self":[{"href":"https:\/\/dev.invicta.wp19.axome.cc\/fr\/wp-json\/wp\/v2\/product\/67619","targetHints":{"allow":["GET"]}}],"collection":[{"href":"https:\/\/dev.invicta.wp19.axome.cc\/fr\/wp-json\/wp\/v2\/product"}],"about":[{"href":"https:\/\/dev.invicta.wp19.axome.cc\/fr\/wp-json\/wp\/v2\/types\/product"}],"wp:featuredmedia":[{"embeddable":true,"href":"https:\/\/dev.invicta.wp19.axome.cc\/fr\/wp-json\/wp\/v2\/media\/67620"}],"wp:attachment":[{"href":"https:\/\/dev.invicta.wp19.axome.cc\/fr\/wp-json\/wp\/v2\/media?parent=67619"}],"wp:term":[{"taxonomy":"product_brand","embeddable":true,"href":"https:\/\/dev.invicta.wp19.axome.cc\/fr\/wp-json\/wp\/v2\/product_brand?post=67619"},{"taxonomy":"product_cat","embeddable":true,"href":"https:\/\/dev.invicta.wp19.axome.cc\/fr\/wp-json\/wp\/v2\/product_cat?post=67619"},{"taxonomy":"product_tag","embeddable":true,"href":"https:\/\/dev.invicta.wp19.axome.cc\/fr\/wp-json\/wp\/v2\/product_tag?post=67619"},{"taxonomy":"plus_produit","embeddable":true,"href":"https:\/\/dev.invicta.wp19.axome.cc\/fr\/wp-json\/wp\/v2\/plus_produit?post=67619"}],"curies":[{"name":"wp","href":"https:\/\/api.w.org\/{rel}","templated":true}]}}