{"id":67757,"date":"2025-06-16T17:56:27","date_gmt":"2025-06-16T15:56:27","guid":{"rendered":"https:\/\/dev.invicta.wp19.axome.cc\/produit\/foyer-a-bois-bayard-80-3-faces-cheminee\/"},"modified":"2025-06-16T17:56:28","modified_gmt":"2025-06-16T15:56:28","slug":"foyer-a-bois-bayard-80-3-faces-cheminee","status":"publish","type":"product","link":"https:\/\/dev.invicta.wp19.axome.cc\/fr\/produit\/foyer-a-bois-bayard-80-3-faces-cheminee\/","title":{"rendered":"Foyer \u00e0 Bois BAYARD 80 \u2013 3 Faces \u2013 Chemin\u00e9e"},"content":{"rendered":"<p>La porte en fa\u00e7ade et les c\u00f4t\u00e9s vitr\u00e9s offrent une vue \u00e0 180\u00b0 sur les flammes. La porte coulisse vers le haut pour recharger facilement le foyer. Pour l\u2019entretien, les vitres lat\u00e9rales peuvent s\u2019ouvrir apr\u00e8s d\u00e9blocage de la s\u00e9curit\u00e9. Habill\u00e9 de pierres r\u00e9fractaires, le foyer Bayard 80 d\u00e9livre un rendement \u00e9lev\u00e9 et de hautes performances environnementales.<\/p>\n","protected":false},"excerpt":{"rendered":"<p>La porte en fa\u00e7ade et les c\u00f4t\u00e9s vitr\u00e9s offrent une vue \u00e0 180\u00b0 sur les flammes. La porte coulisse vers le haut pour recharger facilement le foyer. Pour l\u2019entretien, les vitres lat\u00e9rales peuvent s\u2019ouvrir apr\u00e8s d\u00e9blocage de la s\u00e9curit\u00e9. Habill\u00e9 de pierres r\u00e9fractaires, le foyer Bayard 80 d\u00e9livre un rendement \u00e9lev\u00e9 et de hautes performances [&hellip;]<\/p>\n","protected":false},"featured_media":67758,"template":"","meta":{"_acf_changed":false},"product_brand":[],"product_cat":[],"product_tag":[58,7096,64,3055,53,73,55,7094,6826],"plus_produit":[7376,138,6834,7161,2036,7377,1983,1934,141,130],"class_list":{"1":"product","4":"has-post-thumbnail","6":"product_tag-eco-design-2022","7":"product_tag-2-eco-design-2022","8":"product_tag-a-ecolabel-2","9":"product_tag-canalisable","10":"product_tag-post-combustion","11":"product_tag-raccordable-2","12":"product_tag-raccordable","13":"product_tag-vitre-propre","14":"product_tag-garantie-extension-3-ans","15":"pa_combustible-recommande-50-2","16":"pa_depart-des-fumees-dessus","17":"pa_diametre-de-buse-7363","18":"pa_indice-de-performance-107-00","19":"pa_surface-de-chauffe-70-00-160-00","20":"pa_taux-de-co-0-1000","21":"pa_volume-de-chauffe-min-170-00-max-390-00","22":"plus_produit-accessoires-optionnels-bayard-80","23":"plus_produit-canalisable","24":"plus_produit-extension-de-garantie-3-ans","25":"plus_produit-habillage-foyer-brique-refractaire","26":"plus_produit-intermittent","27":"plus_produit-porte-escamotable","28":"plus_produit-raccordable","29":"plus_produit-radiocommande-de-serie","30":"plus_produit-vitre-exterieure-grand-angle","31":"plus_produit-vitre-propre","33":"first","34":"instock","35":"purchasable","36":"product-type-simple"},"acf":[],"yoast_head":"<!-- This site is optimized with the Yoast SEO plugin v24.7 - https:\/\/yoast.com\/wordpress\/plugins\/seo\/ -->\n<title>Foyer \u00e0 Bois BAYARD 80 \u2013 3 Faces \u2013 Chemin\u00e9e - Invicta<\/title>\n<meta name=\"description\" content=\"La porte en fa\u00e7ade et les c\u00f4t\u00e9s vitr\u00e9s offrent une vue \u00e0 180\u00b0 sur les flammes. La porte coulisse vers le haut pour recharger facilement le foyer. Pour\" \/>\n<meta name=\"robots\" content=\"index, follow, max-snippet:-1, max-image-preview:large, max-video-preview:-1\" \/>\n<link rel=\"canonical\" href=\"https:\/\/dev.invicta.wp19.axome.cc\/fr\/produit\/foyer-a-bois-bayard-80-3-faces-cheminee\/\" \/>\n<meta property=\"og:locale\" content=\"fr_FR\" \/>\n<meta property=\"og:type\" content=\"article\" \/>\n<meta property=\"og:title\" content=\"Foyer \u00e0 Bois BAYARD 80 \u2013 3 Faces \u2013 Chemin\u00e9e - Invicta\" \/>\n<meta property=\"og:description\" content=\"La porte en fa\u00e7ade et les c\u00f4t\u00e9s vitr\u00e9s offrent une vue \u00e0 180\u00b0 sur les flammes. La porte coulisse vers le haut pour recharger facilement le foyer. Pour\" \/>\n<meta property=\"og:url\" content=\"https:\/\/dev.invicta.wp19.axome.cc\/fr\/produit\/foyer-a-bois-bayard-80-3-faces-cheminee\/\" \/>\n<meta property=\"og:site_name\" content=\"Invicta\" \/>\n<meta property=\"article:modified_time\" content=\"2025-06-16T15:56:28+00:00\" \/>\n<meta property=\"og:image\" content=\"https:\/\/dev.invicta.wp19.axome.cc\/wp-content\/uploads\/2025\/06\/BAYARD80.jpg\" \/>\n\t<meta property=\"og:image:width\" content=\"708\" \/>\n\t<meta property=\"og:image:height\" content=\"1000\" \/>\n\t<meta property=\"og:image:type\" content=\"image\/jpeg\" \/>\n<meta name=\"twitter:card\" content=\"summary_large_image\" \/>\n<script type=\"application\/ld+json\" class=\"yoast-schema-graph\">{\"@context\":\"https:\/\/schema.org\",\"@graph\":[{\"@type\":\"WebPage\",\"@id\":\"https:\/\/dev.invicta.wp19.axome.cc\/fr\/produit\/foyer-a-bois-bayard-80-3-faces-cheminee\/\",\"url\":\"https:\/\/dev.invicta.wp19.axome.cc\/fr\/produit\/foyer-a-bois-bayard-80-3-faces-cheminee\/\",\"name\":\"Foyer \u00e0 Bois BAYARD 80 \u2013 3 Faces \u2013 Chemin\u00e9e - Invicta\",\"isPartOf\":{\"@id\":\"https:\/\/dev.invicta.wp19.axome.cc\/fr\/#website\"},\"primaryImageOfPage\":{\"@id\":\"https:\/\/dev.invicta.wp19.axome.cc\/fr\/produit\/foyer-a-bois-bayard-80-3-faces-cheminee\/#primaryimage\"},\"image\":{\"@id\":\"https:\/\/dev.invicta.wp19.axome.cc\/fr\/produit\/foyer-a-bois-bayard-80-3-faces-cheminee\/#primaryimage\"},\"thumbnailUrl\":\"https:\/\/dev.invicta.wp19.axome.cc\/wp-content\/uploads\/2025\/06\/BAYARD80.jpg\",\"datePublished\":\"2025-06-16T15:56:27+00:00\",\"dateModified\":\"2025-06-16T15:56:28+00:00\",\"description\":\"La porte en fa\u00e7ade et les c\u00f4t\u00e9s vitr\u00e9s offrent une vue \u00e0 180\u00b0 sur les flammes. La porte coulisse vers le haut pour recharger facilement le foyer. Pour\",\"breadcrumb\":{\"@id\":\"https:\/\/dev.invicta.wp19.axome.cc\/fr\/produit\/foyer-a-bois-bayard-80-3-faces-cheminee\/#breadcrumb\"},\"inLanguage\":\"fr-FR\",\"potentialAction\":[{\"@type\":\"ReadAction\",\"target\":[\"https:\/\/dev.invicta.wp19.axome.cc\/fr\/produit\/foyer-a-bois-bayard-80-3-faces-cheminee\/\"]}]},{\"@type\":\"ImageObject\",\"inLanguage\":\"fr-FR\",\"@id\":\"https:\/\/dev.invicta.wp19.axome.cc\/fr\/produit\/foyer-a-bois-bayard-80-3-faces-cheminee\/#primaryimage\",\"url\":\"https:\/\/dev.invicta.wp19.axome.cc\/wp-content\/uploads\/2025\/06\/BAYARD80.jpg\",\"contentUrl\":\"https:\/\/dev.invicta.wp19.axome.cc\/wp-content\/uploads\/2025\/06\/BAYARD80.jpg\",\"width\":708,\"height\":1000,\"caption\":\"Foyer \u00e0 Bois BAYARD 80 \u2013 3 Faces \u2013 Chemin\u00e9e\"},{\"@type\":\"BreadcrumbList\",\"@id\":\"https:\/\/dev.invicta.wp19.axome.cc\/fr\/produit\/foyer-a-bois-bayard-80-3-faces-cheminee\/#breadcrumb\",\"itemListElement\":[{\"@type\":\"ListItem\",\"position\":1,\"name\":\"Accueil\",\"item\":\"https:\/\/dev.invicta.wp19.axome.cc\/fr\/\"},{\"@type\":\"ListItem\",\"position\":2,\"name\":\"Produits\",\"item\":\"https:\/\/dev.invicta.wp19.axome.cc\/fr\/shop\/\"},{\"@type\":\"ListItem\",\"position\":3,\"name\":\"Foyer \u00e0 Bois BAYARD 80 \u2013 3 Faces \u2013 Chemin\u00e9e\"}]},{\"@type\":\"WebSite\",\"@id\":\"https:\/\/dev.invicta.wp19.axome.cc\/fr\/#website\",\"url\":\"https:\/\/dev.invicta.wp19.axome.cc\/fr\/\",\"name\":\"Invicta\",\"description\":\"Fabricant fran\u00e7ais, sp\u00e9cialiste europ\u00e9en du chauffage au bois : po\u00eales \u00e0 bois et \u00e0 granul\u00e9s, chemin\u00e9es, foyers et inserts\",\"publisher\":{\"@id\":\"https:\/\/dev.invicta.wp19.axome.cc\/fr\/#organization\"},\"potentialAction\":[{\"@type\":\"SearchAction\",\"target\":{\"@type\":\"EntryPoint\",\"urlTemplate\":\"https:\/\/dev.invicta.wp19.axome.cc\/fr\/?s={search_term_string}\"},\"query-input\":{\"@type\":\"PropertyValueSpecification\",\"valueRequired\":true,\"valueName\":\"search_term_string\"}}],\"inLanguage\":\"fr-FR\"},{\"@type\":\"Organization\",\"@id\":\"https:\/\/dev.invicta.wp19.axome.cc\/fr\/#organization\",\"name\":\"Invicta\",\"url\":\"https:\/\/dev.invicta.wp19.axome.cc\/fr\/\",\"logo\":{\"@type\":\"ImageObject\",\"inLanguage\":\"fr-FR\",\"@id\":\"https:\/\/dev.invicta.wp19.axome.cc\/fr\/#\/schema\/logo\/image\/\",\"url\":\"https:\/\/www.invicta.fr\/wp-content\/uploads\/2019\/06\/INVICTALOGO_RVB.png\",\"contentUrl\":\"https:\/\/www.invicta.fr\/wp-content\/uploads\/2019\/06\/INVICTALOGO_RVB.png\",\"width\":1810,\"height\":1280,\"caption\":\"Invicta\"},\"image\":{\"@id\":\"https:\/\/dev.invicta.wp19.axome.cc\/fr\/#\/schema\/logo\/image\/\"}}]}<\/script>\n<!-- \/ Yoast SEO plugin. -->","yoast_head_json":{"title":"Foyer \u00e0 Bois BAYARD 80 \u2013 3 Faces \u2013 Chemin\u00e9e - Invicta","description":"La porte en fa\u00e7ade et les c\u00f4t\u00e9s vitr\u00e9s offrent une vue \u00e0 180\u00b0 sur les flammes. La porte coulisse vers le haut pour recharger facilement le foyer. Pour","robots":{"index":"index","follow":"follow","max-snippet":"max-snippet:-1","max-image-preview":"max-image-preview:large","max-video-preview":"max-video-preview:-1"},"canonical":"https:\/\/dev.invicta.wp19.axome.cc\/fr\/produit\/foyer-a-bois-bayard-80-3-faces-cheminee\/","og_locale":"fr_FR","og_type":"article","og_title":"Foyer \u00e0 Bois BAYARD 80 \u2013 3 Faces \u2013 Chemin\u00e9e - Invicta","og_description":"La porte en fa\u00e7ade et les c\u00f4t\u00e9s vitr\u00e9s offrent une vue \u00e0 180\u00b0 sur les flammes. La porte coulisse vers le haut pour recharger facilement le foyer. Pour","og_url":"https:\/\/dev.invicta.wp19.axome.cc\/fr\/produit\/foyer-a-bois-bayard-80-3-faces-cheminee\/","og_site_name":"Invicta","article_modified_time":"2025-06-16T15:56:28+00:00","og_image":[{"width":708,"height":1000,"url":"https:\/\/dev.invicta.wp19.axome.cc\/wp-content\/uploads\/2025\/06\/BAYARD80.jpg","type":"image\/jpeg"}],"twitter_card":"summary_large_image","schema":{"@context":"https:\/\/schema.org","@graph":[{"@type":"WebPage","@id":"https:\/\/dev.invicta.wp19.axome.cc\/fr\/produit\/foyer-a-bois-bayard-80-3-faces-cheminee\/","url":"https:\/\/dev.invicta.wp19.axome.cc\/fr\/produit\/foyer-a-bois-bayard-80-3-faces-cheminee\/","name":"Foyer \u00e0 Bois BAYARD 80 \u2013 3 Faces \u2013 Chemin\u00e9e - Invicta","isPartOf":{"@id":"https:\/\/dev.invicta.wp19.axome.cc\/fr\/#website"},"primaryImageOfPage":{"@id":"https:\/\/dev.invicta.wp19.axome.cc\/fr\/produit\/foyer-a-bois-bayard-80-3-faces-cheminee\/#primaryimage"},"image":{"@id":"https:\/\/dev.invicta.wp19.axome.cc\/fr\/produit\/foyer-a-bois-bayard-80-3-faces-cheminee\/#primaryimage"},"thumbnailUrl":"https:\/\/dev.invicta.wp19.axome.cc\/wp-content\/uploads\/2025\/06\/BAYARD80.jpg","datePublished":"2025-06-16T15:56:27+00:00","dateModified":"2025-06-16T15:56:28+00:00","description":"La porte en fa\u00e7ade et les c\u00f4t\u00e9s vitr\u00e9s offrent une vue \u00e0 180\u00b0 sur les flammes. La porte coulisse vers le haut pour recharger facilement le foyer. Pour","breadcrumb":{"@id":"https:\/\/dev.invicta.wp19.axome.cc\/fr\/produit\/foyer-a-bois-bayard-80-3-faces-cheminee\/#breadcrumb"},"inLanguage":"fr-FR","potentialAction":[{"@type":"ReadAction","target":["https:\/\/dev.invicta.wp19.axome.cc\/fr\/produit\/foyer-a-bois-bayard-80-3-faces-cheminee\/"]}]},{"@type":"ImageObject","inLanguage":"fr-FR","@id":"https:\/\/dev.invicta.wp19.axome.cc\/fr\/produit\/foyer-a-bois-bayard-80-3-faces-cheminee\/#primaryimage","url":"https:\/\/dev.invicta.wp19.axome.cc\/wp-content\/uploads\/2025\/06\/BAYARD80.jpg","contentUrl":"https:\/\/dev.invicta.wp19.axome.cc\/wp-content\/uploads\/2025\/06\/BAYARD80.jpg","width":708,"height":1000,"caption":"Foyer \u00e0 Bois BAYARD 80 \u2013 3 Faces \u2013 Chemin\u00e9e"},{"@type":"BreadcrumbList","@id":"https:\/\/dev.invicta.wp19.axome.cc\/fr\/produit\/foyer-a-bois-bayard-80-3-faces-cheminee\/#breadcrumb","itemListElement":[{"@type":"ListItem","position":1,"name":"Accueil","item":"https:\/\/dev.invicta.wp19.axome.cc\/fr\/"},{"@type":"ListItem","position":2,"name":"Produits","item":"https:\/\/dev.invicta.wp19.axome.cc\/fr\/shop\/"},{"@type":"ListItem","position":3,"name":"Foyer \u00e0 Bois BAYARD 80 \u2013 3 Faces \u2013 Chemin\u00e9e"}]},{"@type":"WebSite","@id":"https:\/\/dev.invicta.wp19.axome.cc\/fr\/#website","url":"https:\/\/dev.invicta.wp19.axome.cc\/fr\/","name":"Invicta","description":"Fabricant fran\u00e7ais, sp\u00e9cialiste europ\u00e9en du chauffage au bois : po\u00eales \u00e0 bois et \u00e0 granul\u00e9s, chemin\u00e9es, foyers et inserts","publisher":{"@id":"https:\/\/dev.invicta.wp19.axome.cc\/fr\/#organization"},"potentialAction":[{"@type":"SearchAction","target":{"@type":"EntryPoint","urlTemplate":"https:\/\/dev.invicta.wp19.axome.cc\/fr\/?s={search_term_string}"},"query-input":{"@type":"PropertyValueSpecification","valueRequired":true,"valueName":"search_term_string"}}],"inLanguage":"fr-FR"},{"@type":"Organization","@id":"https:\/\/dev.invicta.wp19.axome.cc\/fr\/#organization","name":"Invicta","url":"https:\/\/dev.invicta.wp19.axome.cc\/fr\/","logo":{"@type":"ImageObject","inLanguage":"fr-FR","@id":"https:\/\/dev.invicta.wp19.axome.cc\/fr\/#\/schema\/logo\/image\/","url":"https:\/\/www.invicta.fr\/wp-content\/uploads\/2019\/06\/INVICTALOGO_RVB.png","contentUrl":"https:\/\/www.invicta.fr\/wp-content\/uploads\/2019\/06\/INVICTALOGO_RVB.png","width":1810,"height":1280,"caption":"Invicta"},"image":{"@id":"https:\/\/dev.invicta.wp19.axome.cc\/fr\/#\/schema\/logo\/image\/"}}]}},"_links":{"self":[{"href":"https:\/\/dev.invicta.wp19.axome.cc\/fr\/wp-json\/wp\/v2\/product\/67757","targetHints":{"allow":["GET"]}}],"collection":[{"href":"https:\/\/dev.invicta.wp19.axome.cc\/fr\/wp-json\/wp\/v2\/product"}],"about":[{"href":"https:\/\/dev.invicta.wp19.axome.cc\/fr\/wp-json\/wp\/v2\/types\/product"}],"wp:featuredmedia":[{"embeddable":true,"href":"https:\/\/dev.invicta.wp19.axome.cc\/fr\/wp-json\/wp\/v2\/media\/67758"}],"wp:attachment":[{"href":"https:\/\/dev.invicta.wp19.axome.cc\/fr\/wp-json\/wp\/v2\/media?parent=67757"}],"wp:term":[{"taxonomy":"product_brand","embeddable":true,"href":"https:\/\/dev.invicta.wp19.axome.cc\/fr\/wp-json\/wp\/v2\/product_brand?post=67757"},{"taxonomy":"product_cat","embeddable":true,"href":"https:\/\/dev.invicta.wp19.axome.cc\/fr\/wp-json\/wp\/v2\/product_cat?post=67757"},{"taxonomy":"product_tag","embeddable":true,"href":"https:\/\/dev.invicta.wp19.axome.cc\/fr\/wp-json\/wp\/v2\/product_tag?post=67757"},{"taxonomy":"plus_produit","embeddable":true,"href":"https:\/\/dev.invicta.wp19.axome.cc\/fr\/wp-json\/wp\/v2\/plus_produit?post=67757"}],"curies":[{"name":"wp","href":"https:\/\/api.w.org\/{rel}","templated":true}]}}