{"id":67966,"date":"2025-11-26T08:18:22","date_gmt":"2025-11-26T07:18:22","guid":{"rendered":"https:\/\/dev.invicta.wp19.axome.cc\/produit\/poele-a-granules-nola-7-noir-poele-a-pellets\/"},"modified":"2025-11-26T09:18:25","modified_gmt":"2025-11-26T08:18:25","slug":"poele-a-granules-nola-7-noir","status":"publish","type":"product","link":"https:\/\/dev.invicta.wp19.axome.cc\/fr\/produit\/poele-a-granules-nola-7-noir\/","title":{"rendered":"Po\u00eale \u00e0 Granul\u00e9s Nola 7 noir &#8211; Po\u00eale \u00e0 Pellets"},"content":{"rendered":"","protected":false},"excerpt":{"rendered":"<p>Nola 7 arbore un style sobre et moderne qui s&#8217;int\u00e8gre harmonieusement \u00e0 tout type de d\u00e9coration. Gr\u00e2ce \u00e0 son rendement \u00e9lev\u00e9 et \u00e0 sa programmation, il assure une chaleur confortable, \u00e9conomique et adapt\u00e9e \u00e0 vos besoins quotidiens.<\/p>\n","protected":false},"featured_media":67967,"template":"","meta":{"_acf_changed":false},"product_brand":[],"product_cat":[2117,26,49,5864,5857,5837,5885,5856,5884],"product_tag":[57,7095,58,7096,64,7093,7557,5601,5592,65,6825],"plus_produit":[137,6835,5365,1925,1968,1921,2137,1994],"class_list":{"1":"product","4":"has-post-thumbnail","6":"product_cat-aide-au-choix","7":"product_cat-poeles-granules","8":"product_cat-poeles-a-granules-pellets","9":"product_cat-poeles-a-granules-7-kw","10":"product_cat-poeles-a-granules-autonomes","11":"product_cat-poeles-a-granules-programmables","12":"product_cat-poeles-a-granules-contemporains","13":"product_cat-poeles-a-granules-modernes","14":"product_cat-poeles-a-granules-rouges","15":"product_tag-flamme-verte","16":"product_tag-1-flamme-verte-7","17":"product_tag-eco-design-2022","18":"product_tag-2-eco-design-2022","19":"product_tag-a-ecolabel-2","20":"product_tag-flamme-verte-2","21":"product_tag-fournie","22":"product_tag-telecommande-fournie","23":"product_tag-wifi-option-c02270","24":"product_tag-garantie-2-ans","25":"product_tag-garantie-extension-1-an","26":"pa_autonomie-maximum-24-5","27":"pa_autonomie-minimum-9-5","28":"pa_capacite-de-la-tremie-16-5-kg","29":"pa_consommation-0-67-1-68","30":"pa_depart-des-fumees-arriere","31":"pa_designer-non-utilise","32":"pa_diametre-de-buse-10228","33":"pa_indice-de-performance-5443","34":"pa_modulation-de-puissance-3-7-kw","35":"pa_surface-de-chauffe-25-a-85-m","36":"pa_taux-de-co-0-01","37":"pa_volume-de-chauffe-65-a-210-m","38":"plus_produit-diffusion-dair-chaud-par-ventilateur-tangenciel","39":"plus_produit-extension-de-garantie-1-an","40":"plus_produit-kit-wifi-en-option","41":"plus_produit-possibilite-de-pilotage-par-thermostat-externe-non-fourni","42":"plus_produit-programmation","43":"plus_produit-regulation-de-lallure-ou-de-la-temperature-ambiante","44":"plus_produit-stand-by-veille","45":"plus_produit-telecommande-fournie-avec-le-poele","47":"first","48":"instock","49":"purchasable","50":"product-type-simple"},"acf":[],"yoast_head":"<!-- This site is optimized with the Yoast SEO plugin v24.7 - https:\/\/yoast.com\/wordpress\/plugins\/seo\/ -->\n<title>Po\u00eale \u00e0 Granul\u00e9s Nola 7 noir - Po\u00eale \u00e0 Pellets - Invicta<\/title>\n<meta name=\"description\" content=\"Nola 7 arbore un style sobre et moderne qui s&#039;int\u00e8gre harmonieusement \u00e0 tout type de d\u00e9coration. Gr\u00e2ce \u00e0 son rendement \u00e9lev\u00e9 et \u00e0 sa programmation, il assure une chaleur confortable, \u00e9conomique et adapt\u00e9e \u00e0 vos besoins quotidiens.\" \/>\n<meta name=\"robots\" content=\"index, follow, max-snippet:-1, max-image-preview:large, max-video-preview:-1\" \/>\n<link rel=\"canonical\" href=\"https:\/\/dev.invicta.wp19.axome.cc\/fr\/produit\/poele-a-granules-nola-7-noir\/\" \/>\n<meta property=\"og:locale\" content=\"fr_FR\" \/>\n<meta property=\"og:type\" content=\"article\" \/>\n<meta property=\"og:title\" content=\"Po\u00eale \u00e0 Granul\u00e9s Nola 7 noir - Po\u00eale \u00e0 Pellets - Invicta\" \/>\n<meta property=\"og:description\" content=\"Nola 7 arbore un style sobre et moderne qui s&#039;int\u00e8gre harmonieusement \u00e0 tout type de d\u00e9coration. Gr\u00e2ce \u00e0 son rendement \u00e9lev\u00e9 et \u00e0 sa programmation, il assure une chaleur confortable, \u00e9conomique et adapt\u00e9e \u00e0 vos besoins quotidiens.\" \/>\n<meta property=\"og:url\" content=\"https:\/\/dev.invicta.wp19.axome.cc\/fr\/produit\/poele-a-granules-nola-7-noir\/\" \/>\n<meta property=\"og:site_name\" content=\"Invicta\" \/>\n<meta property=\"article:modified_time\" content=\"2025-11-26T08:18:25+00:00\" \/>\n<meta property=\"og:image\" content=\"https:\/\/dev.invicta.wp19.axome.cc\/wp-content\/uploads\/2025\/06\/Nola7-noir-feu-e1567755831772.jpg\" \/>\n\t<meta property=\"og:image:width\" content=\"477\" \/>\n\t<meta property=\"og:image:height\" content=\"841\" \/>\n\t<meta property=\"og:image:type\" content=\"image\/jpeg\" \/>\n<meta name=\"twitter:card\" content=\"summary_large_image\" \/>\n<script type=\"application\/ld+json\" class=\"yoast-schema-graph\">{\"@context\":\"https:\/\/schema.org\",\"@graph\":[{\"@type\":\"WebPage\",\"@id\":\"https:\/\/dev.invicta.wp19.axome.cc\/fr\/produit\/poele-a-granules-nola-7-noir\/\",\"url\":\"https:\/\/dev.invicta.wp19.axome.cc\/fr\/produit\/poele-a-granules-nola-7-noir\/\",\"name\":\"Po\u00eale \u00e0 Granul\u00e9s Nola 7 noir - Po\u00eale \u00e0 Pellets - Invicta\",\"isPartOf\":{\"@id\":\"https:\/\/dev.invicta.wp19.axome.cc\/fr\/#website\"},\"primaryImageOfPage\":{\"@id\":\"https:\/\/dev.invicta.wp19.axome.cc\/fr\/produit\/poele-a-granules-nola-7-noir\/#primaryimage\"},\"image\":{\"@id\":\"https:\/\/dev.invicta.wp19.axome.cc\/fr\/produit\/poele-a-granules-nola-7-noir\/#primaryimage\"},\"thumbnailUrl\":\"https:\/\/dev.invicta.wp19.axome.cc\/wp-content\/uploads\/2025\/06\/Nola7-noir-feu-e1567755831772.jpg\",\"datePublished\":\"2025-11-26T07:18:22+00:00\",\"dateModified\":\"2025-11-26T08:18:25+00:00\",\"description\":\"Nola 7 arbore un style sobre et moderne qui s'int\u00e8gre harmonieusement \u00e0 tout type de d\u00e9coration. Gr\u00e2ce \u00e0 son rendement \u00e9lev\u00e9 et \u00e0 sa programmation, il assure une chaleur confortable, \u00e9conomique et adapt\u00e9e \u00e0 vos besoins quotidiens.\",\"breadcrumb\":{\"@id\":\"https:\/\/dev.invicta.wp19.axome.cc\/fr\/produit\/poele-a-granules-nola-7-noir\/#breadcrumb\"},\"inLanguage\":\"fr-FR\",\"potentialAction\":[{\"@type\":\"ReadAction\",\"target\":[\"https:\/\/dev.invicta.wp19.axome.cc\/fr\/produit\/poele-a-granules-nola-7-noir\/\"]}]},{\"@type\":\"ImageObject\",\"inLanguage\":\"fr-FR\",\"@id\":\"https:\/\/dev.invicta.wp19.axome.cc\/fr\/produit\/poele-a-granules-nola-7-noir\/#primaryimage\",\"url\":\"https:\/\/dev.invicta.wp19.axome.cc\/wp-content\/uploads\/2025\/06\/Nola7-noir-feu-e1567755831772.jpg\",\"contentUrl\":\"https:\/\/dev.invicta.wp19.axome.cc\/wp-content\/uploads\/2025\/06\/Nola7-noir-feu-e1567755831772.jpg\",\"width\":477,\"height\":841,\"caption\":\"Po\u00eale \u00e0 Granul\u00e9s Nola 7 noir - Po\u00eale \u00e0 Pellets\"},{\"@type\":\"BreadcrumbList\",\"@id\":\"https:\/\/dev.invicta.wp19.axome.cc\/fr\/produit\/poele-a-granules-nola-7-noir\/#breadcrumb\",\"itemListElement\":[{\"@type\":\"ListItem\",\"position\":1,\"name\":\"Accueil\",\"item\":\"https:\/\/dev.invicta.wp19.axome.cc\/fr\/\"},{\"@type\":\"ListItem\",\"position\":2,\"name\":\"Produits\",\"item\":\"https:\/\/dev.invicta.wp19.axome.cc\/fr\/shop\/\"},{\"@type\":\"ListItem\",\"position\":3,\"name\":\"Po\u00eales \u00e0 Granul\u00e9s\",\"item\":\"https:\/\/dev.invicta.wp19.axome.cc\/fr\/categorie-produit\/poeles-granules\/\"},{\"@type\":\"ListItem\",\"position\":4,\"name\":\"Po\u00eales \u00e0 Granul\u00e9s Standards\",\"item\":\"https:\/\/dev.invicta.wp19.axome.cc\/fr\/categorie-produit\/poeles-granules\/poeles-a-granules-pellets\/\"},{\"@type\":\"ListItem\",\"position\":5,\"name\":\"Po\u00eale \u00e0 Granul\u00e9s Nola 7 noir &#8211; Po\u00eale \u00e0 Pellets\"}]},{\"@type\":\"WebSite\",\"@id\":\"https:\/\/dev.invicta.wp19.axome.cc\/fr\/#website\",\"url\":\"https:\/\/dev.invicta.wp19.axome.cc\/fr\/\",\"name\":\"Invicta\",\"description\":\"Fabricant fran\u00e7ais, sp\u00e9cialiste europ\u00e9en du chauffage au bois : po\u00eales \u00e0 bois et \u00e0 granul\u00e9s, chemin\u00e9es, foyers et inserts\",\"publisher\":{\"@id\":\"https:\/\/dev.invicta.wp19.axome.cc\/fr\/#organization\"},\"potentialAction\":[{\"@type\":\"SearchAction\",\"target\":{\"@type\":\"EntryPoint\",\"urlTemplate\":\"https:\/\/dev.invicta.wp19.axome.cc\/fr\/?s={search_term_string}\"},\"query-input\":{\"@type\":\"PropertyValueSpecification\",\"valueRequired\":true,\"valueName\":\"search_term_string\"}}],\"inLanguage\":\"fr-FR\"},{\"@type\":\"Organization\",\"@id\":\"https:\/\/dev.invicta.wp19.axome.cc\/fr\/#organization\",\"name\":\"Invicta\",\"url\":\"https:\/\/dev.invicta.wp19.axome.cc\/fr\/\",\"logo\":{\"@type\":\"ImageObject\",\"inLanguage\":\"fr-FR\",\"@id\":\"https:\/\/dev.invicta.wp19.axome.cc\/fr\/#\/schema\/logo\/image\/\",\"url\":\"https:\/\/www.invicta.fr\/wp-content\/uploads\/2019\/06\/INVICTALOGO_RVB.png\",\"contentUrl\":\"https:\/\/www.invicta.fr\/wp-content\/uploads\/2019\/06\/INVICTALOGO_RVB.png\",\"width\":1810,\"height\":1280,\"caption\":\"Invicta\"},\"image\":{\"@id\":\"https:\/\/dev.invicta.wp19.axome.cc\/fr\/#\/schema\/logo\/image\/\"}}]}<\/script>\n<!-- \/ Yoast SEO plugin. -->","yoast_head_json":{"title":"Po\u00eale \u00e0 Granul\u00e9s Nola 7 noir - Po\u00eale \u00e0 Pellets - Invicta","description":"Nola 7 arbore un style sobre et moderne qui s'int\u00e8gre harmonieusement \u00e0 tout type de d\u00e9coration. Gr\u00e2ce \u00e0 son rendement \u00e9lev\u00e9 et \u00e0 sa programmation, il assure une chaleur confortable, \u00e9conomique et adapt\u00e9e \u00e0 vos besoins quotidiens.","robots":{"index":"index","follow":"follow","max-snippet":"max-snippet:-1","max-image-preview":"max-image-preview:large","max-video-preview":"max-video-preview:-1"},"canonical":"https:\/\/dev.invicta.wp19.axome.cc\/fr\/produit\/poele-a-granules-nola-7-noir\/","og_locale":"fr_FR","og_type":"article","og_title":"Po\u00eale \u00e0 Granul\u00e9s Nola 7 noir - Po\u00eale \u00e0 Pellets - Invicta","og_description":"Nola 7 arbore un style sobre et moderne qui s'int\u00e8gre harmonieusement \u00e0 tout type de d\u00e9coration. Gr\u00e2ce \u00e0 son rendement \u00e9lev\u00e9 et \u00e0 sa programmation, il assure une chaleur confortable, \u00e9conomique et adapt\u00e9e \u00e0 vos besoins quotidiens.","og_url":"https:\/\/dev.invicta.wp19.axome.cc\/fr\/produit\/poele-a-granules-nola-7-noir\/","og_site_name":"Invicta","article_modified_time":"2025-11-26T08:18:25+00:00","og_image":[{"width":477,"height":841,"url":"https:\/\/dev.invicta.wp19.axome.cc\/wp-content\/uploads\/2025\/06\/Nola7-noir-feu-e1567755831772.jpg","type":"image\/jpeg"}],"twitter_card":"summary_large_image","schema":{"@context":"https:\/\/schema.org","@graph":[{"@type":"WebPage","@id":"https:\/\/dev.invicta.wp19.axome.cc\/fr\/produit\/poele-a-granules-nola-7-noir\/","url":"https:\/\/dev.invicta.wp19.axome.cc\/fr\/produit\/poele-a-granules-nola-7-noir\/","name":"Po\u00eale \u00e0 Granul\u00e9s Nola 7 noir - Po\u00eale \u00e0 Pellets - Invicta","isPartOf":{"@id":"https:\/\/dev.invicta.wp19.axome.cc\/fr\/#website"},"primaryImageOfPage":{"@id":"https:\/\/dev.invicta.wp19.axome.cc\/fr\/produit\/poele-a-granules-nola-7-noir\/#primaryimage"},"image":{"@id":"https:\/\/dev.invicta.wp19.axome.cc\/fr\/produit\/poele-a-granules-nola-7-noir\/#primaryimage"},"thumbnailUrl":"https:\/\/dev.invicta.wp19.axome.cc\/wp-content\/uploads\/2025\/06\/Nola7-noir-feu-e1567755831772.jpg","datePublished":"2025-11-26T07:18:22+00:00","dateModified":"2025-11-26T08:18:25+00:00","description":"Nola 7 arbore un style sobre et moderne qui s'int\u00e8gre harmonieusement \u00e0 tout type de d\u00e9coration. Gr\u00e2ce \u00e0 son rendement \u00e9lev\u00e9 et \u00e0 sa programmation, il assure une chaleur confortable, \u00e9conomique et adapt\u00e9e \u00e0 vos besoins quotidiens.","breadcrumb":{"@id":"https:\/\/dev.invicta.wp19.axome.cc\/fr\/produit\/poele-a-granules-nola-7-noir\/#breadcrumb"},"inLanguage":"fr-FR","potentialAction":[{"@type":"ReadAction","target":["https:\/\/dev.invicta.wp19.axome.cc\/fr\/produit\/poele-a-granules-nola-7-noir\/"]}]},{"@type":"ImageObject","inLanguage":"fr-FR","@id":"https:\/\/dev.invicta.wp19.axome.cc\/fr\/produit\/poele-a-granules-nola-7-noir\/#primaryimage","url":"https:\/\/dev.invicta.wp19.axome.cc\/wp-content\/uploads\/2025\/06\/Nola7-noir-feu-e1567755831772.jpg","contentUrl":"https:\/\/dev.invicta.wp19.axome.cc\/wp-content\/uploads\/2025\/06\/Nola7-noir-feu-e1567755831772.jpg","width":477,"height":841,"caption":"Po\u00eale \u00e0 Granul\u00e9s Nola 7 noir - Po\u00eale \u00e0 Pellets"},{"@type":"BreadcrumbList","@id":"https:\/\/dev.invicta.wp19.axome.cc\/fr\/produit\/poele-a-granules-nola-7-noir\/#breadcrumb","itemListElement":[{"@type":"ListItem","position":1,"name":"Accueil","item":"https:\/\/dev.invicta.wp19.axome.cc\/fr\/"},{"@type":"ListItem","position":2,"name":"Produits","item":"https:\/\/dev.invicta.wp19.axome.cc\/fr\/shop\/"},{"@type":"ListItem","position":3,"name":"Po\u00eales \u00e0 Granul\u00e9s","item":"https:\/\/dev.invicta.wp19.axome.cc\/fr\/categorie-produit\/poeles-granules\/"},{"@type":"ListItem","position":4,"name":"Po\u00eales \u00e0 Granul\u00e9s Standards","item":"https:\/\/dev.invicta.wp19.axome.cc\/fr\/categorie-produit\/poeles-granules\/poeles-a-granules-pellets\/"},{"@type":"ListItem","position":5,"name":"Po\u00eale \u00e0 Granul\u00e9s Nola 7 noir &#8211; Po\u00eale \u00e0 Pellets"}]},{"@type":"WebSite","@id":"https:\/\/dev.invicta.wp19.axome.cc\/fr\/#website","url":"https:\/\/dev.invicta.wp19.axome.cc\/fr\/","name":"Invicta","description":"Fabricant fran\u00e7ais, sp\u00e9cialiste europ\u00e9en du chauffage au bois : po\u00eales \u00e0 bois et \u00e0 granul\u00e9s, chemin\u00e9es, foyers et inserts","publisher":{"@id":"https:\/\/dev.invicta.wp19.axome.cc\/fr\/#organization"},"potentialAction":[{"@type":"SearchAction","target":{"@type":"EntryPoint","urlTemplate":"https:\/\/dev.invicta.wp19.axome.cc\/fr\/?s={search_term_string}"},"query-input":{"@type":"PropertyValueSpecification","valueRequired":true,"valueName":"search_term_string"}}],"inLanguage":"fr-FR"},{"@type":"Organization","@id":"https:\/\/dev.invicta.wp19.axome.cc\/fr\/#organization","name":"Invicta","url":"https:\/\/dev.invicta.wp19.axome.cc\/fr\/","logo":{"@type":"ImageObject","inLanguage":"fr-FR","@id":"https:\/\/dev.invicta.wp19.axome.cc\/fr\/#\/schema\/logo\/image\/","url":"https:\/\/www.invicta.fr\/wp-content\/uploads\/2019\/06\/INVICTALOGO_RVB.png","contentUrl":"https:\/\/www.invicta.fr\/wp-content\/uploads\/2019\/06\/INVICTALOGO_RVB.png","width":1810,"height":1280,"caption":"Invicta"},"image":{"@id":"https:\/\/dev.invicta.wp19.axome.cc\/fr\/#\/schema\/logo\/image\/"}}]}},"_links":{"self":[{"href":"https:\/\/dev.invicta.wp19.axome.cc\/fr\/wp-json\/wp\/v2\/product\/67966","targetHints":{"allow":["GET"]}}],"collection":[{"href":"https:\/\/dev.invicta.wp19.axome.cc\/fr\/wp-json\/wp\/v2\/product"}],"about":[{"href":"https:\/\/dev.invicta.wp19.axome.cc\/fr\/wp-json\/wp\/v2\/types\/product"}],"wp:featuredmedia":[{"embeddable":true,"href":"https:\/\/dev.invicta.wp19.axome.cc\/fr\/wp-json\/wp\/v2\/media\/67967"}],"wp:attachment":[{"href":"https:\/\/dev.invicta.wp19.axome.cc\/fr\/wp-json\/wp\/v2\/media?parent=67966"}],"wp:term":[{"taxonomy":"product_brand","embeddable":true,"href":"https:\/\/dev.invicta.wp19.axome.cc\/fr\/wp-json\/wp\/v2\/product_brand?post=67966"},{"taxonomy":"product_cat","embeddable":true,"href":"https:\/\/dev.invicta.wp19.axome.cc\/fr\/wp-json\/wp\/v2\/product_cat?post=67966"},{"taxonomy":"product_tag","embeddable":true,"href":"https:\/\/dev.invicta.wp19.axome.cc\/fr\/wp-json\/wp\/v2\/product_tag?post=67966"},{"taxonomy":"plus_produit","embeddable":true,"href":"https:\/\/dev.invicta.wp19.axome.cc\/fr\/wp-json\/wp\/v2\/plus_produit?post=67966"}],"curies":[{"name":"wp","href":"https:\/\/api.w.org\/{rel}","templated":true}]}}