{"id":68784,"date":"2025-11-26T08:05:04","date_gmt":"2025-11-26T07:05:04","guid":{"rendered":"https:\/\/dev.invicta.wp19.axome.cc\/produit\/foyer-a-bois-dangle-700-vitre-gauche-cheminee\/"},"modified":"2025-11-26T09:05:05","modified_gmt":"2025-11-26T08:05:05","slug":"foyer-dangle-700-vitre-gauche","status":"publish","type":"product","link":"https:\/\/dev.invicta.wp19.axome.cc\/fr\/produit\/foyer-dangle-700-vitre-gauche\/","title":{"rendered":"Foyer \u00e0 Bois d&#8217;angle 700 Vitre Gauche &#8211; Chemin\u00e9e"},"content":{"rendered":"","protected":false},"excerpt":{"rendered":"<p>La grande surface vitr\u00e9e de ce foyer d&#8217;angle invite \u00e0 la r\u00eaverie au coin du feu.<\/p>\n","protected":false},"featured_media":0,"template":"","meta":{"_acf_changed":false},"product_brand":[],"product_cat":[],"product_tag":[59,7094,65],"plus_produit":[2147,6834,2146,129,130,140],"class_list":{"1":"product","5":"product_tag-a-ecolabel","6":"product_tag-vitre-propre","7":"product_tag-garantie-2-ans","8":"pa_consommation-053-a-222-kg-heure","9":"pa_designer-non-utilise","10":"pa_surface-de-chauffe-25-100","11":"pa_volume-de-chauffe-100-210-m","12":"plus_produit-belle-vision-des-flammes","13":"plus_produit-extension-de-garantie-3-ans","14":"plus_produit-intermittent-et-combustion-prolongee-3-heures","15":"plus_produit-systeme-de-post-combustion","16":"plus_produit-vitre-propre","17":"plus_produit-volet-de-buse","19":"first","20":"instock","21":"purchasable","22":"product-type-simple"},"acf":[],"yoast_head":"<!-- This site is optimized with the Yoast SEO plugin v24.7 - https:\/\/yoast.com\/wordpress\/plugins\/seo\/ -->\n<title>Foyer \u00e0 Bois d&#039;angle 700 Vitre Gauche - Chemin\u00e9e - Invicta<\/title>\n<meta name=\"description\" content=\"La grande surface vitr\u00e9e de ce foyer d&#039;angle invite \u00e0 la r\u00eaverie au coin du feu.\" \/>\n<meta name=\"robots\" content=\"index, follow, max-snippet:-1, max-image-preview:large, max-video-preview:-1\" \/>\n<link rel=\"canonical\" href=\"https:\/\/dev.invicta.wp19.axome.cc\/fr\/produit\/foyer-dangle-700-vitre-gauche\/\" \/>\n<meta property=\"og:locale\" content=\"fr_FR\" \/>\n<meta property=\"og:type\" content=\"article\" \/>\n<meta property=\"og:title\" content=\"Foyer \u00e0 Bois d&#039;angle 700 Vitre Gauche - Chemin\u00e9e - Invicta\" \/>\n<meta property=\"og:description\" content=\"La grande surface vitr\u00e9e de ce foyer d&#039;angle invite \u00e0 la r\u00eaverie au coin du feu.\" \/>\n<meta property=\"og:url\" content=\"https:\/\/dev.invicta.wp19.axome.cc\/fr\/produit\/foyer-dangle-700-vitre-gauche\/\" \/>\n<meta property=\"og:site_name\" content=\"Invicta\" \/>\n<meta property=\"article:modified_time\" content=\"2025-11-26T08:05:05+00:00\" \/>\n<meta name=\"twitter:card\" content=\"summary_large_image\" \/>\n<script type=\"application\/ld+json\" class=\"yoast-schema-graph\">{\"@context\":\"https:\/\/schema.org\",\"@graph\":[{\"@type\":\"WebPage\",\"@id\":\"https:\/\/dev.invicta.wp19.axome.cc\/fr\/produit\/foyer-dangle-700-vitre-gauche\/\",\"url\":\"https:\/\/dev.invicta.wp19.axome.cc\/fr\/produit\/foyer-dangle-700-vitre-gauche\/\",\"name\":\"Foyer \u00e0 Bois d'angle 700 Vitre Gauche - Chemin\u00e9e - Invicta\",\"isPartOf\":{\"@id\":\"https:\/\/dev.invicta.wp19.axome.cc\/fr\/#website\"},\"datePublished\":\"2025-11-26T07:05:04+00:00\",\"dateModified\":\"2025-11-26T08:05:05+00:00\",\"description\":\"La grande surface vitr\u00e9e de ce foyer d'angle invite \u00e0 la r\u00eaverie au coin du feu.\",\"breadcrumb\":{\"@id\":\"https:\/\/dev.invicta.wp19.axome.cc\/fr\/produit\/foyer-dangle-700-vitre-gauche\/#breadcrumb\"},\"inLanguage\":\"fr-FR\",\"potentialAction\":[{\"@type\":\"ReadAction\",\"target\":[\"https:\/\/dev.invicta.wp19.axome.cc\/fr\/produit\/foyer-dangle-700-vitre-gauche\/\"]}]},{\"@type\":\"BreadcrumbList\",\"@id\":\"https:\/\/dev.invicta.wp19.axome.cc\/fr\/produit\/foyer-dangle-700-vitre-gauche\/#breadcrumb\",\"itemListElement\":[{\"@type\":\"ListItem\",\"position\":1,\"name\":\"Accueil\",\"item\":\"https:\/\/dev.invicta.wp19.axome.cc\/fr\/\"},{\"@type\":\"ListItem\",\"position\":2,\"name\":\"Produits\",\"item\":\"https:\/\/dev.invicta.wp19.axome.cc\/fr\/shop\/\"},{\"@type\":\"ListItem\",\"position\":3,\"name\":\"Foyer \u00e0 Bois d&#8217;angle 700 Vitre Gauche &#8211; Chemin\u00e9e\"}]},{\"@type\":\"WebSite\",\"@id\":\"https:\/\/dev.invicta.wp19.axome.cc\/fr\/#website\",\"url\":\"https:\/\/dev.invicta.wp19.axome.cc\/fr\/\",\"name\":\"Invicta\",\"description\":\"Fabricant fran\u00e7ais, sp\u00e9cialiste europ\u00e9en du chauffage au bois : po\u00eales \u00e0 bois et \u00e0 granul\u00e9s, chemin\u00e9es, foyers et inserts\",\"publisher\":{\"@id\":\"https:\/\/dev.invicta.wp19.axome.cc\/fr\/#organization\"},\"potentialAction\":[{\"@type\":\"SearchAction\",\"target\":{\"@type\":\"EntryPoint\",\"urlTemplate\":\"https:\/\/dev.invicta.wp19.axome.cc\/fr\/?s={search_term_string}\"},\"query-input\":{\"@type\":\"PropertyValueSpecification\",\"valueRequired\":true,\"valueName\":\"search_term_string\"}}],\"inLanguage\":\"fr-FR\"},{\"@type\":\"Organization\",\"@id\":\"https:\/\/dev.invicta.wp19.axome.cc\/fr\/#organization\",\"name\":\"Invicta\",\"url\":\"https:\/\/dev.invicta.wp19.axome.cc\/fr\/\",\"logo\":{\"@type\":\"ImageObject\",\"inLanguage\":\"fr-FR\",\"@id\":\"https:\/\/dev.invicta.wp19.axome.cc\/fr\/#\/schema\/logo\/image\/\",\"url\":\"https:\/\/www.invicta.fr\/wp-content\/uploads\/2019\/06\/INVICTALOGO_RVB.png\",\"contentUrl\":\"https:\/\/www.invicta.fr\/wp-content\/uploads\/2019\/06\/INVICTALOGO_RVB.png\",\"width\":1810,\"height\":1280,\"caption\":\"Invicta\"},\"image\":{\"@id\":\"https:\/\/dev.invicta.wp19.axome.cc\/fr\/#\/schema\/logo\/image\/\"}}]}<\/script>\n<!-- \/ Yoast SEO plugin. -->","yoast_head_json":{"title":"Foyer \u00e0 Bois d'angle 700 Vitre Gauche - Chemin\u00e9e - Invicta","description":"La grande surface vitr\u00e9e de ce foyer d'angle invite \u00e0 la r\u00eaverie au coin du feu.","robots":{"index":"index","follow":"follow","max-snippet":"max-snippet:-1","max-image-preview":"max-image-preview:large","max-video-preview":"max-video-preview:-1"},"canonical":"https:\/\/dev.invicta.wp19.axome.cc\/fr\/produit\/foyer-dangle-700-vitre-gauche\/","og_locale":"fr_FR","og_type":"article","og_title":"Foyer \u00e0 Bois d'angle 700 Vitre Gauche - Chemin\u00e9e - Invicta","og_description":"La grande surface vitr\u00e9e de ce foyer d'angle invite \u00e0 la r\u00eaverie au coin du feu.","og_url":"https:\/\/dev.invicta.wp19.axome.cc\/fr\/produit\/foyer-dangle-700-vitre-gauche\/","og_site_name":"Invicta","article_modified_time":"2025-11-26T08:05:05+00:00","twitter_card":"summary_large_image","schema":{"@context":"https:\/\/schema.org","@graph":[{"@type":"WebPage","@id":"https:\/\/dev.invicta.wp19.axome.cc\/fr\/produit\/foyer-dangle-700-vitre-gauche\/","url":"https:\/\/dev.invicta.wp19.axome.cc\/fr\/produit\/foyer-dangle-700-vitre-gauche\/","name":"Foyer \u00e0 Bois d'angle 700 Vitre Gauche - Chemin\u00e9e - Invicta","isPartOf":{"@id":"https:\/\/dev.invicta.wp19.axome.cc\/fr\/#website"},"datePublished":"2025-11-26T07:05:04+00:00","dateModified":"2025-11-26T08:05:05+00:00","description":"La grande surface vitr\u00e9e de ce foyer d'angle invite \u00e0 la r\u00eaverie au coin du feu.","breadcrumb":{"@id":"https:\/\/dev.invicta.wp19.axome.cc\/fr\/produit\/foyer-dangle-700-vitre-gauche\/#breadcrumb"},"inLanguage":"fr-FR","potentialAction":[{"@type":"ReadAction","target":["https:\/\/dev.invicta.wp19.axome.cc\/fr\/produit\/foyer-dangle-700-vitre-gauche\/"]}]},{"@type":"BreadcrumbList","@id":"https:\/\/dev.invicta.wp19.axome.cc\/fr\/produit\/foyer-dangle-700-vitre-gauche\/#breadcrumb","itemListElement":[{"@type":"ListItem","position":1,"name":"Accueil","item":"https:\/\/dev.invicta.wp19.axome.cc\/fr\/"},{"@type":"ListItem","position":2,"name":"Produits","item":"https:\/\/dev.invicta.wp19.axome.cc\/fr\/shop\/"},{"@type":"ListItem","position":3,"name":"Foyer \u00e0 Bois d&#8217;angle 700 Vitre Gauche &#8211; Chemin\u00e9e"}]},{"@type":"WebSite","@id":"https:\/\/dev.invicta.wp19.axome.cc\/fr\/#website","url":"https:\/\/dev.invicta.wp19.axome.cc\/fr\/","name":"Invicta","description":"Fabricant fran\u00e7ais, sp\u00e9cialiste europ\u00e9en du chauffage au bois : po\u00eales \u00e0 bois et \u00e0 granul\u00e9s, chemin\u00e9es, foyers et inserts","publisher":{"@id":"https:\/\/dev.invicta.wp19.axome.cc\/fr\/#organization"},"potentialAction":[{"@type":"SearchAction","target":{"@type":"EntryPoint","urlTemplate":"https:\/\/dev.invicta.wp19.axome.cc\/fr\/?s={search_term_string}"},"query-input":{"@type":"PropertyValueSpecification","valueRequired":true,"valueName":"search_term_string"}}],"inLanguage":"fr-FR"},{"@type":"Organization","@id":"https:\/\/dev.invicta.wp19.axome.cc\/fr\/#organization","name":"Invicta","url":"https:\/\/dev.invicta.wp19.axome.cc\/fr\/","logo":{"@type":"ImageObject","inLanguage":"fr-FR","@id":"https:\/\/dev.invicta.wp19.axome.cc\/fr\/#\/schema\/logo\/image\/","url":"https:\/\/www.invicta.fr\/wp-content\/uploads\/2019\/06\/INVICTALOGO_RVB.png","contentUrl":"https:\/\/www.invicta.fr\/wp-content\/uploads\/2019\/06\/INVICTALOGO_RVB.png","width":1810,"height":1280,"caption":"Invicta"},"image":{"@id":"https:\/\/dev.invicta.wp19.axome.cc\/fr\/#\/schema\/logo\/image\/"}}]}},"_links":{"self":[{"href":"https:\/\/dev.invicta.wp19.axome.cc\/fr\/wp-json\/wp\/v2\/product\/68784","targetHints":{"allow":["GET"]}}],"collection":[{"href":"https:\/\/dev.invicta.wp19.axome.cc\/fr\/wp-json\/wp\/v2\/product"}],"about":[{"href":"https:\/\/dev.invicta.wp19.axome.cc\/fr\/wp-json\/wp\/v2\/types\/product"}],"wp:attachment":[{"href":"https:\/\/dev.invicta.wp19.axome.cc\/fr\/wp-json\/wp\/v2\/media?parent=68784"}],"wp:term":[{"taxonomy":"product_brand","embeddable":true,"href":"https:\/\/dev.invicta.wp19.axome.cc\/fr\/wp-json\/wp\/v2\/product_brand?post=68784"},{"taxonomy":"product_cat","embeddable":true,"href":"https:\/\/dev.invicta.wp19.axome.cc\/fr\/wp-json\/wp\/v2\/product_cat?post=68784"},{"taxonomy":"product_tag","embeddable":true,"href":"https:\/\/dev.invicta.wp19.axome.cc\/fr\/wp-json\/wp\/v2\/product_tag?post=68784"},{"taxonomy":"plus_produit","embeddable":true,"href":"https:\/\/dev.invicta.wp19.axome.cc\/fr\/wp-json\/wp\/v2\/plus_produit?post=68784"}],"curies":[{"name":"wp","href":"https:\/\/api.w.org\/{rel}","templated":true}]}}