{"id":27774,"date":"2019-10-16T16:24:58","date_gmt":"2019-10-16T14:24:58","guid":{"rendered":"https:\/\/dev.invicta.wp19.axome.cc\/revendedores\/tecnicos-de-lareiras\/"},"modified":"2022-07-27T14:33:56","modified_gmt":"2022-07-27T12:33:56","slug":"tecnicos-de-lareiras","status":"publish","type":"page","link":"https:\/\/dev.invicta.wp19.axome.cc\/pt\/revendedores\/tecnicos-de-lareiras\/","title":{"rendered":"T\u00e9cnicos de Lareiras"},"content":{"rendered":"\t\t<div data-elementor-type=\"wp-page\" data-elementor-id=\"27774\" class=\"elementor elementor-27774 elementor-8469\" data-elementor-post-type=\"page\">\n\t\t\t\t\t\t<section class=\"elementor-section elementor-top-section elementor-element elementor-element-5fde25e elementor-reverse-mobile elementor-reverse-tablet elementor-section-stretched elementor-section-full_width elementor-section-height-full elementor-section-items-top elementor-section-height-default\" data-id=\"5fde25e\" data-element_type=\"section\" data-settings=\"{&quot;background_background&quot;:&quot;classic&quot;,&quot;stretch_section&quot;:&quot;section-stretched&quot;}\">\n\t\t\t\t\t\t<div class=\"elementor-container elementor-column-gap-default\">\n\t\t\t\t\t<div class=\"elementor-column elementor-col-100 elementor-top-column elementor-element elementor-element-a77df35\" data-id=\"a77df35\" data-element_type=\"column\">\n\t\t\t<div class=\"elementor-widget-wrap elementor-element-populated\">\n\t\t\t\t\t\t<div class=\"elementor-element elementor-element-d03d3a5 elementor-widget elementor-widget-heading\" data-id=\"d03d3a5\" data-element_type=\"widget\" data-widget_type=\"heading.default\">\n\t\t\t\t<div class=\"elementor-widget-container\">\n\t\t\t\t\t<h2 class=\"elementor-heading-title elementor-size-default\">T\u00e9cnicos de lareiras, encomendem a nossa gama<\/h2>\t\t\t\t<\/div>\n\t\t\t\t<\/div>\n\t\t\t\t<div class=\"elementor-element elementor-element-2e13a4b elementor-widget-divider--view-line elementor-widget elementor-widget-divider\" data-id=\"2e13a4b\" data-element_type=\"widget\" data-widget_type=\"divider.default\">\n\t\t\t\t<div class=\"elementor-widget-container\">\n\t\t\t\t\t\t\t<div class=\"elementor-divider\">\n\t\t\t<span class=\"elementor-divider-separator\">\n\t\t\t\t\t\t<\/span>\n\t\t<\/div>\n\t\t\t\t\t\t<\/div>\n\t\t\t\t<\/div>\n\t\t\t\t<div class=\"elementor-element elementor-element-fa5eac0 elementor-widget elementor-widget-heading\" data-id=\"fa5eac0\" data-element_type=\"widget\" data-widget_type=\"heading.default\">\n\t\t\t\t<div class=\"elementor-widget-container\">\n\t\t\t\t\t<h2 class=\"elementor-heading-title elementor-size-default\">N\u00e3o hesitem em encomendar os produtos INVICTA \u00e0 vossa escolha aos profissionais da vossa regi\u00e3o.<\/h2>\t\t\t\t<\/div>\n\t\t\t\t<\/div>\n\t\t\t\t<section class=\"elementor-section elementor-inner-section elementor-element elementor-element-b4b5291 elementor-section-boxed elementor-section-height-default elementor-section-height-default\" data-id=\"b4b5291\" data-element_type=\"section\">\n\t\t\t\t\t\t<div class=\"elementor-container elementor-column-gap-default\">\n\t\t\t\t\t<div class=\"elementor-column elementor-col-33 elementor-inner-column elementor-element elementor-element-edef69f\" data-id=\"edef69f\" data-element_type=\"column\">\n\t\t\t<div class=\"elementor-widget-wrap elementor-element-populated\">\n\t\t\t\t\t\t<div class=\"elementor-element elementor-element-accbcee elementor-widget elementor-widget-image\" data-id=\"accbcee\" data-element_type=\"widget\" data-widget_type=\"image.default\">\n\t\t\t\t<div class=\"elementor-widget-container\">\n\t\t\t\t\t\t\t\t\t\t\t\t\t\t\t<img fetchpriority=\"high\" decoding=\"async\" width=\"477\" height=\"307\" src=\"https:\/\/dev.invicta.wp19.axome.cc\/wp-content\/uploads\/2019\/08\/enseignes-batiment-invicta.jpg\" class=\"attachment-large size-large wp-image-28083\" alt=\"Logos enseignes b\u00e2timent\" srcset=\"https:\/\/dev.invicta.wp19.axome.cc\/wp-content\/uploads\/2019\/08\/enseignes-batiment-invicta.jpg 477w, https:\/\/dev.invicta.wp19.axome.cc\/wp-content\/uploads\/2019\/08\/enseignes-batiment-invicta-386x248.jpg 386w\" sizes=\"(max-width: 477px) 100vw, 477px\" \/>\t\t\t\t\t\t\t\t\t\t\t\t\t\t\t<\/div>\n\t\t\t\t<\/div>\n\t\t\t\t<div class=\"elementor-element elementor-element-f7057b3 elementor-align-center elementor-widget elementor-widget-button\" data-id=\"f7057b3\" data-element_type=\"widget\" data-widget_type=\"button.default\">\n\t\t\t\t<div class=\"elementor-widget-container\">\n\t\t\t\t\t\t\t\t\t<div class=\"elementor-button-wrapper\">\n\t\t\t\t\t<a class=\"elementor-button elementor-button-link elementor-size-sm\" href=\"https:\/\/dev.invicta.wp19.axome.cc\/fr\/autres-revendeurs\/distribution-batiment-enseignes\/\">\n\t\t\t\t\t\t<span class=\"elementor-button-content-wrapper\">\n\t\t\t\t\t\t\t\t\t<span class=\"elementor-button-text\">Parceiros de constru\u00e7\u00e3o e lojas<\/span>\n\t\t\t\t\t<\/span>\n\t\t\t\t\t<\/a>\n\t\t\t\t<\/div>\n\t\t\t\t\t\t\t\t<\/div>\n\t\t\t\t<\/div>\n\t\t\t\t\t<\/div>\n\t\t<\/div>\n\t\t\t\t<div class=\"elementor-column elementor-col-33 elementor-inner-column elementor-element elementor-element-4d6b543\" data-id=\"4d6b543\" data-element_type=\"column\">\n\t\t\t<div class=\"elementor-widget-wrap elementor-element-populated\">\n\t\t\t\t\t\t<div class=\"elementor-element elementor-element-71c8951 elementor-widget elementor-widget-image\" data-id=\"71c8951\" data-element_type=\"widget\" data-widget_type=\"image.default\">\n\t\t\t\t<div class=\"elementor-widget-container\">\n\t\t\t\t\t\t\t\t\t\t\t\t\t\t\t<img decoding=\"async\" width=\"702\" height=\"448\" src=\"https:\/\/dev.invicta.wp19.axome.cc\/wp-content\/uploads\/2019\/08\/carte-store-locator.jpg\" class=\"attachment-large size-large wp-image-28081\" alt=\"Carte de France des revendeurs\" srcset=\"https:\/\/dev.invicta.wp19.axome.cc\/wp-content\/uploads\/2019\/08\/carte-store-locator.jpg 702w, https:\/\/dev.invicta.wp19.axome.cc\/wp-content\/uploads\/2019\/08\/carte-store-locator-386x246.jpg 386w, https:\/\/dev.invicta.wp19.axome.cc\/wp-content\/uploads\/2019\/08\/carte-store-locator-600x383.jpg 600w\" sizes=\"(max-width: 702px) 100vw, 702px\" \/>\t\t\t\t\t\t\t\t\t\t\t\t\t\t\t<\/div>\n\t\t\t\t<\/div>\n\t\t\t\t<div class=\"elementor-element elementor-element-61ff1fa elementor-align-center elementor-widget elementor-widget-button\" data-id=\"61ff1fa\" data-element_type=\"widget\" data-widget_type=\"button.default\">\n\t\t\t\t<div class=\"elementor-widget-container\">\n\t\t\t\t\t\t\t\t\t<div class=\"elementor-button-wrapper\">\n\t\t\t\t\t<a class=\"elementor-button elementor-button-link elementor-size-sm\" href=\"https:\/\/dev.invicta.wp19.axome.cc\/fr\/carte-revendeurs\/\">\n\t\t\t\t\t\t<span class=\"elementor-button-content-wrapper\">\n\t\t\t\t\t\t\t\t\t<span class=\"elementor-button-text\">Ver a lista de revendedores<\/span>\n\t\t\t\t\t<\/span>\n\t\t\t\t\t<\/a>\n\t\t\t\t<\/div>\n\t\t\t\t\t\t\t\t<\/div>\n\t\t\t\t<\/div>\n\t\t\t\t\t<\/div>\n\t\t<\/div>\n\t\t\t\t<div class=\"elementor-column elementor-col-33 elementor-inner-column elementor-element elementor-element-8c64328\" data-id=\"8c64328\" data-element_type=\"column\">\n\t\t\t<div class=\"elementor-widget-wrap elementor-element-populated\">\n\t\t\t\t\t\t<div class=\"elementor-element elementor-element-2e17531 elementor-widget elementor-widget-image\" data-id=\"2e17531\" data-element_type=\"widget\" data-widget_type=\"image.default\">\n\t\t\t\t<div class=\"elementor-widget-container\">\n\t\t\t\t\t\t\t\t\t\t\t\t\t\t\t<img decoding=\"async\" width=\"477\" height=\"307\" src=\"https:\/\/dev.invicta.wp19.axome.cc\/wp-content\/uploads\/2019\/08\/enseignes-bricolage-invicta.jpg\" class=\"attachment-large size-large wp-image-28082\" alt=\"Logos enseignes grandes surfaces de bricolage\" srcset=\"https:\/\/dev.invicta.wp19.axome.cc\/wp-content\/uploads\/2019\/08\/enseignes-bricolage-invicta.jpg 477w, https:\/\/dev.invicta.wp19.axome.cc\/wp-content\/uploads\/2019\/08\/enseignes-bricolage-invicta-386x248.jpg 386w\" sizes=\"(max-width: 477px) 100vw, 477px\" \/>\t\t\t\t\t\t\t\t\t\t\t\t\t\t\t<\/div>\n\t\t\t\t<\/div>\n\t\t\t\t<div class=\"elementor-element elementor-element-972130f elementor-align-center elementor-widget elementor-widget-button\" data-id=\"972130f\" data-element_type=\"widget\" data-widget_type=\"button.default\">\n\t\t\t\t<div class=\"elementor-widget-container\">\n\t\t\t\t\t\t\t\t\t<div class=\"elementor-button-wrapper\">\n\t\t\t\t\t<a class=\"elementor-button elementor-button-link elementor-size-sm\" href=\"https:\/\/dev.invicta.wp19.axome.cc\/fr\/carte-revendeurs\/enseignes-de-bricolage\/\">\n\t\t\t\t\t\t<span class=\"elementor-button-content-wrapper\">\n\t\t\t\t\t\t\t\t\t<span class=\"elementor-button-text\">Parceiros grande distribui\u00e7\u00e3o<\/span>\n\t\t\t\t\t<\/span>\n\t\t\t\t\t<\/a>\n\t\t\t\t<\/div>\n\t\t\t\t\t\t\t\t<\/div>\n\t\t\t\t<\/div>\n\t\t\t\t\t<\/div>\n\t\t<\/div>\n\t\t\t\t\t<\/div>\n\t\t<\/section>\n\t\t\t\t\t<\/div>\n\t\t<\/div>\n\t\t\t\t\t<\/div>\n\t\t<\/section>\n\t\t\t\t<\/div>\n\t\t","protected":false},"excerpt":{"rendered":"<p>T\u00e9cnicos de lareiras, encomendem a nossa gama N\u00e3o hesitem em encomendar os produtos INVICTA \u00e0 vossa escolha aos profissionais da vossa regi\u00e3o. Parceiros de constru\u00e7\u00e3o e lojas Ver a lista de revendedores Parceiros grande distribui\u00e7\u00e3o<\/p>\n","protected":false},"author":225,"featured_media":0,"parent":27724,"menu_order":0,"comment_status":"closed","ping_status":"closed","template":"elementor_header_footer","meta":{"_acf_changed":false,"footnotes":""},"class_list":{"1":"page"},"acf":[],"yoast_head":"<!-- This site is optimized with the Yoast SEO plugin v24.7 - https:\/\/yoast.com\/wordpress\/plugins\/seo\/ -->\n<title>T\u00e9cnicos de Lareiras - Invicta<\/title>\n<meta name=\"description\" content=\"T\u00e9cnicos de lareiras, encomendem a nossa gama N\u00e3o hesitem em encomendar os produtos INVICTA \u00e0 vossa escolha aos profissionais da vossa regi\u00e3o. Parceiros\" \/>\n<meta name=\"robots\" content=\"index, follow, max-snippet:-1, max-image-preview:large, max-video-preview:-1\" \/>\n<link rel=\"canonical\" href=\"https:\/\/dev.invicta.wp19.axome.cc\/pt\/revendedores\/tecnicos-de-lareiras\/\" \/>\n<meta property=\"og:locale\" content=\"pt_PT\" \/>\n<meta property=\"og:type\" content=\"article\" \/>\n<meta property=\"og:title\" content=\"T\u00e9cnicos de Lareiras - Invicta\" \/>\n<meta property=\"og:description\" content=\"T\u00e9cnicos de lareiras, encomendem a nossa gama N\u00e3o hesitem em encomendar os produtos INVICTA \u00e0 vossa escolha aos profissionais da vossa regi\u00e3o. Parceiros\" \/>\n<meta property=\"og:url\" content=\"https:\/\/dev.invicta.wp19.axome.cc\/pt\/revendedores\/tecnicos-de-lareiras\/\" \/>\n<meta property=\"og:site_name\" content=\"Invicta\" \/>\n<meta property=\"article:modified_time\" content=\"2022-07-27T12:33:56+00:00\" \/>\n<meta property=\"og:image\" content=\"https:\/\/dev.invicta.wp19.axome.cc\/wp-content\/uploads\/2019\/08\/enseignes-batiment-invicta.jpg\" \/>\n<meta name=\"twitter:card\" content=\"summary_large_image\" \/>\n<script type=\"application\/ld+json\" class=\"yoast-schema-graph\">{\"@context\":\"https:\/\/schema.org\",\"@graph\":[{\"@type\":\"WebPage\",\"@id\":\"https:\/\/dev.invicta.wp19.axome.cc\/pt\/revendedores\/tecnicos-de-lareiras\/\",\"url\":\"https:\/\/dev.invicta.wp19.axome.cc\/pt\/revendedores\/tecnicos-de-lareiras\/\",\"name\":\"T\u00e9cnicos de Lareiras - Invicta\",\"isPartOf\":{\"@id\":\"https:\/\/dev.invicta.wp19.axome.cc\/pt\/#website\"},\"primaryImageOfPage\":{\"@id\":\"https:\/\/dev.invicta.wp19.axome.cc\/pt\/revendedores\/tecnicos-de-lareiras\/#primaryimage\"},\"image\":{\"@id\":\"https:\/\/dev.invicta.wp19.axome.cc\/pt\/revendedores\/tecnicos-de-lareiras\/#primaryimage\"},\"thumbnailUrl\":\"https:\/\/dev.invicta.wp19.axome.cc\/wp-content\/uploads\/2019\/08\/enseignes-batiment-invicta.jpg\",\"datePublished\":\"2019-10-16T14:24:58+00:00\",\"dateModified\":\"2022-07-27T12:33:56+00:00\",\"description\":\"T\u00e9cnicos de lareiras, encomendem a nossa gama N\u00e3o hesitem em encomendar os produtos INVICTA \u00e0 vossa escolha aos profissionais da vossa regi\u00e3o. Parceiros\",\"breadcrumb\":{\"@id\":\"https:\/\/dev.invicta.wp19.axome.cc\/pt\/revendedores\/tecnicos-de-lareiras\/#breadcrumb\"},\"inLanguage\":\"pt-PT\",\"potentialAction\":[{\"@type\":\"ReadAction\",\"target\":[\"https:\/\/dev.invicta.wp19.axome.cc\/pt\/revendedores\/tecnicos-de-lareiras\/\"]}]},{\"@type\":\"ImageObject\",\"inLanguage\":\"pt-PT\",\"@id\":\"https:\/\/dev.invicta.wp19.axome.cc\/pt\/revendedores\/tecnicos-de-lareiras\/#primaryimage\",\"url\":\"https:\/\/dev.invicta.wp19.axome.cc\/wp-content\/uploads\/2019\/08\/enseignes-batiment-invicta.jpg\",\"contentUrl\":\"https:\/\/dev.invicta.wp19.axome.cc\/wp-content\/uploads\/2019\/08\/enseignes-batiment-invicta.jpg\"},{\"@type\":\"BreadcrumbList\",\"@id\":\"https:\/\/dev.invicta.wp19.axome.cc\/pt\/revendedores\/tecnicos-de-lareiras\/#breadcrumb\",\"itemListElement\":[{\"@type\":\"ListItem\",\"position\":1,\"name\":\"Home\",\"item\":\"https:\/\/dev.invicta.wp19.axome.cc\/pt\/\"},{\"@type\":\"ListItem\",\"position\":2,\"name\":\"Revendedores\",\"item\":\"https:\/\/dev.invicta.wp19.axome.cc\/pt\/revendedores\/\"},{\"@type\":\"ListItem\",\"position\":3,\"name\":\"T\u00e9cnicos de Lareiras\"}]},{\"@type\":\"WebSite\",\"@id\":\"https:\/\/dev.invicta.wp19.axome.cc\/pt\/#website\",\"url\":\"https:\/\/dev.invicta.wp19.axome.cc\/pt\/\",\"name\":\"Invicta\",\"description\":\"Fabricant fran\u00e7ais, sp\u00e9cialiste europ\u00e9en du chauffage au bois : po\u00eales \u00e0 bois et \u00e0 granul\u00e9s, chemin\u00e9es, foyers et inserts\",\"publisher\":{\"@id\":\"https:\/\/dev.invicta.wp19.axome.cc\/pt\/#organization\"},\"potentialAction\":[{\"@type\":\"SearchAction\",\"target\":{\"@type\":\"EntryPoint\",\"urlTemplate\":\"https:\/\/dev.invicta.wp19.axome.cc\/pt\/?s={search_term_string}\"},\"query-input\":{\"@type\":\"PropertyValueSpecification\",\"valueRequired\":true,\"valueName\":\"search_term_string\"}}],\"inLanguage\":\"pt-PT\"},{\"@type\":\"Organization\",\"@id\":\"https:\/\/dev.invicta.wp19.axome.cc\/pt\/#organization\",\"name\":\"Invicta\",\"url\":\"https:\/\/dev.invicta.wp19.axome.cc\/pt\/\",\"logo\":{\"@type\":\"ImageObject\",\"inLanguage\":\"pt-PT\",\"@id\":\"https:\/\/dev.invicta.wp19.axome.cc\/pt\/#\/schema\/logo\/image\/\",\"url\":\"https:\/\/www.invicta.fr\/wp-content\/uploads\/2019\/06\/INVICTALOGO_RVB.png\",\"contentUrl\":\"https:\/\/www.invicta.fr\/wp-content\/uploads\/2019\/06\/INVICTALOGO_RVB.png\",\"width\":1810,\"height\":1280,\"caption\":\"Invicta\"},\"image\":{\"@id\":\"https:\/\/dev.invicta.wp19.axome.cc\/pt\/#\/schema\/logo\/image\/\"}}]}<\/script>\n<!-- \/ Yoast SEO plugin. -->","yoast_head_json":{"title":"T\u00e9cnicos de Lareiras - Invicta","description":"T\u00e9cnicos de lareiras, encomendem a nossa gama N\u00e3o hesitem em encomendar os produtos INVICTA \u00e0 vossa escolha aos profissionais da vossa regi\u00e3o. Parceiros","robots":{"index":"index","follow":"follow","max-snippet":"max-snippet:-1","max-image-preview":"max-image-preview:large","max-video-preview":"max-video-preview:-1"},"canonical":"https:\/\/dev.invicta.wp19.axome.cc\/pt\/revendedores\/tecnicos-de-lareiras\/","og_locale":"pt_PT","og_type":"article","og_title":"T\u00e9cnicos de Lareiras - Invicta","og_description":"T\u00e9cnicos de lareiras, encomendem a nossa gama N\u00e3o hesitem em encomendar os produtos INVICTA \u00e0 vossa escolha aos profissionais da vossa regi\u00e3o. Parceiros","og_url":"https:\/\/dev.invicta.wp19.axome.cc\/pt\/revendedores\/tecnicos-de-lareiras\/","og_site_name":"Invicta","article_modified_time":"2022-07-27T12:33:56+00:00","og_image":[{"url":"https:\/\/dev.invicta.wp19.axome.cc\/wp-content\/uploads\/2019\/08\/enseignes-batiment-invicta.jpg","type":"","width":"","height":""}],"twitter_card":"summary_large_image","schema":{"@context":"https:\/\/schema.org","@graph":[{"@type":"WebPage","@id":"https:\/\/dev.invicta.wp19.axome.cc\/pt\/revendedores\/tecnicos-de-lareiras\/","url":"https:\/\/dev.invicta.wp19.axome.cc\/pt\/revendedores\/tecnicos-de-lareiras\/","name":"T\u00e9cnicos de Lareiras - Invicta","isPartOf":{"@id":"https:\/\/dev.invicta.wp19.axome.cc\/pt\/#website"},"primaryImageOfPage":{"@id":"https:\/\/dev.invicta.wp19.axome.cc\/pt\/revendedores\/tecnicos-de-lareiras\/#primaryimage"},"image":{"@id":"https:\/\/dev.invicta.wp19.axome.cc\/pt\/revendedores\/tecnicos-de-lareiras\/#primaryimage"},"thumbnailUrl":"https:\/\/dev.invicta.wp19.axome.cc\/wp-content\/uploads\/2019\/08\/enseignes-batiment-invicta.jpg","datePublished":"2019-10-16T14:24:58+00:00","dateModified":"2022-07-27T12:33:56+00:00","description":"T\u00e9cnicos de lareiras, encomendem a nossa gama N\u00e3o hesitem em encomendar os produtos INVICTA \u00e0 vossa escolha aos profissionais da vossa regi\u00e3o. Parceiros","breadcrumb":{"@id":"https:\/\/dev.invicta.wp19.axome.cc\/pt\/revendedores\/tecnicos-de-lareiras\/#breadcrumb"},"inLanguage":"pt-PT","potentialAction":[{"@type":"ReadAction","target":["https:\/\/dev.invicta.wp19.axome.cc\/pt\/revendedores\/tecnicos-de-lareiras\/"]}]},{"@type":"ImageObject","inLanguage":"pt-PT","@id":"https:\/\/dev.invicta.wp19.axome.cc\/pt\/revendedores\/tecnicos-de-lareiras\/#primaryimage","url":"https:\/\/dev.invicta.wp19.axome.cc\/wp-content\/uploads\/2019\/08\/enseignes-batiment-invicta.jpg","contentUrl":"https:\/\/dev.invicta.wp19.axome.cc\/wp-content\/uploads\/2019\/08\/enseignes-batiment-invicta.jpg"},{"@type":"BreadcrumbList","@id":"https:\/\/dev.invicta.wp19.axome.cc\/pt\/revendedores\/tecnicos-de-lareiras\/#breadcrumb","itemListElement":[{"@type":"ListItem","position":1,"name":"Home","item":"https:\/\/dev.invicta.wp19.axome.cc\/pt\/"},{"@type":"ListItem","position":2,"name":"Revendedores","item":"https:\/\/dev.invicta.wp19.axome.cc\/pt\/revendedores\/"},{"@type":"ListItem","position":3,"name":"T\u00e9cnicos de Lareiras"}]},{"@type":"WebSite","@id":"https:\/\/dev.invicta.wp19.axome.cc\/pt\/#website","url":"https:\/\/dev.invicta.wp19.axome.cc\/pt\/","name":"Invicta","description":"Fabricant fran\u00e7ais, sp\u00e9cialiste europ\u00e9en du chauffage au bois : po\u00eales \u00e0 bois et \u00e0 granul\u00e9s, chemin\u00e9es, foyers et inserts","publisher":{"@id":"https:\/\/dev.invicta.wp19.axome.cc\/pt\/#organization"},"potentialAction":[{"@type":"SearchAction","target":{"@type":"EntryPoint","urlTemplate":"https:\/\/dev.invicta.wp19.axome.cc\/pt\/?s={search_term_string}"},"query-input":{"@type":"PropertyValueSpecification","valueRequired":true,"valueName":"search_term_string"}}],"inLanguage":"pt-PT"},{"@type":"Organization","@id":"https:\/\/dev.invicta.wp19.axome.cc\/pt\/#organization","name":"Invicta","url":"https:\/\/dev.invicta.wp19.axome.cc\/pt\/","logo":{"@type":"ImageObject","inLanguage":"pt-PT","@id":"https:\/\/dev.invicta.wp19.axome.cc\/pt\/#\/schema\/logo\/image\/","url":"https:\/\/www.invicta.fr\/wp-content\/uploads\/2019\/06\/INVICTALOGO_RVB.png","contentUrl":"https:\/\/www.invicta.fr\/wp-content\/uploads\/2019\/06\/INVICTALOGO_RVB.png","width":1810,"height":1280,"caption":"Invicta"},"image":{"@id":"https:\/\/dev.invicta.wp19.axome.cc\/pt\/#\/schema\/logo\/image\/"}}]}},"_links":{"self":[{"href":"https:\/\/dev.invicta.wp19.axome.cc\/pt\/wp-json\/wp\/v2\/pages\/27774","targetHints":{"allow":["GET"]}}],"collection":[{"href":"https:\/\/dev.invicta.wp19.axome.cc\/pt\/wp-json\/wp\/v2\/pages"}],"about":[{"href":"https:\/\/dev.invicta.wp19.axome.cc\/pt\/wp-json\/wp\/v2\/types\/page"}],"author":[{"embeddable":true,"href":"https:\/\/dev.invicta.wp19.axome.cc\/pt\/wp-json\/wp\/v2\/users\/225"}],"replies":[{"embeddable":true,"href":"https:\/\/dev.invicta.wp19.axome.cc\/pt\/wp-json\/wp\/v2\/comments?post=27774"}],"version-history":[{"count":5,"href":"https:\/\/dev.invicta.wp19.axome.cc\/pt\/wp-json\/wp\/v2\/pages\/27774\/revisions"}],"predecessor-version":[{"id":50941,"href":"https:\/\/dev.invicta.wp19.axome.cc\/pt\/wp-json\/wp\/v2\/pages\/27774\/revisions\/50941"}],"up":[{"embeddable":true,"href":"https:\/\/dev.invicta.wp19.axome.cc\/pt\/wp-json\/wp\/v2\/pages\/27724"}],"wp:attachment":[{"href":"https:\/\/dev.invicta.wp19.axome.cc\/pt\/wp-json\/wp\/v2\/media?parent=27774"}],"curies":[{"name":"wp","href":"https:\/\/api.w.org\/{rel}","templated":true}]}}