{"id":29838,"date":"2019-11-06T15:44:40","date_gmt":"2019-11-06T14:44:40","guid":{"rendered":"https:\/\/dev.invicta.wp19.axome.cc\/mencoes-legais\/"},"modified":"2024-11-13T22:19:03","modified_gmt":"2024-11-13T21:19:03","slug":"mencoes-legais","status":"publish","type":"page","link":"https:\/\/dev.invicta.wp19.axome.cc\/pt\/mencoes-legais\/","title":{"rendered":"Men\u00e7\u00f5es Legais"},"content":{"rendered":"<p>O site dev.invicta.wp19.axome.cc \u00e9 editado pelo INVICTA GROUP, cuja denomina\u00e7\u00e3o social \u00e9 Invicta Group, a seguir designada por \u201cInvicta\u201d, sociedade an\u00f3nima simplificada com um capital social de 4.866.450,00 euros, inscrita no Registo Comercial e das Sociedades de Sedan sob o n\u00famero 785 520 180 R.C.S. SEDAN, cujo n\u00famero de IVA intracomunit\u00e1rio \u00e9 FR66785520180.<\/p><p>A sua sede social est\u00e1 situada na Zone Industrielle Lieudit La Gravette, 08350 DONCHERY.<\/p><p>O diretor da publica\u00e7\u00e3o \u00e9 Lionel Lascaux, na sua qualidade de representante legal da Invicta.<\/p><p>O s\u00edtio Web \u00e9 alojado pela OVH, cuja sede social se situa em 2 rue de Kellermann, 59100, Roubaix.<\/p><p>A Invicta \u00e9 especializada no fabrico artesanal de aquecedores a lenha inovadores (fog\u00f5es, lareiras e recuperadores de calor, etc.), churrasqueiras, cer\u00e2mica culin\u00e1ria, decora\u00e7\u00e3o e mobili\u00e1rio.<\/p><p><\/p><h2 class=\"wp-block-heading\">Cookies<\/h2><p>Quando visita o s\u00edtio Web, a Invicta utiliza cookies para o funcionamento do s\u00edtio, para otimizar a navega\u00e7\u00e3o e para personalizar os conte\u00fados. Pode alterar ou retirar o seu consentimento a qualquer momento durante a navega\u00e7\u00e3o no site a partir do centro de gest\u00e3o das prefer\u00eancias.<\/p><p><\/p><h2 class=\"wp-block-heading\">Dados de car\u00e1cter pessoal<\/h2><p>Os seus dados pessoais s\u00e3o tratados pela Invicta, na qualidade de respons\u00e1vel pelo tratamento de dados, para as seguintes finalidades: funcionamento do site, estat\u00edsticas, contacto com a Invicta atrav\u00e9s de formul\u00e1rios, pedidos de or\u00e7amento, coloca\u00e7\u00e3o em funcionamento e repara\u00e7\u00e3o e\/ou resolu\u00e7\u00e3o de problemas, partilha nas redes sociais, contabilidade, fornecedores, pedidos de exerc\u00edcio de direitos.<\/p><p>Disp\u00f5e dos seguintes direitos relativamente aos seus dados pessoais: acesso, retifica\u00e7\u00e3o, apagamento, portabilidade, limita\u00e7\u00e3o, oposi\u00e7\u00e3o, nomeadamente ao tratamento para fins de prospe\u00e7\u00e3o comercial.<\/p><p>Para mais informa\u00e7\u00f5es, consulte a nossa <a href=\"https:\/\/dev.invicta.wp19.axome.cc\/pt\/politica-de-privacidade\/\">Pol\u00edtica de Privacidade e de Cookies<\/a>.<\/p><p><\/p><h2 class=\"wp-block-heading\">Direitos de propriedade intelectual<\/h2><p>A Invicta \u00e9 a titular exclusiva dos direitos de propriedade intelectual relativos ao seu site e aos seus conte\u00fados, incluindo: marcas, log\u00f3tipos, nomes de dom\u00ednio, cartas gr\u00e1ficas, textos, ilustra\u00e7\u00f5es, fotografias, bases de dados, imagens e v\u00eddeos, quer sejam visuais ou sonoros.<\/p><p>\u00c9 proibida qualquer reprodu\u00e7\u00e3o, representa\u00e7\u00e3o, distribui\u00e7\u00e3o, modifica\u00e7\u00e3o, adapta\u00e7\u00e3o, tradu\u00e7\u00e3o, publica\u00e7\u00e3o ou explora\u00e7\u00e3o, total ou parcial, do conte\u00fado do site ou dos elementos que o comp\u00f5em, sem o acordo pr\u00e9vio e expresso da Invicta.<\/p><p><strong>Fotografias e informa\u00e7\u00f5es sobre produtos<\/strong><\/p><p>Desenhos registados. Todos os direitos reservados. Website n\u00e3o contratual. Apresenta\u00e7\u00e3o sugerida. Dimens\u00f5es e pesos indicativos. A INVICTA reserva-se o direito de modificar os seus modelos sem aviso pr\u00e9vio.<\/p><p>Apesar do cuidado no tratamento das informa\u00e7\u00f5es, a INVICTA GROUP SASU n\u00e3o se responsabiliza por erros ou omiss\u00f5es nas informa\u00e7\u00f5es publicadas neste s\u00edtio. A INVICTA GROUP SASU n\u00e3o pode ser responsabilizada pela interpreta\u00e7\u00e3o das informa\u00e7\u00f5es contidas neste s\u00edtio, nem pelas consequ\u00eancias da sua utiliza\u00e7\u00e3o. A INVICTA GROUP reserva-se o direito de modificar os seus modelos sem aviso pr\u00e9vio. As dimens\u00f5es e o peso s\u00e3o indicativos. Fotos n\u00e3o contratuais. Apresenta\u00e7\u00e3o sugerida.<\/p><p><\/p><h2 class=\"wp-block-heading\">Lei anti-res\u00edduos<\/h2><p>Em conformidade com as suas obriga\u00e7\u00f5es regulamentares, nos termos dos artigos L541-10 e seguintes do C\u00f3digo do Ambiente, conhecido como a lei AGEC (Lutte contre le Gaspillage Alimentaire et l&#8217;Economie Circulaire), o GRUPO INVICTA \u00e9 membro de v\u00e1rias eco-organiza\u00e7\u00f5es para o :<\/p><p>EPR EMBM (N\u00famero \u00fanico: FR211825_01SOKO), que lhe permite declarar e pagar uma eco-contribui\u00e7\u00e3o sobre as suas embalagens dom\u00e9sticas,<br><br>REP ABJ (N\u00famero \u00fanico: FR218287_14EOCV), que lhe permite declarar e pagar uma ecotaxa sobre os produtos de bricolage e de jardim,<br><br>REP PCMB (N\u00famero \u00fanico: FR218287_04TLLJ) que lhe permite declarar e pagar uma ecocontribui\u00e7\u00e3o sobre os produtos e materiais de constru\u00e7\u00e3o para o sector da constru\u00e7\u00e3o,<br><br>REP EEE (N\u00famero \u00fanico: FR022930_050J4T) que lhe permite declarar e pagar uma ecocontribui\u00e7\u00e3o sobre os equipamentos el\u00e9ctricos e electr\u00f3nicos.<\/p><h2 class=\"wp-block-heading\">Conce\u00e7\u00e3o e produ\u00e7\u00e3o<\/h2><p>Criado pela <a href=\"https:\/\/www.axome.com\/expertises\/transformez-votre-presence-en-ligne-avec-un-site-wordpress\">ag\u00eancia Axome WordPress<\/a><\/p><p><\/p>","protected":false},"excerpt":{"rendered":"<p>O site dev.invicta.wp19.axome.cc \u00e9 editado pelo INVICTA GROUP, cuja denomina\u00e7\u00e3o social \u00e9 Invicta Group, a seguir designada por \u201cInvicta\u201d, sociedade an\u00f3nima simplificada com um capital social de 4.866.450,00 euros, inscrita no Registo Comercial e das Sociedades de Sedan sob o n\u00famero 785 520 180 R.C.S. SEDAN, cujo n\u00famero de IVA intracomunit\u00e1rio \u00e9 FR66785520180. A sua [&hellip;]<\/p>\n","protected":false},"author":225,"featured_media":0,"parent":0,"menu_order":0,"comment_status":"closed","ping_status":"closed","template":"","meta":{"_acf_changed":false,"footnotes":""},"class_list":{"1":"page"},"acf":[],"yoast_head":"<!-- This site is optimized with the Yoast SEO plugin v24.7 - https:\/\/yoast.com\/wordpress\/plugins\/seo\/ -->\n<title>Men\u00e7\u00f5es Legais - Invicta<\/title>\n<meta name=\"description\" content=\"O site dev.invicta.wp19.axome.cc \u00e9 editado pelo INVICTA GROUP, cuja denomina\u00e7\u00e3o social \u00e9 Invicta Group, a seguir designada por \u201cInvicta\u201d, sociedade\" \/>\n<meta name=\"robots\" content=\"index, follow, max-snippet:-1, max-image-preview:large, max-video-preview:-1\" \/>\n<link rel=\"canonical\" href=\"https:\/\/dev.invicta.wp19.axome.cc\/pt\/mencoes-legais\/\" \/>\n<meta property=\"og:locale\" content=\"pt_PT\" \/>\n<meta property=\"og:type\" content=\"article\" \/>\n<meta property=\"og:title\" content=\"Men\u00e7\u00f5es Legais - Invicta\" \/>\n<meta property=\"og:description\" content=\"O site dev.invicta.wp19.axome.cc \u00e9 editado pelo INVICTA GROUP, cuja denomina\u00e7\u00e3o social \u00e9 Invicta Group, a seguir designada por \u201cInvicta\u201d, sociedade\" \/>\n<meta property=\"og:url\" content=\"https:\/\/dev.invicta.wp19.axome.cc\/pt\/mencoes-legais\/\" \/>\n<meta property=\"og:site_name\" content=\"Invicta\" \/>\n<meta property=\"article:modified_time\" content=\"2024-11-13T21:19:03+00:00\" \/>\n<meta name=\"twitter:card\" content=\"summary_large_image\" \/>\n<meta name=\"twitter:label1\" content=\"Tempo estimado de leitura\" \/>\n\t<meta name=\"twitter:data1\" content=\"3 minutos\" \/>\n<script type=\"application\/ld+json\" class=\"yoast-schema-graph\">{\"@context\":\"https:\/\/schema.org\",\"@graph\":[{\"@type\":\"WebPage\",\"@id\":\"https:\/\/dev.invicta.wp19.axome.cc\/pt\/mencoes-legais\/\",\"url\":\"https:\/\/dev.invicta.wp19.axome.cc\/pt\/mencoes-legais\/\",\"name\":\"Men\u00e7\u00f5es Legais - Invicta\",\"isPartOf\":{\"@id\":\"https:\/\/dev.invicta.wp19.axome.cc\/pt\/#website\"},\"datePublished\":\"2019-11-06T14:44:40+00:00\",\"dateModified\":\"2024-11-13T21:19:03+00:00\",\"description\":\"O site dev.invicta.wp19.axome.cc \u00e9 editado pelo INVICTA GROUP, cuja denomina\u00e7\u00e3o social \u00e9 Invicta Group, a seguir designada por \u201cInvicta\u201d, sociedade\",\"breadcrumb\":{\"@id\":\"https:\/\/dev.invicta.wp19.axome.cc\/pt\/mencoes-legais\/#breadcrumb\"},\"inLanguage\":\"pt-PT\",\"potentialAction\":[{\"@type\":\"ReadAction\",\"target\":[\"https:\/\/dev.invicta.wp19.axome.cc\/pt\/mencoes-legais\/\"]}]},{\"@type\":\"BreadcrumbList\",\"@id\":\"https:\/\/dev.invicta.wp19.axome.cc\/pt\/mencoes-legais\/#breadcrumb\",\"itemListElement\":[{\"@type\":\"ListItem\",\"position\":1,\"name\":\"Home\",\"item\":\"https:\/\/dev.invicta.wp19.axome.cc\/pt\/\"},{\"@type\":\"ListItem\",\"position\":2,\"name\":\"Men\u00e7\u00f5es Legais\"}]},{\"@type\":\"WebSite\",\"@id\":\"https:\/\/dev.invicta.wp19.axome.cc\/pt\/#website\",\"url\":\"https:\/\/dev.invicta.wp19.axome.cc\/pt\/\",\"name\":\"Invicta\",\"description\":\"Fabricant fran\u00e7ais, sp\u00e9cialiste europ\u00e9en du chauffage au bois : po\u00eales \u00e0 bois et \u00e0 granul\u00e9s, chemin\u00e9es, foyers et inserts\",\"publisher\":{\"@id\":\"https:\/\/dev.invicta.wp19.axome.cc\/pt\/#organization\"},\"potentialAction\":[{\"@type\":\"SearchAction\",\"target\":{\"@type\":\"EntryPoint\",\"urlTemplate\":\"https:\/\/dev.invicta.wp19.axome.cc\/pt\/?s={search_term_string}\"},\"query-input\":{\"@type\":\"PropertyValueSpecification\",\"valueRequired\":true,\"valueName\":\"search_term_string\"}}],\"inLanguage\":\"pt-PT\"},{\"@type\":\"Organization\",\"@id\":\"https:\/\/dev.invicta.wp19.axome.cc\/pt\/#organization\",\"name\":\"Invicta\",\"url\":\"https:\/\/dev.invicta.wp19.axome.cc\/pt\/\",\"logo\":{\"@type\":\"ImageObject\",\"inLanguage\":\"pt-PT\",\"@id\":\"https:\/\/dev.invicta.wp19.axome.cc\/pt\/#\/schema\/logo\/image\/\",\"url\":\"https:\/\/www.invicta.fr\/wp-content\/uploads\/2019\/06\/INVICTALOGO_RVB.png\",\"contentUrl\":\"https:\/\/www.invicta.fr\/wp-content\/uploads\/2019\/06\/INVICTALOGO_RVB.png\",\"width\":1810,\"height\":1280,\"caption\":\"Invicta\"},\"image\":{\"@id\":\"https:\/\/dev.invicta.wp19.axome.cc\/pt\/#\/schema\/logo\/image\/\"}}]}<\/script>\n<!-- \/ Yoast SEO plugin. -->","yoast_head_json":{"title":"Men\u00e7\u00f5es Legais - Invicta","description":"O site dev.invicta.wp19.axome.cc \u00e9 editado pelo INVICTA GROUP, cuja denomina\u00e7\u00e3o social \u00e9 Invicta Group, a seguir designada por \u201cInvicta\u201d, sociedade","robots":{"index":"index","follow":"follow","max-snippet":"max-snippet:-1","max-image-preview":"max-image-preview:large","max-video-preview":"max-video-preview:-1"},"canonical":"https:\/\/dev.invicta.wp19.axome.cc\/pt\/mencoes-legais\/","og_locale":"pt_PT","og_type":"article","og_title":"Men\u00e7\u00f5es Legais - Invicta","og_description":"O site dev.invicta.wp19.axome.cc \u00e9 editado pelo INVICTA GROUP, cuja denomina\u00e7\u00e3o social \u00e9 Invicta Group, a seguir designada por \u201cInvicta\u201d, sociedade","og_url":"https:\/\/dev.invicta.wp19.axome.cc\/pt\/mencoes-legais\/","og_site_name":"Invicta","article_modified_time":"2024-11-13T21:19:03+00:00","twitter_card":"summary_large_image","twitter_misc":{"Tempo estimado de leitura":"3 minutos"},"schema":{"@context":"https:\/\/schema.org","@graph":[{"@type":"WebPage","@id":"https:\/\/dev.invicta.wp19.axome.cc\/pt\/mencoes-legais\/","url":"https:\/\/dev.invicta.wp19.axome.cc\/pt\/mencoes-legais\/","name":"Men\u00e7\u00f5es Legais - Invicta","isPartOf":{"@id":"https:\/\/dev.invicta.wp19.axome.cc\/pt\/#website"},"datePublished":"2019-11-06T14:44:40+00:00","dateModified":"2024-11-13T21:19:03+00:00","description":"O site dev.invicta.wp19.axome.cc \u00e9 editado pelo INVICTA GROUP, cuja denomina\u00e7\u00e3o social \u00e9 Invicta Group, a seguir designada por \u201cInvicta\u201d, sociedade","breadcrumb":{"@id":"https:\/\/dev.invicta.wp19.axome.cc\/pt\/mencoes-legais\/#breadcrumb"},"inLanguage":"pt-PT","potentialAction":[{"@type":"ReadAction","target":["https:\/\/dev.invicta.wp19.axome.cc\/pt\/mencoes-legais\/"]}]},{"@type":"BreadcrumbList","@id":"https:\/\/dev.invicta.wp19.axome.cc\/pt\/mencoes-legais\/#breadcrumb","itemListElement":[{"@type":"ListItem","position":1,"name":"Home","item":"https:\/\/dev.invicta.wp19.axome.cc\/pt\/"},{"@type":"ListItem","position":2,"name":"Men\u00e7\u00f5es Legais"}]},{"@type":"WebSite","@id":"https:\/\/dev.invicta.wp19.axome.cc\/pt\/#website","url":"https:\/\/dev.invicta.wp19.axome.cc\/pt\/","name":"Invicta","description":"Fabricant fran\u00e7ais, sp\u00e9cialiste europ\u00e9en du chauffage au bois : po\u00eales \u00e0 bois et \u00e0 granul\u00e9s, chemin\u00e9es, foyers et inserts","publisher":{"@id":"https:\/\/dev.invicta.wp19.axome.cc\/pt\/#organization"},"potentialAction":[{"@type":"SearchAction","target":{"@type":"EntryPoint","urlTemplate":"https:\/\/dev.invicta.wp19.axome.cc\/pt\/?s={search_term_string}"},"query-input":{"@type":"PropertyValueSpecification","valueRequired":true,"valueName":"search_term_string"}}],"inLanguage":"pt-PT"},{"@type":"Organization","@id":"https:\/\/dev.invicta.wp19.axome.cc\/pt\/#organization","name":"Invicta","url":"https:\/\/dev.invicta.wp19.axome.cc\/pt\/","logo":{"@type":"ImageObject","inLanguage":"pt-PT","@id":"https:\/\/dev.invicta.wp19.axome.cc\/pt\/#\/schema\/logo\/image\/","url":"https:\/\/www.invicta.fr\/wp-content\/uploads\/2019\/06\/INVICTALOGO_RVB.png","contentUrl":"https:\/\/www.invicta.fr\/wp-content\/uploads\/2019\/06\/INVICTALOGO_RVB.png","width":1810,"height":1280,"caption":"Invicta"},"image":{"@id":"https:\/\/dev.invicta.wp19.axome.cc\/pt\/#\/schema\/logo\/image\/"}}]}},"_links":{"self":[{"href":"https:\/\/dev.invicta.wp19.axome.cc\/pt\/wp-json\/wp\/v2\/pages\/29838","targetHints":{"allow":["GET"]}}],"collection":[{"href":"https:\/\/dev.invicta.wp19.axome.cc\/pt\/wp-json\/wp\/v2\/pages"}],"about":[{"href":"https:\/\/dev.invicta.wp19.axome.cc\/pt\/wp-json\/wp\/v2\/types\/page"}],"author":[{"embeddable":true,"href":"https:\/\/dev.invicta.wp19.axome.cc\/pt\/wp-json\/wp\/v2\/users\/225"}],"replies":[{"embeddable":true,"href":"https:\/\/dev.invicta.wp19.axome.cc\/pt\/wp-json\/wp\/v2\/comments?post=29838"}],"version-history":[{"count":7,"href":"https:\/\/dev.invicta.wp19.axome.cc\/pt\/wp-json\/wp\/v2\/pages\/29838\/revisions"}],"predecessor-version":[{"id":63775,"href":"https:\/\/dev.invicta.wp19.axome.cc\/pt\/wp-json\/wp\/v2\/pages\/29838\/revisions\/63775"}],"wp:attachment":[{"href":"https:\/\/dev.invicta.wp19.axome.cc\/pt\/wp-json\/wp\/v2\/media?parent=29838"}],"curies":[{"name":"wp","href":"https:\/\/api.w.org\/{rel}","templated":true}]}}