{"id":69667,"date":"2025-11-26T08:23:44","date_gmt":"2025-11-26T12:54:43","guid":{"rendered":"https:\/\/dev.invicta.wp19.axome.cc\/produit\/fogao-a-lenha-de-ferro-fundido-carolo-zen\/"},"modified":"2025-11-26T14:54:45","modified_gmt":"2025-11-26T13:54:45","slug":"fogao-a-lenha-ferro-fundido-carolo-zen","status":"publish","type":"product","link":"https:\/\/dev.invicta.wp19.axome.cc\/pt\/produit\/fogao-a-lenha-ferro-fundido-carolo-zen\/","title":{"rendered":"Fog\u00e3o a lenha de ferro fundido Carolo Zen"},"content":{"rendered":"","protected":false},"excerpt":{"rendered":"<p>Com a sua combina\u00e7\u00e3o de materiais naturais, Carolo Zen adorna o seu interior com uma luz n\u00f3rdica suave, convidando ao relaxamento e bem-estar.<\/p>\n","protected":false},"featured_media":67932,"template":"","meta":{"_acf_changed":false},"product_brand":[],"product_cat":[3105,4842,4188,6177],"product_tag":[3311,3310,3277,3275,4470,3312,4883,4513,6832],"plus_produit":[8087,3883,3858,4055,6837,3306,3326,3307],"class_list":{"1":"product","4":"has-post-thumbnail","6":"product_cat-ajuda-na-selecao","7":"product_cat-salamandras-a-lenha","8":"product_cat-salamandras-a-lenha-em-ferro-fundido-ou-em-aco-salamandras-a-lenha","9":"product_cat-8-kw-fogoes-a-lenha","10":"product_tag-flamme-verte-7-pt","11":"product_tag-eco-design-2022-es-pt","12":"product_tag-certificacion-ecolabel-a-pt","13":"product_tag-100-hierro-fundido-pt","14":"product_tag-ligacao-estanque","15":"product_tag-post-combustion-es-pt","16":"product_tag-com-ligacao","17":"product_tag-garantia-de-3-anos-pt","18":"product_tag-y-extension-garantie-2ans-por","19":"pa_consommation-053-a-222-kg-hora","20":"pa_depart-des-fumees-parte-superior-pt","21":"pa_indice-de-performance-102-pt","22":"pa_surface-de-chauffe-40-a-100-m-pt","23":"pa_volume-de-chauffe-105-a-240-m-pt","24":"plus_produit-100-fonte-4","25":"plus_produit-ar-secundario-ajustavel-pt","26":"plus_produit-combustion-prolongada-8-horas-pt","27":"plus_produit-conectavel-pt","28":"plus_produit-extensao-de-garantia-2-anos","29":"plus_produit-origine-france-garantie","30":"plus_produit-sistema-de-post-combustion-pt","31":"plus_produit-vidro-proprio","33":"first","34":"instock","35":"purchasable","36":"product-type-simple"},"acf":[],"yoast_head":"<!-- This site is optimized with the Yoast SEO plugin v24.7 - https:\/\/yoast.com\/wordpress\/plugins\/seo\/ -->\n<title>Fog\u00e3o a lenha de ferro fundido Carolo Zen - Invicta<\/title>\n<meta name=\"description\" content=\"Com a sua combina\u00e7\u00e3o de materiais naturais, Carolo Zen adorna o seu interior com uma luz n\u00f3rdica suave, convidando ao relaxamento e bem-estar.\" \/>\n<meta name=\"robots\" content=\"index, follow, max-snippet:-1, max-image-preview:large, max-video-preview:-1\" \/>\n<link rel=\"canonical\" href=\"https:\/\/dev.invicta.wp19.axome.cc\/pt\/produit\/fogao-a-lenha-ferro-fundido-carolo-zen\/\" \/>\n<meta property=\"og:locale\" content=\"pt_PT\" \/>\n<meta property=\"og:type\" content=\"article\" \/>\n<meta property=\"og:title\" content=\"Fog\u00e3o a lenha de ferro fundido Carolo Zen - Invicta\" \/>\n<meta property=\"og:description\" content=\"Com a sua combina\u00e7\u00e3o de materiais naturais, Carolo Zen adorna o seu interior com uma luz n\u00f3rdica suave, convidando ao relaxamento e bem-estar.\" \/>\n<meta property=\"og:url\" content=\"https:\/\/dev.invicta.wp19.axome.cc\/pt\/produit\/fogao-a-lenha-ferro-fundido-carolo-zen\/\" \/>\n<meta property=\"og:site_name\" content=\"Invicta\" \/>\n<meta property=\"article:modified_time\" content=\"2025-11-26T13:54:45+00:00\" \/>\n<meta property=\"og:image\" content=\"https:\/\/dev.invicta.wp19.axome.cc\/wp-content\/uploads\/2025\/06\/A-P616249-CAROLO-ZEN.jpg\" \/>\n\t<meta property=\"og:image:width\" content=\"714\" \/>\n\t<meta property=\"og:image:height\" content=\"1000\" \/>\n\t<meta property=\"og:image:type\" content=\"image\/jpeg\" \/>\n<meta name=\"twitter:card\" content=\"summary_large_image\" \/>\n<script type=\"application\/ld+json\" class=\"yoast-schema-graph\">{\"@context\":\"https:\/\/schema.org\",\"@graph\":[{\"@type\":\"WebPage\",\"@id\":\"https:\/\/dev.invicta.wp19.axome.cc\/pt\/produit\/fogao-a-lenha-ferro-fundido-carolo-zen\/\",\"url\":\"https:\/\/dev.invicta.wp19.axome.cc\/pt\/produit\/fogao-a-lenha-ferro-fundido-carolo-zen\/\",\"name\":\"Fog\u00e3o a lenha de ferro fundido Carolo Zen - Invicta\",\"isPartOf\":{\"@id\":\"https:\/\/dev.invicta.wp19.axome.cc\/pt\/#website\"},\"primaryImageOfPage\":{\"@id\":\"https:\/\/dev.invicta.wp19.axome.cc\/pt\/produit\/fogao-a-lenha-ferro-fundido-carolo-zen\/#primaryimage\"},\"image\":{\"@id\":\"https:\/\/dev.invicta.wp19.axome.cc\/pt\/produit\/fogao-a-lenha-ferro-fundido-carolo-zen\/#primaryimage\"},\"thumbnailUrl\":\"https:\/\/dev.invicta.wp19.axome.cc\/wp-content\/uploads\/2025\/06\/A-P616249-CAROLO-ZEN.jpg\",\"datePublished\":\"2025-11-26T12:54:43+00:00\",\"dateModified\":\"2025-11-26T13:54:45+00:00\",\"description\":\"Com a sua combina\u00e7\u00e3o de materiais naturais, Carolo Zen adorna o seu interior com uma luz n\u00f3rdica suave, convidando ao relaxamento e bem-estar.\",\"breadcrumb\":{\"@id\":\"https:\/\/dev.invicta.wp19.axome.cc\/pt\/produit\/fogao-a-lenha-ferro-fundido-carolo-zen\/#breadcrumb\"},\"inLanguage\":\"pt-PT\",\"potentialAction\":[{\"@type\":\"ReadAction\",\"target\":[\"https:\/\/dev.invicta.wp19.axome.cc\/pt\/produit\/fogao-a-lenha-ferro-fundido-carolo-zen\/\"]}]},{\"@type\":\"ImageObject\",\"inLanguage\":\"pt-PT\",\"@id\":\"https:\/\/dev.invicta.wp19.axome.cc\/pt\/produit\/fogao-a-lenha-ferro-fundido-carolo-zen\/#primaryimage\",\"url\":\"https:\/\/dev.invicta.wp19.axome.cc\/wp-content\/uploads\/2025\/06\/A-P616249-CAROLO-ZEN.jpg\",\"contentUrl\":\"https:\/\/dev.invicta.wp19.axome.cc\/wp-content\/uploads\/2025\/06\/A-P616249-CAROLO-ZEN.jpg\",\"width\":714,\"height\":1000,\"caption\":\"Po\u00eale \u00e0 bois en fonte Carolo Zen - Raccordable\"},{\"@type\":\"BreadcrumbList\",\"@id\":\"https:\/\/dev.invicta.wp19.axome.cc\/pt\/produit\/fogao-a-lenha-ferro-fundido-carolo-zen\/#breadcrumb\",\"itemListElement\":[{\"@type\":\"ListItem\",\"position\":1,\"name\":\"Home\",\"item\":\"https:\/\/dev.invicta.wp19.axome.cc\/pt\/\"},{\"@type\":\"ListItem\",\"position\":2,\"name\":\"Produtos\",\"item\":\"https:\/\/dev.invicta.wp19.axome.cc\/pt\/shop\/\"},{\"@type\":\"ListItem\",\"position\":3,\"name\":\"Salamandras a lenha\",\"item\":\"https:\/\/dev.invicta.wp19.axome.cc\/pt\/categorie-produit\/salamandras-a-lenha\/\"},{\"@type\":\"ListItem\",\"position\":4,\"name\":\"Salamandras a lenha em ferro fundido ou em a\u00e7o\",\"item\":\"https:\/\/dev.invicta.wp19.axome.cc\/pt\/categorie-produit\/salamandras-a-lenha\/salamandras-a-lenha-em-ferro-fundido-ou-em-aco-salamandras-a-lenha\/\"},{\"@type\":\"ListItem\",\"position\":5,\"name\":\"Fog\u00e3o a lenha de ferro fundido Carolo Zen\"}]},{\"@type\":\"WebSite\",\"@id\":\"https:\/\/dev.invicta.wp19.axome.cc\/pt\/#website\",\"url\":\"https:\/\/dev.invicta.wp19.axome.cc\/pt\/\",\"name\":\"Invicta\",\"description\":\"Fabricant fran\u00e7ais, sp\u00e9cialiste europ\u00e9en du chauffage au bois : po\u00eales \u00e0 bois et \u00e0 granul\u00e9s, chemin\u00e9es, foyers et inserts\",\"publisher\":{\"@id\":\"https:\/\/dev.invicta.wp19.axome.cc\/pt\/#organization\"},\"potentialAction\":[{\"@type\":\"SearchAction\",\"target\":{\"@type\":\"EntryPoint\",\"urlTemplate\":\"https:\/\/dev.invicta.wp19.axome.cc\/pt\/?s={search_term_string}\"},\"query-input\":{\"@type\":\"PropertyValueSpecification\",\"valueRequired\":true,\"valueName\":\"search_term_string\"}}],\"inLanguage\":\"pt-PT\"},{\"@type\":\"Organization\",\"@id\":\"https:\/\/dev.invicta.wp19.axome.cc\/pt\/#organization\",\"name\":\"Invicta\",\"url\":\"https:\/\/dev.invicta.wp19.axome.cc\/pt\/\",\"logo\":{\"@type\":\"ImageObject\",\"inLanguage\":\"pt-PT\",\"@id\":\"https:\/\/dev.invicta.wp19.axome.cc\/pt\/#\/schema\/logo\/image\/\",\"url\":\"https:\/\/www.invicta.fr\/wp-content\/uploads\/2019\/06\/INVICTALOGO_RVB.png\",\"contentUrl\":\"https:\/\/www.invicta.fr\/wp-content\/uploads\/2019\/06\/INVICTALOGO_RVB.png\",\"width\":1810,\"height\":1280,\"caption\":\"Invicta\"},\"image\":{\"@id\":\"https:\/\/dev.invicta.wp19.axome.cc\/pt\/#\/schema\/logo\/image\/\"}}]}<\/script>\n<!-- \/ Yoast SEO plugin. -->","yoast_head_json":{"title":"Fog\u00e3o a lenha de ferro fundido Carolo Zen - Invicta","description":"Com a sua combina\u00e7\u00e3o de materiais naturais, Carolo Zen adorna o seu interior com uma luz n\u00f3rdica suave, convidando ao relaxamento e bem-estar.","robots":{"index":"index","follow":"follow","max-snippet":"max-snippet:-1","max-image-preview":"max-image-preview:large","max-video-preview":"max-video-preview:-1"},"canonical":"https:\/\/dev.invicta.wp19.axome.cc\/pt\/produit\/fogao-a-lenha-ferro-fundido-carolo-zen\/","og_locale":"pt_PT","og_type":"article","og_title":"Fog\u00e3o a lenha de ferro fundido Carolo Zen - Invicta","og_description":"Com a sua combina\u00e7\u00e3o de materiais naturais, Carolo Zen adorna o seu interior com uma luz n\u00f3rdica suave, convidando ao relaxamento e bem-estar.","og_url":"https:\/\/dev.invicta.wp19.axome.cc\/pt\/produit\/fogao-a-lenha-ferro-fundido-carolo-zen\/","og_site_name":"Invicta","article_modified_time":"2025-11-26T13:54:45+00:00","og_image":[{"width":714,"height":1000,"url":"https:\/\/dev.invicta.wp19.axome.cc\/wp-content\/uploads\/2025\/06\/A-P616249-CAROLO-ZEN.jpg","type":"image\/jpeg"}],"twitter_card":"summary_large_image","schema":{"@context":"https:\/\/schema.org","@graph":[{"@type":"WebPage","@id":"https:\/\/dev.invicta.wp19.axome.cc\/pt\/produit\/fogao-a-lenha-ferro-fundido-carolo-zen\/","url":"https:\/\/dev.invicta.wp19.axome.cc\/pt\/produit\/fogao-a-lenha-ferro-fundido-carolo-zen\/","name":"Fog\u00e3o a lenha de ferro fundido Carolo Zen - Invicta","isPartOf":{"@id":"https:\/\/dev.invicta.wp19.axome.cc\/pt\/#website"},"primaryImageOfPage":{"@id":"https:\/\/dev.invicta.wp19.axome.cc\/pt\/produit\/fogao-a-lenha-ferro-fundido-carolo-zen\/#primaryimage"},"image":{"@id":"https:\/\/dev.invicta.wp19.axome.cc\/pt\/produit\/fogao-a-lenha-ferro-fundido-carolo-zen\/#primaryimage"},"thumbnailUrl":"https:\/\/dev.invicta.wp19.axome.cc\/wp-content\/uploads\/2025\/06\/A-P616249-CAROLO-ZEN.jpg","datePublished":"2025-11-26T12:54:43+00:00","dateModified":"2025-11-26T13:54:45+00:00","description":"Com a sua combina\u00e7\u00e3o de materiais naturais, Carolo Zen adorna o seu interior com uma luz n\u00f3rdica suave, convidando ao relaxamento e bem-estar.","breadcrumb":{"@id":"https:\/\/dev.invicta.wp19.axome.cc\/pt\/produit\/fogao-a-lenha-ferro-fundido-carolo-zen\/#breadcrumb"},"inLanguage":"pt-PT","potentialAction":[{"@type":"ReadAction","target":["https:\/\/dev.invicta.wp19.axome.cc\/pt\/produit\/fogao-a-lenha-ferro-fundido-carolo-zen\/"]}]},{"@type":"ImageObject","inLanguage":"pt-PT","@id":"https:\/\/dev.invicta.wp19.axome.cc\/pt\/produit\/fogao-a-lenha-ferro-fundido-carolo-zen\/#primaryimage","url":"https:\/\/dev.invicta.wp19.axome.cc\/wp-content\/uploads\/2025\/06\/A-P616249-CAROLO-ZEN.jpg","contentUrl":"https:\/\/dev.invicta.wp19.axome.cc\/wp-content\/uploads\/2025\/06\/A-P616249-CAROLO-ZEN.jpg","width":714,"height":1000,"caption":"Po\u00eale \u00e0 bois en fonte Carolo Zen - Raccordable"},{"@type":"BreadcrumbList","@id":"https:\/\/dev.invicta.wp19.axome.cc\/pt\/produit\/fogao-a-lenha-ferro-fundido-carolo-zen\/#breadcrumb","itemListElement":[{"@type":"ListItem","position":1,"name":"Home","item":"https:\/\/dev.invicta.wp19.axome.cc\/pt\/"},{"@type":"ListItem","position":2,"name":"Produtos","item":"https:\/\/dev.invicta.wp19.axome.cc\/pt\/shop\/"},{"@type":"ListItem","position":3,"name":"Salamandras a lenha","item":"https:\/\/dev.invicta.wp19.axome.cc\/pt\/categorie-produit\/salamandras-a-lenha\/"},{"@type":"ListItem","position":4,"name":"Salamandras a lenha em ferro fundido ou em a\u00e7o","item":"https:\/\/dev.invicta.wp19.axome.cc\/pt\/categorie-produit\/salamandras-a-lenha\/salamandras-a-lenha-em-ferro-fundido-ou-em-aco-salamandras-a-lenha\/"},{"@type":"ListItem","position":5,"name":"Fog\u00e3o a lenha de ferro fundido Carolo Zen"}]},{"@type":"WebSite","@id":"https:\/\/dev.invicta.wp19.axome.cc\/pt\/#website","url":"https:\/\/dev.invicta.wp19.axome.cc\/pt\/","name":"Invicta","description":"Fabricant fran\u00e7ais, sp\u00e9cialiste europ\u00e9en du chauffage au bois : po\u00eales \u00e0 bois et \u00e0 granul\u00e9s, chemin\u00e9es, foyers et inserts","publisher":{"@id":"https:\/\/dev.invicta.wp19.axome.cc\/pt\/#organization"},"potentialAction":[{"@type":"SearchAction","target":{"@type":"EntryPoint","urlTemplate":"https:\/\/dev.invicta.wp19.axome.cc\/pt\/?s={search_term_string}"},"query-input":{"@type":"PropertyValueSpecification","valueRequired":true,"valueName":"search_term_string"}}],"inLanguage":"pt-PT"},{"@type":"Organization","@id":"https:\/\/dev.invicta.wp19.axome.cc\/pt\/#organization","name":"Invicta","url":"https:\/\/dev.invicta.wp19.axome.cc\/pt\/","logo":{"@type":"ImageObject","inLanguage":"pt-PT","@id":"https:\/\/dev.invicta.wp19.axome.cc\/pt\/#\/schema\/logo\/image\/","url":"https:\/\/www.invicta.fr\/wp-content\/uploads\/2019\/06\/INVICTALOGO_RVB.png","contentUrl":"https:\/\/www.invicta.fr\/wp-content\/uploads\/2019\/06\/INVICTALOGO_RVB.png","width":1810,"height":1280,"caption":"Invicta"},"image":{"@id":"https:\/\/dev.invicta.wp19.axome.cc\/pt\/#\/schema\/logo\/image\/"}}]}},"_links":{"self":[{"href":"https:\/\/dev.invicta.wp19.axome.cc\/pt\/wp-json\/wp\/v2\/product\/69667","targetHints":{"allow":["GET"]}}],"collection":[{"href":"https:\/\/dev.invicta.wp19.axome.cc\/pt\/wp-json\/wp\/v2\/product"}],"about":[{"href":"https:\/\/dev.invicta.wp19.axome.cc\/pt\/wp-json\/wp\/v2\/types\/product"}],"wp:featuredmedia":[{"embeddable":true,"href":"https:\/\/dev.invicta.wp19.axome.cc\/pt\/wp-json\/wp\/v2\/media\/67932"}],"wp:attachment":[{"href":"https:\/\/dev.invicta.wp19.axome.cc\/pt\/wp-json\/wp\/v2\/media?parent=69667"}],"wp:term":[{"taxonomy":"product_brand","embeddable":true,"href":"https:\/\/dev.invicta.wp19.axome.cc\/pt\/wp-json\/wp\/v2\/product_brand?post=69667"},{"taxonomy":"product_cat","embeddable":true,"href":"https:\/\/dev.invicta.wp19.axome.cc\/pt\/wp-json\/wp\/v2\/product_cat?post=69667"},{"taxonomy":"product_tag","embeddable":true,"href":"https:\/\/dev.invicta.wp19.axome.cc\/pt\/wp-json\/wp\/v2\/product_tag?post=69667"},{"taxonomy":"plus_produit","embeddable":true,"href":"https:\/\/dev.invicta.wp19.axome.cc\/pt\/wp-json\/wp\/v2\/plus_produit?post=69667"}],"curies":[{"name":"wp","href":"https:\/\/api.w.org\/{rel}","templated":true}]}}